{"id":3922,"date":"2022-10-24T16:20:10","date_gmt":"2022-10-24T14:20:10","guid":{"rendered":"https:\/\/car-renting.me\/our-cars\/"},"modified":"2022-11-03T23:47:35","modified_gmt":"2022-11-03T22:47:35","slug":"our-cars","status":"publish","type":"page","link":"https:\/\/car-renting.me\/en\/our-cars\/","title":{"rendered":"Our cars"},"content":{"rendered":"<p><div class=\"fusion-fullwidth fullwidth-box fusion-builder-row-1 fusion-flex-container has-pattern-background has-mask-background nonhundred-percent-fullwidth non-hundred-percent-height-scrolling fusion-no-small-visibility\" style=\"--awb-border-radius-top-left:0px;--awb-border-radius-top-right:0px;--awb-border-radius-bottom-right:0px;--awb-border-radius-bottom-left:0px;--awb-padding-top:50px;--awb-padding-bottom:50px;--awb-background-color:var(--awb-color4);--awb-flex-wrap:wrap;\" ><div class=\"fusion-builder-row fusion-row fusion-flex-align-items-flex-start fusion-flex-content-wrap\" style=\"max-width:1393.6px;margin-left: calc(-4% \/ 2 );margin-right: calc(-4% \/ 2 );\"><div class=\"fusion-layout-column fusion_builder_column fusion-builder-column-0 fusion_builder_column_1_1 1_1 fusion-flex-column\" style=\"--awb-bg-size:cover;--awb-width-large:100%;--awb-margin-top-large:0px;--awb-spacing-right-large:1.92%;--awb-margin-bottom-large:20px;--awb-spacing-left-large:1.92%;--awb-width-medium:100%;--awb-order-medium:0;--awb-spacing-right-medium:1.92%;--awb-spacing-left-medium:1.92%;--awb-width-small:100%;--awb-order-small:0;--awb-spacing-right-small:1.92%;--awb-spacing-left-small:1.92%;\"><div class=\"fusion-column-wrapper fusion-column-has-shadow fusion-flex-justify-content-flex-start fusion-content-layout-column\"><div class=\"fusion-text fusion-text-1\"><h1 style=\"text-align: center;\"><span style=\"color: #ffffff;\">Our cars<\/span><\/h1>\n<\/div><\/div><\/div><\/div><\/div><div class=\"fusion-fullwidth fullwidth-box fusion-builder-row-2 fusion-flex-container has-pattern-background has-mask-background nonhundred-percent-fullwidth non-hundred-percent-height-scrolling fusion-no-medium-visibility fusion-no-large-visibility\" style=\"--awb-border-radius-top-left:0px;--awb-border-radius-top-right:0px;--awb-border-radius-bottom-right:0px;--awb-border-radius-bottom-left:0px;--awb-padding-top:50px;--awb-background-color:var(--awb-color4);--awb-flex-wrap:wrap;\" ><div class=\"fusion-builder-row fusion-row fusion-flex-align-items-flex-start fusion-flex-content-wrap\" style=\"max-width:1393.6px;margin-left: calc(-4% \/ 2 );margin-right: calc(-4% \/ 2 );\"><div class=\"fusion-layout-column fusion_builder_column fusion-builder-column-1 fusion_builder_column_1_1 1_1 fusion-flex-column\" style=\"--awb-bg-size:cover;--awb-width-large:100%;--awb-margin-top-large:0px;--awb-spacing-right-large:1.92%;--awb-margin-bottom-large:20px;--awb-spacing-left-large:1.92%;--awb-width-medium:100%;--awb-order-medium:0;--awb-spacing-right-medium:1.92%;--awb-spacing-left-medium:1.92%;--awb-width-small:100%;--awb-order-small:0;--awb-spacing-right-small:1.92%;--awb-spacing-left-small:1.92%;\"><div class=\"fusion-column-wrapper fusion-column-has-shadow fusion-flex-justify-content-flex-start fusion-content-layout-column\"><div class=\"fusion-text fusion-text-2\"><h2 style=\"text-align: center;\"><span style=\"color: #ffffff;\">Our cars<\/span><\/h2>\n<\/div><\/div><\/div><\/div><\/div><div class=\"fusion-fullwidth fullwidth-box fusion-builder-row-3 fusion-flex-container has-pattern-background has-mask-background nonhundred-percent-fullwidth non-hundred-percent-height-scrolling fusion-no-small-visibility\" style=\"--awb-border-radius-top-left:0px;--awb-border-radius-top-right:0px;--awb-border-radius-bottom-right:0px;--awb-border-radius-bottom-left:0px;--awb-padding-top:40px;--awb-padding-bottom:60px;--awb-flex-wrap:wrap;\" ><div class=\"fusion-builder-row fusion-row fusion-flex-align-items-flex-start fusion-flex-content-wrap\" style=\"max-width:1393.6px;margin-left: calc(-4% \/ 2 );margin-right: calc(-4% \/ 2 );\"><div class=\"fusion-layout-column fusion_builder_column fusion-builder-column-2 fusion_builder_column_1_1 1_1 fusion-flex-column\" style=\"--awb-bg-size:cover;--awb-width-large:100%;--awb-margin-top-large:0px;--awb-spacing-right-large:1.92%;--awb-margin-bottom-large:20px;--awb-spacing-left-large:1.92%;--awb-width-medium:100%;--awb-order-medium:0;--awb-spacing-right-medium:1.92%;--awb-spacing-left-medium:1.92%;--awb-width-small:100%;--awb-order-small:0;--awb-spacing-right-small:1.92%;--awb-spacing-left-small:1.92%;\"><div class=\"fusion-column-wrapper fusion-column-has-shadow fusion-flex-justify-content-flex-start fusion-content-layout-column\"><div class=\"fusion-text fusion-text-3\"><h3 style=\"text-align: center;\">Here now an overview of our cars available for car rental in Montenegro. Take a look around. We will be expanding our fleet every now and then, so feel free to check back from time to time to see what&#8217;s new with us at Montenegro Car Rental!<\/h3>\n<\/div><\/div><\/div><\/div><\/div><div class=\"fusion-fullwidth fullwidth-box fusion-builder-row-4 fusion-flex-container has-pattern-background has-mask-background nonhundred-percent-fullwidth non-hundred-percent-height-scrolling fusion-no-small-visibility\" style=\"--awb-border-radius-top-left:0px;--awb-border-radius-top-right:0px;--awb-border-radius-bottom-right:0px;--awb-border-radius-bottom-left:0px;--awb-padding-top:110px;--awb-padding-bottom:20px;--awb-margin-bottom:100px;--awb-background-color:var(--awb-color2);--awb-flex-wrap:wrap;\" ><div class=\"fusion-builder-row fusion-row fusion-flex-align-items-flex-start fusion-flex-content-wrap\" style=\"max-width:calc( 1340px + 0px );margin-left: calc(-0px \/ 2 );margin-right: calc(-0px \/ 2 );\"><div class=\"fusion-layout-column fusion_builder_column fusion-builder-column-3 fusion_builder_column_1_1 1_1 fusion-flex-column\" style=\"--awb-bg-size:cover;--awb-width-large:100%;--awb-margin-top-large:0px;--awb-spacing-right-large:0px;--awb-margin-bottom-large:20px;--awb-spacing-left-large:0px;--awb-width-medium:100%;--awb-order-medium:0;--awb-spacing-right-medium:0px;--awb-spacing-left-medium:0px;--awb-width-small:100%;--awb-order-small:0;--awb-spacing-right-small:0px;--awb-spacing-left-small:0px;\"><div class=\"fusion-column-wrapper fusion-column-has-shadow fusion-flex-justify-content-flex-start fusion-content-layout-column\"><div class=\"fusion-text fusion-text-4\"><h1 style=\"text-align: center;\">Our Services<\/h1>\n<\/div><div class=\"fusion-separator\" style=\"align-self: center;margin-left: auto;margin-right: auto;margin-bottom:80px;width:100%;max-width:200px;\"><div class=\"fusion-separator-border sep-single sep-solid\" style=\"--awb-height:20px;--awb-amount:20px;--awb-sep-color:var(--awb-color4);border-color:var(--awb-color4);border-top-width:2px;\"><\/div><\/div><\/div><\/div><div class=\"fusion-layout-column fusion_builder_column fusion-builder-column-4 fusion_builder_column_1_3 1_3 fusion-flex-column\" style=\"--awb-padding-right:40px;--awb-bg-size:cover;--awb-width-large:33.333333333333%;--awb-margin-top-large:0px;--awb-spacing-right-large:0px;--awb-margin-bottom-large:0px;--awb-spacing-left-large:0px;--awb-width-medium:50%;--awb-order-medium:0;--awb-spacing-right-medium:0px;--awb-spacing-left-medium:0px;--awb-width-small:100%;--awb-order-small:0;--awb-spacing-right-small:0px;--awb-spacing-left-small:0px;\"><div class=\"fusion-column-wrapper fusion-column-has-shadow fusion-flex-justify-content-flex-start fusion-content-layout-column\"><div class=\"fusion-content-boxes content-boxes columns row fusion-columns-1 fusion-columns-total-1 fusion-content-boxes-1 content-boxes-icon-on-side content-left\" style=\"--awb-iconcolor:var(--awb-color1);--awb-hover-accent-color:var(--awb-color5);--awb-circle-hover-accent-color:var(--awb-color5);--awb-item-margin-bottom:40px;\" data-animationOffset=\"top-into-view\"><div style=\"--awb-backgroundcolor:hsla(var(--awb-color1-h),var(--awb-color1-s),var(--awb-color1-l),calc(var(--awb-color1-a) - 100%));--awb-iconcolor:var(--awb-color1);--awb-content-padding-left:120px;\" class=\"fusion-column content-box-column content-box-column content-box-column-1 col-lg-12 col-md-12 col-sm-12 fusion-content-box-hover content-box-column-last content-box-column-last-in-row\"><div class=\"col content-box-wrapper content-wrapper link-area-link-icon icon-hover-animation-fade\" data-animationOffset=\"top-into-view\"><div class=\"heading heading-with-icon icon-left\"><div class=\"icon\"><i style=\"border-color:var(--awb-color8);border-width:0px;background-color:var(--awb-color4);box-sizing:content-box;height:100px;width:100px;line-height:100px;border-radius:50%;font-size:50px;\" aria-hidden=\"true\" class=\"fontawesome-icon awb-cardealership-car-side-solid circle-yes\"><\/i><\/div><h4 class=\"content-box-heading\" style=\"--h4_typography-font-size:24px;line-height:29px;padding-left:120px;\">Diversity<\/h4><\/div><div class=\"fusion-clearfix\"><\/div><div class=\"content-container\">\n<p>We offer cars from small to large, for the terrain or the city, from slow to fast.<\/p>\n<\/div><\/div><\/div><div class=\"fusion-clearfix\"><\/div><\/div><\/div><\/div><div class=\"fusion-layout-column fusion_builder_column fusion-builder-column-5 fusion_builder_column_1_3 1_3 fusion-flex-column\" style=\"--awb-padding-right:30px;--awb-bg-size:cover;--awb-width-large:33.333333333333%;--awb-margin-top-large:0px;--awb-spacing-right-large:0px;--awb-margin-bottom-large:0px;--awb-spacing-left-large:0px;--awb-width-medium:50%;--awb-order-medium:0;--awb-spacing-right-medium:0px;--awb-spacing-left-medium:0px;--awb-width-small:100%;--awb-order-small:0;--awb-spacing-right-small:0px;--awb-spacing-left-small:0px;\"><div class=\"fusion-column-wrapper fusion-column-has-shadow fusion-flex-justify-content-flex-start fusion-content-layout-column\"><div class=\"fusion-content-boxes content-boxes columns row fusion-columns-1 fusion-columns-total-1 fusion-content-boxes-2 content-boxes-icon-on-side content-left\" style=\"--awb-iconcolor:var(--awb-color1);--awb-hover-accent-color:var(--awb-color5);--awb-circle-hover-accent-color:var(--awb-color5);--awb-item-margin-bottom:40px;\" data-animationOffset=\"top-into-view\"><div style=\"--awb-backgroundcolor:hsla(var(--awb-color1-h),var(--awb-color1-s),var(--awb-color1-l),calc(var(--awb-color1-a) - 100%));--awb-iconcolor:var(--awb-color1);--awb-content-padding-left:120px;\" class=\"fusion-column content-box-column content-box-column content-box-column-1 col-lg-12 col-md-12 col-sm-12 fusion-content-box-hover content-box-column-last content-box-column-last-in-row\"><div class=\"col content-box-wrapper content-wrapper link-area-link-icon icon-hover-animation-fade\" data-animationOffset=\"top-into-view\"><div class=\"heading heading-with-icon icon-left\"><div class=\"icon\"><i style=\"border-color:var(--awb-color8);border-width:0px;background-color:var(--awb-color4);box-sizing:content-box;height:100px;width:100px;line-height:100px;border-radius:50%;font-size:50px;\" aria-hidden=\"true\" class=\"fontawesome-icon fa-euro-sign fas circle-yes\"><\/i><\/div><h4 class=\"content-box-heading\" style=\"--h4_typography-font-size:24px;line-height:29px;padding-left:120px;\">Without credit card<\/h4><\/div><div class=\"fusion-clearfix\"><\/div><div class=\"content-container\">\n<p>With us you can rent a car without credit card &#8211; cash paid.<\/p>\n<\/div><\/div><\/div><div class=\"fusion-clearfix\"><\/div><\/div><\/div><\/div><div class=\"fusion-layout-column fusion_builder_column fusion-builder-column-6 fusion_builder_column_1_3 1_3 fusion-flex-column\" style=\"--awb-padding-right:30px;--awb-bg-size:cover;--awb-width-large:33.333333333333%;--awb-margin-top-large:0px;--awb-spacing-right-large:0px;--awb-margin-bottom-large:0px;--awb-spacing-left-large:0px;--awb-width-medium:50%;--awb-order-medium:0;--awb-spacing-right-medium:0px;--awb-spacing-left-medium:0px;--awb-width-small:100%;--awb-order-small:0;--awb-spacing-right-small:0px;--awb-spacing-left-small:0px;\"><div class=\"fusion-column-wrapper fusion-column-has-shadow fusion-flex-justify-content-flex-start fusion-content-layout-column\"><div class=\"fusion-content-boxes content-boxes columns row fusion-columns-1 fusion-columns-total-1 fusion-content-boxes-3 content-boxes-icon-on-side content-left\" style=\"--awb-iconcolor:var(--awb-color1);--awb-hover-accent-color:var(--awb-color5);--awb-circle-hover-accent-color:var(--awb-color5);--awb-item-margin-bottom:40px;\" data-animationOffset=\"top-into-view\"><div style=\"--awb-backgroundcolor:hsla(var(--awb-color1-h),var(--awb-color1-s),var(--awb-color1-l),calc(var(--awb-color1-a) - 100%));--awb-iconcolor:var(--awb-color1);--awb-content-padding-left:120px;\" class=\"fusion-column content-box-column content-box-column content-box-column-1 col-lg-12 col-md-12 col-sm-12 fusion-content-box-hover content-box-column-last content-box-column-last-in-row\"><div class=\"col content-box-wrapper content-wrapper link-area-link-icon icon-hover-animation-fade\" data-animationOffset=\"top-into-view\"><div class=\"heading heading-with-icon icon-left\"><div class=\"icon\"><i style=\"border-color:var(--awb-color8);border-width:0px;background-color:var(--awb-color4);box-sizing:content-box;height:100px;width:100px;line-height:100px;border-radius:50%;font-size:50px;\" aria-hidden=\"true\" class=\"fontawesome-icon awb-cardealership-map-marked-solid circle-yes\"><\/i><\/div><h4 class=\"content-box-heading\" style=\"--h4_typography-font-size:24px;line-height:29px;padding-left:120px;\">Unlimited kilometers<\/h4><\/div><div class=\"fusion-clearfix\"><\/div><div class=\"content-container\">\n<p>You can ride as many kilometers as you like &#8211; there is no limit with us!<\/p>\n<\/div><\/div><\/div><div class=\"fusion-clearfix\"><\/div><\/div><\/div><\/div><div class=\"fusion-layout-column fusion_builder_column fusion-builder-column-7 fusion_builder_column_1_3 1_3 fusion-flex-column\" style=\"--awb-bg-size:cover;--awb-width-large:33.333333333333%;--awb-margin-top-large:0px;--awb-spacing-right-large:0px;--awb-margin-bottom-large:20px;--awb-spacing-left-large:0px;--awb-width-medium:33.333333333333%;--awb-order-medium:0;--awb-spacing-right-medium:0px;--awb-spacing-left-medium:0px;--awb-width-small:100%;--awb-order-small:0;--awb-spacing-right-small:0px;--awb-spacing-left-small:0px;\"><div class=\"fusion-column-wrapper fusion-column-has-shadow fusion-flex-justify-content-flex-start fusion-content-layout-column\"><div class=\"fusion-content-boxes content-boxes columns row fusion-columns-1 fusion-columns-total-1 fusion-content-boxes-4 content-boxes-icon-on-side content-left\" style=\"--awb-iconcolor:var(--awb-color1);--awb-hover-accent-color:var(--awb-color5);--awb-circle-hover-accent-color:var(--awb-color5);--awb-item-margin-bottom:40px;\" data-animationOffset=\"top-into-view\"><div style=\"--awb-backgroundcolor:hsla(var(--awb-color1-h),var(--awb-color1-s),var(--awb-color1-l),calc(var(--awb-color1-a) - 100%));--awb-iconcolor:var(--awb-color1);--awb-content-padding-left:120px;\" class=\"fusion-column content-box-column content-box-column content-box-column-1 col-lg-12 col-md-12 col-sm-12 fusion-content-box-hover content-box-column-last content-box-column-last-in-row\"><div class=\"col content-box-wrapper content-wrapper link-area-link-icon icon-hover-animation-fade\" data-animationOffset=\"top-into-view\"><div class=\"heading heading-with-icon icon-left\"><div class=\"icon\"><i style=\"border-color:var(--awb-color8);border-width:0px;background-color:var(--awb-color4);box-sizing:content-box;height:100px;width:100px;line-height:100px;border-radius:50%;font-size:50px;\" aria-hidden=\"true\" class=\"fontawesome-icon fa-baby-carriage fas circle-yes\"><\/i><\/div><h4 class=\"content-box-heading\" style=\"--h4_typography-font-size:24px;line-height:29px;padding-left:120px;\">Child seats<\/h4><\/div><div class=\"fusion-clearfix\"><\/div><div class=\"content-container\">\n<p>Child seats for children of all ages are provided free of charge.<\/p>\n<\/div><\/div><\/div><div class=\"fusion-clearfix\"><\/div><\/div><\/div><\/div><div class=\"fusion-layout-column fusion_builder_column fusion-builder-column-8 fusion_builder_column_1_3 1_3 fusion-flex-column\" style=\"--awb-bg-size:cover;--awb-width-large:33.333333333333%;--awb-margin-top-large:0px;--awb-spacing-right-large:0px;--awb-margin-bottom-large:20px;--awb-spacing-left-large:0px;--awb-width-medium:33.333333333333%;--awb-order-medium:0;--awb-spacing-right-medium:0px;--awb-spacing-left-medium:0px;--awb-width-small:100%;--awb-order-small:0;--awb-spacing-right-small:0px;--awb-spacing-left-small:0px;\"><div class=\"fusion-column-wrapper fusion-column-has-shadow fusion-flex-justify-content-flex-start fusion-content-layout-column\"><div class=\"fusion-content-boxes content-boxes columns row fusion-columns-1 fusion-columns-total-1 fusion-content-boxes-5 content-boxes-icon-on-side content-left\" style=\"--awb-iconcolor:var(--awb-color1);--awb-hover-accent-color:var(--awb-color5);--awb-circle-hover-accent-color:var(--awb-color5);--awb-item-margin-bottom:40px;\" data-animationOffset=\"top-into-view\"><div style=\"--awb-backgroundcolor:hsla(var(--awb-color1-h),var(--awb-color1-s),var(--awb-color1-l),calc(var(--awb-color1-a) - 100%));--awb-iconcolor:var(--awb-color1);--awb-content-padding-left:120px;\" class=\"fusion-column content-box-column content-box-column content-box-column-1 col-lg-12 col-md-12 col-sm-12 fusion-content-box-hover content-box-column-last content-box-column-last-in-row\"><div class=\"col content-box-wrapper content-wrapper link-area-link-icon icon-hover-animation-fade\" data-animationOffset=\"top-into-view\"><div class=\"heading heading-with-icon icon-left\"><div class=\"icon\"><i style=\"border-color:var(--awb-color8);border-width:0px;background-color:var(--awb-color4);box-sizing:content-box;height:100px;width:100px;line-height:100px;border-radius:50%;font-size:50px;\" aria-hidden=\"true\" class=\"fontawesome-icon fa-plane-departure fas circle-yes\"><\/i><\/div><h4 class=\"content-box-heading\" style=\"--h4_typography-font-size:24px;line-height:29px;padding-left:120px;\">Airport transfer<\/h4><\/div><div class=\"fusion-clearfix\"><\/div><div class=\"content-container\">\n<p>We provide airport transfer to the airports in Podgorica and Tivat.<\/p>\n<\/div><\/div><\/div><div class=\"fusion-clearfix\"><\/div><\/div><\/div><\/div><div class=\"fusion-layout-column fusion_builder_column fusion-builder-column-9 fusion_builder_column_1_3 1_3 fusion-flex-column\" style=\"--awb-bg-size:cover;--awb-width-large:33.333333333333%;--awb-margin-top-large:0px;--awb-spacing-right-large:0px;--awb-margin-bottom-large:20px;--awb-spacing-left-large:0px;--awb-width-medium:33.333333333333%;--awb-order-medium:0;--awb-spacing-right-medium:0px;--awb-spacing-left-medium:0px;--awb-width-small:100%;--awb-order-small:0;--awb-spacing-right-small:0px;--awb-spacing-left-small:0px;\"><div class=\"fusion-column-wrapper fusion-column-has-shadow fusion-flex-justify-content-flex-start fusion-content-layout-column\"><div class=\"fusion-content-boxes content-boxes columns row fusion-columns-1 fusion-columns-total-1 fusion-content-boxes-6 content-boxes-icon-on-side content-left\" style=\"--awb-iconcolor:var(--awb-color1);--awb-hover-accent-color:var(--awb-color5);--awb-circle-hover-accent-color:var(--awb-color5);--awb-item-margin-bottom:40px;\" data-animationOffset=\"top-into-view\"><div style=\"--awb-backgroundcolor:hsla(var(--awb-color1-h),var(--awb-color1-s),var(--awb-color1-l),calc(var(--awb-color1-a) - 100%));--awb-iconcolor:var(--awb-color1);--awb-content-padding-left:120px;\" class=\"fusion-column content-box-column content-box-column content-box-column-1 col-lg-12 col-md-12 col-sm-12 fusion-content-box-hover content-box-column-last content-box-column-last-in-row\"><div class=\"col content-box-wrapper content-wrapper link-area-link-icon icon-hover-animation-fade\" data-animationOffset=\"top-into-view\"><div class=\"heading heading-with-icon icon-left\"><div class=\"icon\"><i style=\"border-color:var(--awb-color8);border-width:0px;background-color:var(--awb-color4);box-sizing:content-box;height:100px;width:100px;line-height:100px;border-radius:50%;font-size:50px;\" aria-hidden=\"true\" class=\"fontawesome-icon fa-globe-americas fas circle-yes\"><\/i><\/div><h4 class=\"content-box-heading\" style=\"--h4_typography-font-size:24px;line-height:29px;padding-left:120px;\">Travel abroad<\/h4><\/div><div class=\"fusion-clearfix\"><\/div><div class=\"content-container\">\n<p>Travel abroad (Albania, Serbia, Kosovo, Croatia, Bosnia-Herzegovina) is allowed with us after consultation.<\/p>\n<\/div><\/div><\/div><div class=\"fusion-clearfix\"><\/div><\/div><\/div><\/div><\/div><\/div><div class=\"fusion-fullwidth fullwidth-box fusion-builder-row-5 fusion-flex-container has-pattern-background has-mask-background nonhundred-percent-fullwidth non-hundred-percent-height-scrolling fusion-no-medium-visibility fusion-no-large-visibility\" style=\"--awb-border-radius-top-left:0px;--awb-border-radius-top-right:0px;--awb-border-radius-bottom-right:0px;--awb-border-radius-bottom-left:0px;--awb-padding-top:40px;--awb-padding-bottom:60px;--awb-flex-wrap:wrap;\" ><div class=\"fusion-builder-row fusion-row fusion-flex-align-items-flex-start fusion-flex-content-wrap\" style=\"max-width:1393.6px;margin-left: calc(-4% \/ 2 );margin-right: calc(-4% \/ 2 );\"><div class=\"fusion-layout-column fusion_builder_column fusion-builder-column-10 fusion_builder_column_1_1 1_1 fusion-flex-column\" style=\"--awb-bg-size:cover;--awb-width-large:100%;--awb-margin-top-large:0px;--awb-spacing-right-large:1.92%;--awb-margin-bottom-large:20px;--awb-spacing-left-large:1.92%;--awb-width-medium:100%;--awb-order-medium:0;--awb-spacing-right-medium:1.92%;--awb-spacing-left-medium:1.92%;--awb-width-small:100%;--awb-order-small:0;--awb-spacing-right-small:1.92%;--awb-spacing-left-small:1.92%;\"><div class=\"fusion-column-wrapper fusion-column-has-shadow fusion-flex-justify-content-flex-start fusion-content-layout-column\"><div class=\"fusion-text fusion-text-5\"><h4 style=\"text-align: center;\">Here now an overview of our cars available for car rental in Montenegro. Take a look around. We will be expanding our fleet every now and then, so feel free to check back from time to time to see what&#8217;s new with us at Montenegro Car Rental!<\/h4>\n<\/div><\/div><\/div><\/div><\/div><div class=\"fusion-fullwidth fullwidth-box fusion-builder-row-6 fusion-flex-container has-pattern-background has-mask-background nonhundred-percent-fullwidth non-hundred-percent-height-scrolling fusion-no-medium-visibility fusion-no-large-visibility\" style=\"--awb-border-radius-top-left:0px;--awb-border-radius-top-right:0px;--awb-border-radius-bottom-right:0px;--awb-border-radius-bottom-left:0px;--awb-padding-top:110px;--awb-padding-bottom:20px;--awb-margin-bottom:100px;--awb-background-color:var(--awb-color2);--awb-flex-wrap:wrap;\" ><div class=\"fusion-builder-row fusion-row fusion-flex-align-items-flex-start fusion-flex-content-wrap\" style=\"max-width:calc( 1340px + 0px );margin-left: calc(-0px \/ 2 );margin-right: calc(-0px \/ 2 );\"><div class=\"fusion-layout-column fusion_builder_column fusion-builder-column-11 fusion_builder_column_1_1 1_1 fusion-flex-column\" style=\"--awb-bg-size:cover;--awb-width-large:100%;--awb-margin-top-large:0px;--awb-spacing-right-large:0px;--awb-margin-bottom-large:20px;--awb-spacing-left-large:0px;--awb-width-medium:100%;--awb-order-medium:0;--awb-spacing-right-medium:0px;--awb-spacing-left-medium:0px;--awb-width-small:100%;--awb-order-small:0;--awb-spacing-right-small:0px;--awb-spacing-left-small:0px;\"><div class=\"fusion-column-wrapper fusion-column-has-shadow fusion-flex-justify-content-flex-start fusion-content-layout-column\"><div class=\"fusion-text fusion-text-6\"><h2 style=\"text-align: center;\">Our<br \/>\nServices<\/h2>\n<\/div><div class=\"fusion-separator\" style=\"align-self: center;margin-left: auto;margin-right: auto;margin-bottom:80px;width:100%;max-width:200px;\"><div class=\"fusion-separator-border sep-single sep-solid\" style=\"--awb-height:20px;--awb-amount:20px;--awb-sep-color:var(--awb-color4);border-color:var(--awb-color4);border-top-width:2px;\"><\/div><\/div><\/div><\/div><div class=\"fusion-layout-column fusion_builder_column fusion-builder-column-12 fusion_builder_column_1_3 1_3 fusion-flex-column\" style=\"--awb-padding-right:40px;--awb-bg-size:cover;--awb-width-large:33.333333333333%;--awb-margin-top-large:0px;--awb-spacing-right-large:0px;--awb-margin-bottom-large:0px;--awb-spacing-left-large:0px;--awb-width-medium:50%;--awb-order-medium:0;--awb-spacing-right-medium:0px;--awb-spacing-left-medium:0px;--awb-width-small:100%;--awb-order-small:0;--awb-spacing-right-small:0px;--awb-spacing-left-small:0px;\"><div class=\"fusion-column-wrapper fusion-column-has-shadow fusion-flex-justify-content-flex-start fusion-content-layout-column\"><div class=\"fusion-content-boxes content-boxes columns row fusion-columns-1 fusion-columns-total-1 fusion-content-boxes-7 content-boxes-icon-on-side content-left\" style=\"--awb-iconcolor:var(--awb-color1);--awb-hover-accent-color:var(--awb-color5);--awb-circle-hover-accent-color:var(--awb-color5);--awb-item-margin-bottom:40px;\" data-animationOffset=\"top-into-view\"><div style=\"--awb-backgroundcolor:hsla(var(--awb-color1-h),var(--awb-color1-s),var(--awb-color1-l),calc(var(--awb-color1-a) - 100%));--awb-iconcolor:var(--awb-color1);--awb-content-padding-left:120px;\" class=\"fusion-column content-box-column content-box-column content-box-column-1 col-lg-12 col-md-12 col-sm-12 fusion-content-box-hover content-box-column-last content-box-column-last-in-row\"><div class=\"col content-box-wrapper content-wrapper link-area-link-icon icon-hover-animation-fade\" data-animationOffset=\"top-into-view\"><div class=\"heading heading-with-icon icon-left\"><div class=\"icon\"><i style=\"border-color:var(--awb-color8);border-width:0px;background-color:var(--awb-color4);box-sizing:content-box;height:100px;width:100px;line-height:100px;border-radius:50%;font-size:50px;\" aria-hidden=\"true\" class=\"fontawesome-icon awb-cardealership-car-side-solid circle-yes\"><\/i><\/div><h4 class=\"content-box-heading\" style=\"--h4_typography-font-size:24px;line-height:29px;padding-left:120px;\">Diversity<\/h4><\/div><div class=\"fusion-clearfix\"><\/div><div class=\"content-container\">\n<p>We offer cars from small to large, for the terrain or the city, from slow to fast.<\/p>\n<\/div><\/div><\/div><div class=\"fusion-clearfix\"><\/div><\/div><\/div><\/div><div class=\"fusion-layout-column fusion_builder_column fusion-builder-column-13 fusion_builder_column_1_3 1_3 fusion-flex-column\" style=\"--awb-padding-right:30px;--awb-bg-size:cover;--awb-width-large:33.333333333333%;--awb-margin-top-large:0px;--awb-spacing-right-large:0px;--awb-margin-bottom-large:0px;--awb-spacing-left-large:0px;--awb-width-medium:50%;--awb-order-medium:0;--awb-spacing-right-medium:0px;--awb-spacing-left-medium:0px;--awb-width-small:100%;--awb-order-small:0;--awb-spacing-right-small:0px;--awb-spacing-left-small:0px;\"><div class=\"fusion-column-wrapper fusion-column-has-shadow fusion-flex-justify-content-flex-start fusion-content-layout-column\"><div class=\"fusion-content-boxes content-boxes columns row fusion-columns-1 fusion-columns-total-1 fusion-content-boxes-8 content-boxes-icon-on-side content-left\" style=\"--awb-iconcolor:var(--awb-color1);--awb-hover-accent-color:var(--awb-color5);--awb-circle-hover-accent-color:var(--awb-color5);--awb-item-margin-bottom:40px;\" data-animationOffset=\"top-into-view\"><div style=\"--awb-backgroundcolor:hsla(var(--awb-color1-h),var(--awb-color1-s),var(--awb-color1-l),calc(var(--awb-color1-a) - 100%));--awb-iconcolor:var(--awb-color1);--awb-content-padding-left:120px;\" class=\"fusion-column content-box-column content-box-column content-box-column-1 col-lg-12 col-md-12 col-sm-12 fusion-content-box-hover content-box-column-last content-box-column-last-in-row\"><div class=\"col content-box-wrapper content-wrapper link-area-link-icon icon-hover-animation-fade\" data-animationOffset=\"top-into-view\"><div class=\"heading heading-with-icon icon-left\"><div class=\"icon\"><i style=\"border-color:var(--awb-color8);border-width:0px;background-color:var(--awb-color4);box-sizing:content-box;height:100px;width:100px;line-height:100px;border-radius:50%;font-size:50px;\" aria-hidden=\"true\" class=\"fontawesome-icon fa-euro-sign fas circle-yes\"><\/i><\/div><h4 class=\"content-box-heading\" style=\"--h4_typography-font-size:24px;line-height:29px;padding-left:120px;\">Without credit card<\/h4><\/div><div class=\"fusion-clearfix\"><\/div><div class=\"content-container\">\n<p>With us you can rent a car without credit card &#8211; cash paid.<\/p>\n<\/div><\/div><\/div><div class=\"fusion-clearfix\"><\/div><\/div><\/div><\/div><div class=\"fusion-layout-column fusion_builder_column fusion-builder-column-14 fusion_builder_column_1_3 1_3 fusion-flex-column\" style=\"--awb-padding-right:30px;--awb-bg-size:cover;--awb-width-large:33.333333333333%;--awb-margin-top-large:0px;--awb-spacing-right-large:0px;--awb-margin-bottom-large:0px;--awb-spacing-left-large:0px;--awb-width-medium:50%;--awb-order-medium:0;--awb-spacing-right-medium:0px;--awb-spacing-left-medium:0px;--awb-width-small:100%;--awb-order-small:0;--awb-spacing-right-small:0px;--awb-spacing-left-small:0px;\"><div class=\"fusion-column-wrapper fusion-column-has-shadow fusion-flex-justify-content-flex-start fusion-content-layout-column\"><div class=\"fusion-content-boxes content-boxes columns row fusion-columns-1 fusion-columns-total-1 fusion-content-boxes-9 content-boxes-icon-on-side content-left\" style=\"--awb-iconcolor:var(--awb-color1);--awb-hover-accent-color:var(--awb-color5);--awb-circle-hover-accent-color:var(--awb-color5);--awb-item-margin-bottom:40px;\" data-animationOffset=\"top-into-view\"><div style=\"--awb-backgroundcolor:hsla(var(--awb-color1-h),var(--awb-color1-s),var(--awb-color1-l),calc(var(--awb-color1-a) - 100%));--awb-iconcolor:var(--awb-color1);--awb-content-padding-left:120px;\" class=\"fusion-column content-box-column content-box-column content-box-column-1 col-lg-12 col-md-12 col-sm-12 fusion-content-box-hover content-box-column-last content-box-column-last-in-row\"><div class=\"col content-box-wrapper content-wrapper link-area-link-icon icon-hover-animation-fade\" data-animationOffset=\"top-into-view\"><div class=\"heading heading-with-icon icon-left\"><div class=\"icon\"><i style=\"border-color:var(--awb-color8);border-width:0px;background-color:var(--awb-color4);box-sizing:content-box;height:100px;width:100px;line-height:100px;border-radius:50%;font-size:50px;\" aria-hidden=\"true\" class=\"fontawesome-icon awb-cardealership-map-marked-solid circle-yes\"><\/i><\/div><h4 class=\"content-box-heading\" style=\"--h4_typography-font-size:24px;line-height:29px;padding-left:120px;\">Unlimited kilometers<\/h4><\/div><div class=\"fusion-clearfix\"><\/div><div class=\"content-container\">\n<p>You can ride as many kilometers as you like &#8211; there is no limit with us!<\/p>\n<\/div><\/div><\/div><div class=\"fusion-clearfix\"><\/div><\/div><\/div><\/div><div class=\"fusion-layout-column fusion_builder_column fusion-builder-column-15 fusion_builder_column_1_3 1_3 fusion-flex-column\" style=\"--awb-bg-size:cover;--awb-width-large:33.333333333333%;--awb-margin-top-large:0px;--awb-spacing-right-large:0px;--awb-margin-bottom-large:20px;--awb-spacing-left-large:0px;--awb-width-medium:33.333333333333%;--awb-order-medium:0;--awb-spacing-right-medium:0px;--awb-spacing-left-medium:0px;--awb-width-small:100%;--awb-order-small:0;--awb-spacing-right-small:0px;--awb-spacing-left-small:0px;\"><div class=\"fusion-column-wrapper fusion-column-has-shadow fusion-flex-justify-content-flex-start fusion-content-layout-column\"><div class=\"fusion-content-boxes content-boxes columns row fusion-columns-1 fusion-columns-total-1 fusion-content-boxes-10 content-boxes-icon-on-side content-left\" style=\"--awb-iconcolor:var(--awb-color1);--awb-hover-accent-color:var(--awb-color5);--awb-circle-hover-accent-color:var(--awb-color5);--awb-item-margin-bottom:40px;\" data-animationOffset=\"top-into-view\"><div style=\"--awb-backgroundcolor:hsla(var(--awb-color1-h),var(--awb-color1-s),var(--awb-color1-l),calc(var(--awb-color1-a) - 100%));--awb-iconcolor:var(--awb-color1);--awb-content-padding-left:120px;\" class=\"fusion-column content-box-column content-box-column content-box-column-1 col-lg-12 col-md-12 col-sm-12 fusion-content-box-hover content-box-column-last content-box-column-last-in-row\"><div class=\"col content-box-wrapper content-wrapper link-area-link-icon icon-hover-animation-fade\" data-animationOffset=\"top-into-view\"><div class=\"heading heading-with-icon icon-left\"><div class=\"icon\"><i style=\"border-color:var(--awb-color8);border-width:0px;background-color:var(--awb-color4);box-sizing:content-box;height:100px;width:100px;line-height:100px;border-radius:50%;font-size:50px;\" aria-hidden=\"true\" class=\"fontawesome-icon fa-baby-carriage fas circle-yes\"><\/i><\/div><h4 class=\"content-box-heading\" style=\"--h4_typography-font-size:24px;line-height:29px;padding-left:120px;\">Child seats<\/h4><\/div><div class=\"fusion-clearfix\"><\/div><div class=\"content-container\">\n<p>Child seats for children of all ages are provided free of charge.<\/p>\n<\/div><\/div><\/div><div class=\"fusion-clearfix\"><\/div><\/div><\/div><\/div><div class=\"fusion-layout-column fusion_builder_column fusion-builder-column-16 fusion_builder_column_1_3 1_3 fusion-flex-column\" style=\"--awb-bg-size:cover;--awb-width-large:33.333333333333%;--awb-margin-top-large:0px;--awb-spacing-right-large:0px;--awb-margin-bottom-large:20px;--awb-spacing-left-large:0px;--awb-width-medium:33.333333333333%;--awb-order-medium:0;--awb-spacing-right-medium:0px;--awb-spacing-left-medium:0px;--awb-width-small:100%;--awb-order-small:0;--awb-spacing-right-small:0px;--awb-spacing-left-small:0px;\"><div class=\"fusion-column-wrapper fusion-column-has-shadow fusion-flex-justify-content-flex-start fusion-content-layout-column\"><div class=\"fusion-content-boxes content-boxes columns row fusion-columns-1 fusion-columns-total-1 fusion-content-boxes-11 content-boxes-icon-on-side content-left\" style=\"--awb-iconcolor:var(--awb-color1);--awb-hover-accent-color:var(--awb-color5);--awb-circle-hover-accent-color:var(--awb-color5);--awb-item-margin-bottom:40px;\" data-animationOffset=\"top-into-view\"><div style=\"--awb-backgroundcolor:hsla(var(--awb-color1-h),var(--awb-color1-s),var(--awb-color1-l),calc(var(--awb-color1-a) - 100%));--awb-iconcolor:var(--awb-color1);--awb-content-padding-left:120px;\" class=\"fusion-column content-box-column content-box-column content-box-column-1 col-lg-12 col-md-12 col-sm-12 fusion-content-box-hover content-box-column-last content-box-column-last-in-row\"><div class=\"col content-box-wrapper content-wrapper link-area-link-icon icon-hover-animation-fade\" data-animationOffset=\"top-into-view\"><div class=\"heading heading-with-icon icon-left\"><div class=\"icon\"><i style=\"border-color:var(--awb-color8);border-width:0px;background-color:var(--awb-color4);box-sizing:content-box;height:100px;width:100px;line-height:100px;border-radius:50%;font-size:50px;\" aria-hidden=\"true\" class=\"fontawesome-icon fa-plane-departure fas circle-yes\"><\/i><\/div><h4 class=\"content-box-heading\" style=\"--h4_typography-font-size:24px;line-height:29px;padding-left:120px;\">Airport transfer<\/h4><\/div><div class=\"fusion-clearfix\"><\/div><div class=\"content-container\">\n<p>We provide airport transfer to the airports in Podgorica and Tivat.<\/p>\n<\/div><\/div><\/div><div class=\"fusion-clearfix\"><\/div><\/div><\/div><\/div><div class=\"fusion-layout-column fusion_builder_column fusion-builder-column-17 fusion_builder_column_1_3 1_3 fusion-flex-column\" style=\"--awb-bg-size:cover;--awb-width-large:33.333333333333%;--awb-margin-top-large:0px;--awb-spacing-right-large:0px;--awb-margin-bottom-large:20px;--awb-spacing-left-large:0px;--awb-width-medium:33.333333333333%;--awb-order-medium:0;--awb-spacing-right-medium:0px;--awb-spacing-left-medium:0px;--awb-width-small:100%;--awb-order-small:0;--awb-spacing-right-small:0px;--awb-spacing-left-small:0px;\"><div class=\"fusion-column-wrapper fusion-column-has-shadow fusion-flex-justify-content-flex-start fusion-content-layout-column\"><div class=\"fusion-content-boxes content-boxes columns row fusion-columns-1 fusion-columns-total-1 fusion-content-boxes-12 content-boxes-icon-on-side content-left\" style=\"--awb-iconcolor:var(--awb-color1);--awb-hover-accent-color:var(--awb-color5);--awb-circle-hover-accent-color:var(--awb-color5);--awb-item-margin-bottom:40px;\" data-animationOffset=\"top-into-view\"><div style=\"--awb-backgroundcolor:hsla(var(--awb-color1-h),var(--awb-color1-s),var(--awb-color1-l),calc(var(--awb-color1-a) - 100%));--awb-iconcolor:var(--awb-color1);--awb-content-padding-left:120px;\" class=\"fusion-column content-box-column content-box-column content-box-column-1 col-lg-12 col-md-12 col-sm-12 fusion-content-box-hover content-box-column-last content-box-column-last-in-row\"><div class=\"col content-box-wrapper content-wrapper link-area-link-icon icon-hover-animation-fade\" data-animationOffset=\"top-into-view\"><div class=\"heading heading-with-icon icon-left\"><div class=\"icon\"><i style=\"border-color:var(--awb-color8);border-width:0px;background-color:var(--awb-color4);box-sizing:content-box;height:100px;width:100px;line-height:100px;border-radius:50%;font-size:50px;\" aria-hidden=\"true\" class=\"fontawesome-icon fa-globe-americas fas circle-yes\"><\/i><\/div><h4 class=\"content-box-heading\" style=\"--h4_typography-font-size:24px;line-height:29px;padding-left:120px;\">Travel abroad<\/h4><\/div><div class=\"fusion-clearfix\"><\/div><div class=\"content-container\">\n<p>Travel abroad (Albania, Serbia, Kosovo, Croatia, Bosnia-Herzegovina) is allowed with us after consultation.<\/p>\n<\/div><\/div><\/div><div class=\"fusion-clearfix\"><\/div><\/div><\/div><\/div><\/div><\/div><div class=\"fusion-fullwidth fullwidth-box fusion-builder-row-7 fusion-flex-container has-pattern-background has-mask-background nonhundred-percent-fullwidth non-hundred-percent-height-scrolling fusion-no-small-visibility\" style=\"--awb-border-radius-top-left:0px;--awb-border-radius-top-right:0px;--awb-border-radius-bottom-right:0px;--awb-border-radius-bottom-left:0px;--awb-flex-wrap:wrap;\" ><div class=\"fusion-builder-row fusion-row fusion-flex-align-items-stretch fusion-flex-content-wrap\" style=\"max-width:1393.6px;margin-left: calc(-4% \/ 2 );margin-right: calc(-4% \/ 2 );\"><div class=\"fusion-layout-column fusion_builder_column fusion-builder-column-18 fusion_builder_column_1_2 1_2 fusion-flex-column\" style=\"--awb-padding-top:50px;--awb-padding-right:20px;--awb-padding-bottom:50px;--awb-padding-left:20px;--awb-bg-color:var(--awb-color2);--awb-bg-color-hover:var(--awb-color2);--awb-bg-size:cover;--awb-width-large:50%;--awb-margin-top-large:0px;--awb-spacing-right-large:3.84%;--awb-margin-bottom-large:20px;--awb-spacing-left-large:3.84%;--awb-width-medium:50%;--awb-order-medium:0;--awb-spacing-right-medium:3.84%;--awb-spacing-left-medium:3.84%;--awb-width-small:100%;--awb-order-small:0;--awb-spacing-right-small:1.92%;--awb-spacing-left-small:1.92%;\"><div class=\"fusion-column-wrapper fusion-column-has-shadow fusion-flex-justify-content-flex-start fusion-content-layout-column\"><div class=\"fusion-image-element \" style=\"--awb-caption-title-font-family:var(--h2_typography-font-family);--awb-caption-title-font-weight:var(--h2_typography-font-weight);--awb-caption-title-font-style:var(--h2_typography-font-style);--awb-caption-title-size:var(--h2_typography-font-size);--awb-caption-title-transform:var(--h2_typography-text-transform);--awb-caption-title-line-height:var(--h2_typography-line-height);--awb-caption-title-letter-spacing:var(--h2_typography-letter-spacing);\"><span class=\" fusion-imageframe imageframe-none imageframe-1 hover-type-none\"><a class=\"fusion-no-lightbox\" href=\" https:\/\/car-renting.me\/en\/portfolio-items\/fiat-500-c\/\" target=\"_self\" aria-label=\"DOCC_Autovermietung Montenegro &#8211; Rent a car Montenegro car renting montenegro_-14\"><img decoding=\"async\" width=\"1024\" height=\"683\" src=\"https:\/\/car-renting.me\/wp-content\/uploads\/2022\/10\/DOCC_Autovermietung-Montenegro-Rent-a-car-Montenegro-car-renting-montenegro_-14-1.jpg\" data-orig-src=\"https:\/\/car-renting.me\/wp-content\/uploads\/2022\/10\/DOCC_Autovermietung-Montenegro-Rent-a-car-Montenegro-car-renting-montenegro_-14-1.jpg\" alt class=\"lazyload img-responsive wp-image-3425\" srcset=\"data:image\/svg+xml,%3Csvg%20xmlns%3D%27http%3A%2F%2Fwww.w3.org%2F2000%2Fsvg%27%20width%3D%271024%27%20height%3D%27683%27%20viewBox%3D%270%200%201024%20683%27%3E%3Crect%20width%3D%271024%27%20height%3D%27683%27%20fill-opacity%3D%220%22%2F%3E%3C%2Fsvg%3E\" data-srcset=\"https:\/\/car-renting.me\/wp-content\/uploads\/2022\/10\/DOCC_Autovermietung-Montenegro-Rent-a-car-Montenegro-car-renting-montenegro_-14-1-200x133.jpg 200w, https:\/\/car-renting.me\/wp-content\/uploads\/2022\/10\/DOCC_Autovermietung-Montenegro-Rent-a-car-Montenegro-car-renting-montenegro_-14-1-400x267.jpg 400w, https:\/\/car-renting.me\/wp-content\/uploads\/2022\/10\/DOCC_Autovermietung-Montenegro-Rent-a-car-Montenegro-car-renting-montenegro_-14-1-600x400.jpg 600w, https:\/\/car-renting.me\/wp-content\/uploads\/2022\/10\/DOCC_Autovermietung-Montenegro-Rent-a-car-Montenegro-car-renting-montenegro_-14-1-800x534.jpg 800w, https:\/\/car-renting.me\/wp-content\/uploads\/2022\/10\/DOCC_Autovermietung-Montenegro-Rent-a-car-Montenegro-car-renting-montenegro_-14-1.jpg 1024w\" data-sizes=\"auto\" data-orig-sizes=\"(max-width: 800px) 100vw, 600px\" \/><\/a><\/span><\/div><div class=\"fusion-image-element \" style=\"--awb-caption-title-font-family:var(--h2_typography-font-family);--awb-caption-title-font-weight:var(--h2_typography-font-weight);--awb-caption-title-font-style:var(--h2_typography-font-style);--awb-caption-title-size:var(--h2_typography-font-size);--awb-caption-title-transform:var(--h2_typography-text-transform);--awb-caption-title-line-height:var(--h2_typography-line-height);--awb-caption-title-letter-spacing:var(--h2_typography-letter-spacing);\"><span class=\" fusion-imageframe imageframe-none imageframe-2 hover-type-none\"><img decoding=\"async\" width=\"800\" height=\"200\" title=\"Automerkmale kurz 4er fuer Website Portfolio Einzelseite_Fiat500c_Zeichenfla\u0308che 1\" src=\"https:\/\/car-renting.me\/wp-content\/uploads\/2022\/10\/Automerkmale-kurz-4er-fuer-Website-Portfolio-Einzelseite_Fiat500c_Zeichenfla\u0308che-1-1.png\" data-orig-src=\"https:\/\/car-renting.me\/wp-content\/uploads\/2022\/10\/Automerkmale-kurz-4er-fuer-Website-Portfolio-Einzelseite_Fiat500c_Zeichenfla\u0308che-1-1.png\" alt class=\"lazyload img-responsive wp-image-3715\" srcset=\"data:image\/svg+xml,%3Csvg%20xmlns%3D%27http%3A%2F%2Fwww.w3.org%2F2000%2Fsvg%27%20width%3D%27800%27%20height%3D%27200%27%20viewBox%3D%270%200%20800%20200%27%3E%3Crect%20width%3D%27800%27%20height%3D%27200%27%20fill-opacity%3D%220%22%2F%3E%3C%2Fsvg%3E\" data-srcset=\"https:\/\/car-renting.me\/wp-content\/uploads\/2022\/10\/Automerkmale-kurz-4er-fuer-Website-Portfolio-Einzelseite_Fiat500c_Zeichenfla\u0308che-1-1-200x50.png 200w, https:\/\/car-renting.me\/wp-content\/uploads\/2022\/10\/Automerkmale-kurz-4er-fuer-Website-Portfolio-Einzelseite_Fiat500c_Zeichenfla\u0308che-1-1-400x100.png 400w, https:\/\/car-renting.me\/wp-content\/uploads\/2022\/10\/Automerkmale-kurz-4er-fuer-Website-Portfolio-Einzelseite_Fiat500c_Zeichenfla\u0308che-1-1-600x150.png 600w, https:\/\/car-renting.me\/wp-content\/uploads\/2022\/10\/Automerkmale-kurz-4er-fuer-Website-Portfolio-Einzelseite_Fiat500c_Zeichenfla\u0308che-1-1.png 800w\" data-sizes=\"auto\" data-orig-sizes=\"(max-width: 800px) 100vw, 600px\" \/><\/span><\/div><div class=\"fusion-separator fusion-full-width-sep\" style=\"align-self: center;margin-left: auto;margin-right: auto;margin-bottom:40px;width:100%;\"><\/div><div class=\"fusion-builder-row fusion-builder-row-inner fusion-row fusion-flex-align-items-stretch fusion-flex-content-wrap\" style=\"width:104% !important;max-width:104% !important;margin-left: calc(-4% \/ 2 );margin-right: calc(-4% \/ 2 );\"><div class=\"fusion-layout-column fusion_builder_column_inner fusion-builder-nested-column-0 fusion_builder_column_inner_1_2 1_2 fusion-flex-column\" style=\"--awb-bg-size:cover;--awb-width-large:50%;--awb-margin-top-large:0px;--awb-spacing-right-large:3.84%;--awb-margin-bottom-large:20px;--awb-spacing-left-large:3.84%;--awb-width-medium:50%;--awb-order-medium:0;--awb-spacing-right-medium:3.84%;--awb-spacing-left-medium:3.84%;--awb-width-small:100%;--awb-order-small:0;--awb-spacing-right-small:1.92%;--awb-spacing-left-small:1.92%;\"><div class=\"fusion-column-wrapper fusion-column-has-shadow fusion-flex-justify-content-flex-start fusion-content-layout-column\"><div class=\"fusion-text fusion-text-7\"><h2><a href=\"https:\/\/car-renting.me\/en\/portfolio-items\/fiat-500-c\/\"><span style=\"color: #333333;\">Fiat 500C<\/span><\/a><\/h2>\n<\/div><\/div><\/div><div class=\"fusion-layout-column fusion_builder_column_inner fusion-builder-nested-column-1 fusion_builder_column_inner_1_2 1_2 fusion-flex-column\" style=\"--awb-bg-size:cover;--awb-width-large:50%;--awb-margin-top-large:0px;--awb-spacing-right-large:3.84%;--awb-margin-bottom-large:20px;--awb-spacing-left-large:3.84%;--awb-width-medium:50%;--awb-order-medium:0;--awb-spacing-right-medium:3.84%;--awb-spacing-left-medium:3.84%;--awb-width-small:100%;--awb-order-small:0;--awb-spacing-right-small:1.92%;--awb-spacing-left-small:1.92%;\"><div class=\"fusion-column-wrapper fusion-column-has-shadow fusion-flex-justify-content-flex-start fusion-content-layout-column\"><div class=\"fusion-text fusion-text-8\"><h2 style=\"text-align: right;\"><span style=\"color: #00ccff;\"><strong>35,- \u20ac\/ day<\/strong><\/span><\/h2>\n<\/div><\/div><\/div><\/div><div class=\"fusion-separator\" style=\"align-self: flex-start;margin-right:auto;width:100%;max-width:200px;\"><div class=\"fusion-separator-border sep-single sep-solid\" style=\"--awb-height:20px;--awb-amount:20px;--awb-sep-color:var(--awb-color4);border-color:var(--awb-color4);border-top-width:2px;\"><\/div><\/div><div class=\"fusion-text fusion-text-9\"><h4>One of the prettiest and most stylish cars out there. Small, agile. A fun runabout! With the Fiat you never have parking problems and can even drive as a convertible!<\/h4>\n<\/div><div style=\"text-align:center;\"><a class=\"fusion-button button-flat fusion-button-default-size button-default fusion-button-default button-1 fusion-button-span-yes fusion-button-default-type\" target=\"_self\" href=\"https:\/\/car-renting.me\/en\/portfolio-items\/fiat-500-c\/\"><span class=\"fusion-button-text awb-button__text awb-button__text--default\">Learn more<\/span><\/a><\/div><\/div><\/div><div class=\"fusion-layout-column fusion_builder_column fusion-builder-column-19 fusion_builder_column_1_2 1_2 fusion-flex-column\" style=\"--awb-padding-top:50px;--awb-padding-right:20px;--awb-padding-bottom:50px;--awb-padding-left:20px;--awb-bg-color:var(--awb-color2);--awb-bg-color-hover:var(--awb-color2);--awb-bg-size:cover;--awb-width-large:50%;--awb-margin-top-large:0px;--awb-spacing-right-large:3.84%;--awb-margin-bottom-large:20px;--awb-spacing-left-large:3.84%;--awb-width-medium:50%;--awb-order-medium:0;--awb-spacing-right-medium:3.84%;--awb-spacing-left-medium:3.84%;--awb-width-small:100%;--awb-order-small:0;--awb-spacing-right-small:1.92%;--awb-spacing-left-small:1.92%;\"><div class=\"fusion-column-wrapper fusion-column-has-shadow fusion-flex-justify-content-flex-start fusion-content-layout-column\"><div class=\"fusion-image-element \" style=\"--awb-caption-title-font-family:var(--h2_typography-font-family);--awb-caption-title-font-weight:var(--h2_typography-font-weight);--awb-caption-title-font-style:var(--h2_typography-font-style);--awb-caption-title-size:var(--h2_typography-font-size);--awb-caption-title-transform:var(--h2_typography-text-transform);--awb-caption-title-line-height:var(--h2_typography-line-height);--awb-caption-title-letter-spacing:var(--h2_typography-letter-spacing);\"><span class=\" fusion-imageframe imageframe-none imageframe-3 hover-type-none\"><a class=\"fusion-no-lightbox\" href=\"https:\/\/car-renting.me\/en\/portfolio-items\/mini-cooper\/\" target=\"_self\" aria-label=\"DOCC_Autovermietung Montenegro &#8211; Rent a car Montenegro car renting montenegro-12\"><img decoding=\"async\" width=\"1024\" height=\"683\" src=\"https:\/\/car-renting.me\/wp-content\/uploads\/2022\/10\/DOCC_Autovermietung-Montenegro-Rent-a-car-Montenegro-car-renting-montenegro-12.jpg\" data-orig-src=\"https:\/\/car-renting.me\/wp-content\/uploads\/2022\/10\/DOCC_Autovermietung-Montenegro-Rent-a-car-Montenegro-car-renting-montenegro-12.jpg\" alt class=\"lazyload img-responsive wp-image-3005\" srcset=\"data:image\/svg+xml,%3Csvg%20xmlns%3D%27http%3A%2F%2Fwww.w3.org%2F2000%2Fsvg%27%20width%3D%271024%27%20height%3D%27683%27%20viewBox%3D%270%200%201024%20683%27%3E%3Crect%20width%3D%271024%27%20height%3D%27683%27%20fill-opacity%3D%220%22%2F%3E%3C%2Fsvg%3E\" data-srcset=\"https:\/\/car-renting.me\/wp-content\/uploads\/2022\/10\/DOCC_Autovermietung-Montenegro-Rent-a-car-Montenegro-car-renting-montenegro-12-200x133.jpg 200w, https:\/\/car-renting.me\/wp-content\/uploads\/2022\/10\/DOCC_Autovermietung-Montenegro-Rent-a-car-Montenegro-car-renting-montenegro-12-400x267.jpg 400w, https:\/\/car-renting.me\/wp-content\/uploads\/2022\/10\/DOCC_Autovermietung-Montenegro-Rent-a-car-Montenegro-car-renting-montenegro-12-600x400.jpg 600w, https:\/\/car-renting.me\/wp-content\/uploads\/2022\/10\/DOCC_Autovermietung-Montenegro-Rent-a-car-Montenegro-car-renting-montenegro-12-800x534.jpg 800w, https:\/\/car-renting.me\/wp-content\/uploads\/2022\/10\/DOCC_Autovermietung-Montenegro-Rent-a-car-Montenegro-car-renting-montenegro-12.jpg 1024w\" data-sizes=\"auto\" data-orig-sizes=\"(max-width: 800px) 100vw, 600px\" \/><\/a><\/span><\/div><div class=\"fusion-image-element \" style=\"--awb-caption-title-font-family:var(--h2_typography-font-family);--awb-caption-title-font-weight:var(--h2_typography-font-weight);--awb-caption-title-font-style:var(--h2_typography-font-style);--awb-caption-title-size:var(--h2_typography-font-size);--awb-caption-title-transform:var(--h2_typography-text-transform);--awb-caption-title-line-height:var(--h2_typography-line-height);--awb-caption-title-letter-spacing:var(--h2_typography-letter-spacing);\"><span class=\" fusion-imageframe imageframe-none imageframe-4 hover-type-none\"><img decoding=\"async\" width=\"800\" height=\"200\" title=\"Automerkmale kurz 4er fuer Website Portfolio Einzelseite_Mini Cooper_Zeichenfla\u0308che 1\" src=\"https:\/\/car-renting.me\/wp-content\/uploads\/2022\/10\/Automerkmale-kurz-4er-fuer-Website-Portfolio-Einzelseite_Mini-Cooper_Zeichenfla\u0308che-1.png\" data-orig-src=\"https:\/\/car-renting.me\/wp-content\/uploads\/2022\/10\/Automerkmale-kurz-4er-fuer-Website-Portfolio-Einzelseite_Mini-Cooper_Zeichenfla\u0308che-1.png\" alt class=\"lazyload img-responsive wp-image-3732\" srcset=\"data:image\/svg+xml,%3Csvg%20xmlns%3D%27http%3A%2F%2Fwww.w3.org%2F2000%2Fsvg%27%20width%3D%27800%27%20height%3D%27200%27%20viewBox%3D%270%200%20800%20200%27%3E%3Crect%20width%3D%27800%27%20height%3D%27200%27%20fill-opacity%3D%220%22%2F%3E%3C%2Fsvg%3E\" data-srcset=\"https:\/\/car-renting.me\/wp-content\/uploads\/2022\/10\/Automerkmale-kurz-4er-fuer-Website-Portfolio-Einzelseite_Mini-Cooper_Zeichenfla\u0308che-1-200x50.png 200w, https:\/\/car-renting.me\/wp-content\/uploads\/2022\/10\/Automerkmale-kurz-4er-fuer-Website-Portfolio-Einzelseite_Mini-Cooper_Zeichenfla\u0308che-1-400x100.png 400w, https:\/\/car-renting.me\/wp-content\/uploads\/2022\/10\/Automerkmale-kurz-4er-fuer-Website-Portfolio-Einzelseite_Mini-Cooper_Zeichenfla\u0308che-1-600x150.png 600w, https:\/\/car-renting.me\/wp-content\/uploads\/2022\/10\/Automerkmale-kurz-4er-fuer-Website-Portfolio-Einzelseite_Mini-Cooper_Zeichenfla\u0308che-1.png 800w\" data-sizes=\"auto\" data-orig-sizes=\"(max-width: 800px) 100vw, 600px\" \/><\/span><\/div><div class=\"fusion-separator fusion-full-width-sep\" style=\"align-self: center;margin-left: auto;margin-right: auto;margin-bottom:40px;width:100%;\"><\/div><div class=\"fusion-builder-row fusion-builder-row-inner fusion-row fusion-flex-align-items-stretch fusion-flex-content-wrap\" style=\"width:104% !important;max-width:104% !important;margin-left: calc(-4% \/ 2 );margin-right: calc(-4% \/ 2 );\"><div class=\"fusion-layout-column fusion_builder_column_inner fusion-builder-nested-column-2 fusion_builder_column_inner_1_2 1_2 fusion-flex-column\" style=\"--awb-bg-size:cover;--awb-width-large:50%;--awb-margin-top-large:0px;--awb-spacing-right-large:3.84%;--awb-margin-bottom-large:20px;--awb-spacing-left-large:3.84%;--awb-width-medium:50%;--awb-order-medium:0;--awb-spacing-right-medium:3.84%;--awb-spacing-left-medium:3.84%;--awb-width-small:100%;--awb-order-small:0;--awb-spacing-right-small:1.92%;--awb-spacing-left-small:1.92%;\"><div class=\"fusion-column-wrapper fusion-column-has-shadow fusion-flex-justify-content-flex-start fusion-content-layout-column\"><div class=\"fusion-text fusion-text-10\"><h2><span style=\"color: #333333;\"><a style=\"color: #333333;\" href=\"https:\/\/car-renting.me\/en\/portfolio-items\/mini-cooper\/\">Mini Cooper<\/a><\/span><\/h2>\n<\/div><\/div><\/div><div class=\"fusion-layout-column fusion_builder_column_inner fusion-builder-nested-column-3 fusion_builder_column_inner_1_2 1_2 fusion-flex-column\" style=\"--awb-bg-size:cover;--awb-width-large:50%;--awb-margin-top-large:0px;--awb-spacing-right-large:3.84%;--awb-margin-bottom-large:20px;--awb-spacing-left-large:3.84%;--awb-width-medium:50%;--awb-order-medium:0;--awb-spacing-right-medium:3.84%;--awb-spacing-left-medium:3.84%;--awb-width-small:100%;--awb-order-small:0;--awb-spacing-right-small:1.92%;--awb-spacing-left-small:1.92%;\"><div class=\"fusion-column-wrapper fusion-column-has-shadow fusion-flex-justify-content-flex-start fusion-content-layout-column\"><div class=\"fusion-text fusion-text-11\"><h2 style=\"text-align: right;\"><span style=\"color: #00ccff;\"><strong>35,- \u20ac\/ day<\/strong><\/span><\/h2>\n<\/div><\/div><\/div><\/div><div class=\"fusion-separator\" style=\"align-self: flex-start;margin-right:auto;width:100%;max-width:200px;\"><div class=\"fusion-separator-border sep-single sep-solid\" style=\"--awb-height:20px;--awb-amount:20px;--awb-sep-color:var(--awb-color4);border-color:var(--awb-color4);border-top-width:2px;\"><\/div><\/div><div class=\"fusion-text fusion-text-12\"><h4>Driving Mini Cooper is always an experience! The BMW engine shows consistency and power. Also a super car for the panoramic routes along the coast.<\/h4>\n<\/div><div style=\"text-align:center;\"><a class=\"fusion-button button-flat fusion-button-default-size button-default fusion-button-default button-2 fusion-button-span-yes fusion-button-default-type\" target=\"_self\" href=\"https:\/\/car-renting.me\/en\/portfolio-items\/mini-cooper\/\"><span class=\"fusion-button-text awb-button__text awb-button__text--default\">Learn more<\/span><\/a><\/div><\/div><\/div><\/div><\/div><div class=\"fusion-fullwidth fullwidth-box fusion-builder-row-8 fusion-flex-container has-pattern-background has-mask-background nonhundred-percent-fullwidth non-hundred-percent-height-scrolling fusion-no-medium-visibility fusion-no-large-visibility\" style=\"--awb-border-radius-top-left:0px;--awb-border-radius-top-right:0px;--awb-border-radius-bottom-right:0px;--awb-border-radius-bottom-left:0px;--awb-flex-wrap:wrap;\" ><div class=\"fusion-builder-row fusion-row fusion-flex-align-items-stretch fusion-flex-content-wrap\" style=\"max-width:1393.6px;margin-left: calc(-4% \/ 2 );margin-right: calc(-4% \/ 2 );\"><div class=\"fusion-layout-column fusion_builder_column fusion-builder-column-20 fusion_builder_column_1_2 1_2 fusion-flex-column\" style=\"--awb-padding-top:50px;--awb-padding-right:20px;--awb-padding-bottom:50px;--awb-padding-left:20px;--awb-bg-color:var(--awb-color2);--awb-bg-color-hover:var(--awb-color2);--awb-bg-size:cover;--awb-width-large:50%;--awb-margin-top-large:0px;--awb-spacing-right-large:3.84%;--awb-margin-bottom-large:20px;--awb-spacing-left-large:3.84%;--awb-width-medium:50%;--awb-order-medium:0;--awb-spacing-right-medium:3.84%;--awb-spacing-left-medium:3.84%;--awb-width-small:100%;--awb-order-small:0;--awb-spacing-right-small:1.92%;--awb-spacing-left-small:1.92%;\"><div class=\"fusion-column-wrapper fusion-column-has-shadow fusion-flex-justify-content-flex-start fusion-content-layout-column\"><div class=\"fusion-image-element \" style=\"--awb-caption-title-font-family:var(--h2_typography-font-family);--awb-caption-title-font-weight:var(--h2_typography-font-weight);--awb-caption-title-font-style:var(--h2_typography-font-style);--awb-caption-title-size:var(--h2_typography-font-size);--awb-caption-title-transform:var(--h2_typography-text-transform);--awb-caption-title-line-height:var(--h2_typography-line-height);--awb-caption-title-letter-spacing:var(--h2_typography-letter-spacing);\"><span class=\" fusion-imageframe imageframe-none imageframe-5 hover-type-none\"><a class=\"fusion-no-lightbox\" href=\"https:\/\/car-renting.me\/en\/portfolio-items\/fiat-500-c\/\" target=\"_self\" aria-label=\"DOCC_Autovermietung Montenegro &#8211; Rent a car Montenegro car renting montenegro_-14\"><img decoding=\"async\" width=\"1024\" height=\"683\" src=\"https:\/\/car-renting.me\/wp-content\/uploads\/2022\/10\/DOCC_Autovermietung-Montenegro-Rent-a-car-Montenegro-car-renting-montenegro_-14-1.jpg\" data-orig-src=\"https:\/\/car-renting.me\/wp-content\/uploads\/2022\/10\/DOCC_Autovermietung-Montenegro-Rent-a-car-Montenegro-car-renting-montenegro_-14-1.jpg\" alt class=\"lazyload img-responsive wp-image-3425\" srcset=\"data:image\/svg+xml,%3Csvg%20xmlns%3D%27http%3A%2F%2Fwww.w3.org%2F2000%2Fsvg%27%20width%3D%271024%27%20height%3D%27683%27%20viewBox%3D%270%200%201024%20683%27%3E%3Crect%20width%3D%271024%27%20height%3D%27683%27%20fill-opacity%3D%220%22%2F%3E%3C%2Fsvg%3E\" data-srcset=\"https:\/\/car-renting.me\/wp-content\/uploads\/2022\/10\/DOCC_Autovermietung-Montenegro-Rent-a-car-Montenegro-car-renting-montenegro_-14-1-200x133.jpg 200w, https:\/\/car-renting.me\/wp-content\/uploads\/2022\/10\/DOCC_Autovermietung-Montenegro-Rent-a-car-Montenegro-car-renting-montenegro_-14-1-400x267.jpg 400w, https:\/\/car-renting.me\/wp-content\/uploads\/2022\/10\/DOCC_Autovermietung-Montenegro-Rent-a-car-Montenegro-car-renting-montenegro_-14-1-600x400.jpg 600w, https:\/\/car-renting.me\/wp-content\/uploads\/2022\/10\/DOCC_Autovermietung-Montenegro-Rent-a-car-Montenegro-car-renting-montenegro_-14-1-800x534.jpg 800w, https:\/\/car-renting.me\/wp-content\/uploads\/2022\/10\/DOCC_Autovermietung-Montenegro-Rent-a-car-Montenegro-car-renting-montenegro_-14-1.jpg 1024w\" data-sizes=\"auto\" data-orig-sizes=\"(max-width: 800px) 100vw, 600px\" \/><\/a><\/span><\/div><div class=\"fusion-image-element \" style=\"--awb-caption-title-font-family:var(--h2_typography-font-family);--awb-caption-title-font-weight:var(--h2_typography-font-weight);--awb-caption-title-font-style:var(--h2_typography-font-style);--awb-caption-title-size:var(--h2_typography-font-size);--awb-caption-title-transform:var(--h2_typography-text-transform);--awb-caption-title-line-height:var(--h2_typography-line-height);--awb-caption-title-letter-spacing:var(--h2_typography-letter-spacing);\"><span class=\" fusion-imageframe imageframe-none imageframe-6 hover-type-none\"><img decoding=\"async\" width=\"800\" height=\"200\" title=\"Automerkmale kurz 4er fuer Website Portfolio Einzelseite_Fiat500c_Zeichenfla\u0308che 1\" src=\"https:\/\/car-renting.me\/wp-content\/uploads\/2022\/10\/Automerkmale-kurz-4er-fuer-Website-Portfolio-Einzelseite_Fiat500c_Zeichenfla\u0308che-1-1.png\" data-orig-src=\"https:\/\/car-renting.me\/wp-content\/uploads\/2022\/10\/Automerkmale-kurz-4er-fuer-Website-Portfolio-Einzelseite_Fiat500c_Zeichenfla\u0308che-1-1.png\" alt class=\"lazyload img-responsive wp-image-3715\" srcset=\"data:image\/svg+xml,%3Csvg%20xmlns%3D%27http%3A%2F%2Fwww.w3.org%2F2000%2Fsvg%27%20width%3D%27800%27%20height%3D%27200%27%20viewBox%3D%270%200%20800%20200%27%3E%3Crect%20width%3D%27800%27%20height%3D%27200%27%20fill-opacity%3D%220%22%2F%3E%3C%2Fsvg%3E\" data-srcset=\"https:\/\/car-renting.me\/wp-content\/uploads\/2022\/10\/Automerkmale-kurz-4er-fuer-Website-Portfolio-Einzelseite_Fiat500c_Zeichenfla\u0308che-1-1-200x50.png 200w, https:\/\/car-renting.me\/wp-content\/uploads\/2022\/10\/Automerkmale-kurz-4er-fuer-Website-Portfolio-Einzelseite_Fiat500c_Zeichenfla\u0308che-1-1-400x100.png 400w, https:\/\/car-renting.me\/wp-content\/uploads\/2022\/10\/Automerkmale-kurz-4er-fuer-Website-Portfolio-Einzelseite_Fiat500c_Zeichenfla\u0308che-1-1-600x150.png 600w, https:\/\/car-renting.me\/wp-content\/uploads\/2022\/10\/Automerkmale-kurz-4er-fuer-Website-Portfolio-Einzelseite_Fiat500c_Zeichenfla\u0308che-1-1.png 800w\" data-sizes=\"auto\" data-orig-sizes=\"(max-width: 800px) 100vw, 600px\" \/><\/span><\/div><div class=\"fusion-separator fusion-full-width-sep\" style=\"align-self: center;margin-left: auto;margin-right: auto;margin-top:20px;margin-bottom:20px;width:100%;\"><\/div><div class=\"fusion-text fusion-text-13\"><h2 style=\"text-align: center;\"><span style=\"color: #333333;\"><a style=\"color: #333333;\" href=\"https:\/\/car-renting.me\/en\/portfolio-items\/fiat-500-c\/\">Fiat 500C<\/a><\/span><\/h2>\n<\/div><div class=\"fusion-separator\" style=\"align-self: center;margin-left: auto;margin-right: auto;margin-bottom:40px;width:100%;max-width:200px;\"><div class=\"fusion-separator-border sep-single sep-solid\" style=\"--awb-height:20px;--awb-amount:20px;--awb-sep-color:var(--awb-color4);border-color:var(--awb-color4);border-top-width:2px;\"><\/div><\/div><div class=\"fusion-text fusion-text-14\"><h3 style=\"text-align: center;\"><strong><span style=\"color: #00ccff;\">35\u20ac\/ day<\/span><\/strong><\/h3>\n<\/div><div class=\"fusion-text fusion-text-15\"><h4 style=\"text-align: center;\">One of the prettiest and most stylish cars out there. Small, agile. A fun runabout! With the Fiat you never have parking problems and can even drive as a convertible!<\/h4>\n<\/div><div class=\"fusion-separator\" style=\"align-self: flex-start;margin-right:auto;margin-bottom:40px;width:100%;max-width:200px;\"><\/div><div style=\"text-align:center;\"><a class=\"fusion-button button-flat fusion-button-default-size button-default fusion-button-default button-3 fusion-button-span-yes fusion-button-default-type\" target=\"_self\" href=\"https:\/\/car-renting.me\/en\/portfolio-items\/fiat-500-c\/\"><span class=\"fusion-button-text awb-button__text awb-button__text--default\">Learn more<\/span><\/a><\/div><\/div><\/div><div class=\"fusion-layout-column fusion_builder_column fusion-builder-column-21 fusion_builder_column_1_2 1_2 fusion-flex-column\" style=\"--awb-padding-top:50px;--awb-padding-right:20px;--awb-padding-bottom:50px;--awb-padding-left:20px;--awb-bg-color:var(--awb-color2);--awb-bg-color-hover:var(--awb-color2);--awb-bg-size:cover;--awb-width-large:50%;--awb-margin-top-large:0px;--awb-spacing-right-large:3.84%;--awb-margin-bottom-large:20px;--awb-spacing-left-large:3.84%;--awb-width-medium:50%;--awb-order-medium:0;--awb-spacing-right-medium:3.84%;--awb-spacing-left-medium:3.84%;--awb-width-small:100%;--awb-order-small:0;--awb-spacing-right-small:1.92%;--awb-spacing-left-small:1.92%;\"><div class=\"fusion-column-wrapper fusion-column-has-shadow fusion-flex-justify-content-flex-start fusion-content-layout-column\"><div class=\"fusion-image-element \" style=\"--awb-caption-title-font-family:var(--h2_typography-font-family);--awb-caption-title-font-weight:var(--h2_typography-font-weight);--awb-caption-title-font-style:var(--h2_typography-font-style);--awb-caption-title-size:var(--h2_typography-font-size);--awb-caption-title-transform:var(--h2_typography-text-transform);--awb-caption-title-line-height:var(--h2_typography-line-height);--awb-caption-title-letter-spacing:var(--h2_typography-letter-spacing);\"><span class=\" fusion-imageframe imageframe-none imageframe-7 hover-type-none\"><a class=\"fusion-no-lightbox\" href=\"https:\/\/car-renting.me\/en\/portfolio-items\/mini-cooper\/\" target=\"_self\" aria-label=\"DOCC_Autovermietung Montenegro &#8211; Rent a car Montenegro car renting montenegro-12\"><img decoding=\"async\" width=\"1024\" height=\"683\" src=\"https:\/\/car-renting.me\/wp-content\/uploads\/2022\/10\/DOCC_Autovermietung-Montenegro-Rent-a-car-Montenegro-car-renting-montenegro-12.jpg\" data-orig-src=\"https:\/\/car-renting.me\/wp-content\/uploads\/2022\/10\/DOCC_Autovermietung-Montenegro-Rent-a-car-Montenegro-car-renting-montenegro-12.jpg\" alt class=\"lazyload img-responsive wp-image-3005\" srcset=\"data:image\/svg+xml,%3Csvg%20xmlns%3D%27http%3A%2F%2Fwww.w3.org%2F2000%2Fsvg%27%20width%3D%271024%27%20height%3D%27683%27%20viewBox%3D%270%200%201024%20683%27%3E%3Crect%20width%3D%271024%27%20height%3D%27683%27%20fill-opacity%3D%220%22%2F%3E%3C%2Fsvg%3E\" data-srcset=\"https:\/\/car-renting.me\/wp-content\/uploads\/2022\/10\/DOCC_Autovermietung-Montenegro-Rent-a-car-Montenegro-car-renting-montenegro-12-200x133.jpg 200w, https:\/\/car-renting.me\/wp-content\/uploads\/2022\/10\/DOCC_Autovermietung-Montenegro-Rent-a-car-Montenegro-car-renting-montenegro-12-400x267.jpg 400w, https:\/\/car-renting.me\/wp-content\/uploads\/2022\/10\/DOCC_Autovermietung-Montenegro-Rent-a-car-Montenegro-car-renting-montenegro-12-600x400.jpg 600w, https:\/\/car-renting.me\/wp-content\/uploads\/2022\/10\/DOCC_Autovermietung-Montenegro-Rent-a-car-Montenegro-car-renting-montenegro-12-800x534.jpg 800w, https:\/\/car-renting.me\/wp-content\/uploads\/2022\/10\/DOCC_Autovermietung-Montenegro-Rent-a-car-Montenegro-car-renting-montenegro-12.jpg 1024w\" data-sizes=\"auto\" data-orig-sizes=\"(max-width: 800px) 100vw, 600px\" \/><\/a><\/span><\/div><div class=\"fusion-image-element \" style=\"--awb-caption-title-font-family:var(--h2_typography-font-family);--awb-caption-title-font-weight:var(--h2_typography-font-weight);--awb-caption-title-font-style:var(--h2_typography-font-style);--awb-caption-title-size:var(--h2_typography-font-size);--awb-caption-title-transform:var(--h2_typography-text-transform);--awb-caption-title-line-height:var(--h2_typography-line-height);--awb-caption-title-letter-spacing:var(--h2_typography-letter-spacing);\"><span class=\" fusion-imageframe imageframe-none imageframe-8 hover-type-none\"><img decoding=\"async\" width=\"800\" height=\"200\" title=\"Automerkmale kurz 4er fuer Website Portfolio Einzelseite_Mini Cooper_Zeichenfla\u0308che 1\" src=\"https:\/\/car-renting.me\/wp-content\/uploads\/2022\/10\/Automerkmale-kurz-4er-fuer-Website-Portfolio-Einzelseite_Mini-Cooper_Zeichenfla\u0308che-1.png\" data-orig-src=\"https:\/\/car-renting.me\/wp-content\/uploads\/2022\/10\/Automerkmale-kurz-4er-fuer-Website-Portfolio-Einzelseite_Mini-Cooper_Zeichenfla\u0308che-1.png\" alt class=\"lazyload img-responsive wp-image-3732\" srcset=\"data:image\/svg+xml,%3Csvg%20xmlns%3D%27http%3A%2F%2Fwww.w3.org%2F2000%2Fsvg%27%20width%3D%27800%27%20height%3D%27200%27%20viewBox%3D%270%200%20800%20200%27%3E%3Crect%20width%3D%27800%27%20height%3D%27200%27%20fill-opacity%3D%220%22%2F%3E%3C%2Fsvg%3E\" data-srcset=\"https:\/\/car-renting.me\/wp-content\/uploads\/2022\/10\/Automerkmale-kurz-4er-fuer-Website-Portfolio-Einzelseite_Mini-Cooper_Zeichenfla\u0308che-1-200x50.png 200w, https:\/\/car-renting.me\/wp-content\/uploads\/2022\/10\/Automerkmale-kurz-4er-fuer-Website-Portfolio-Einzelseite_Mini-Cooper_Zeichenfla\u0308che-1-400x100.png 400w, https:\/\/car-renting.me\/wp-content\/uploads\/2022\/10\/Automerkmale-kurz-4er-fuer-Website-Portfolio-Einzelseite_Mini-Cooper_Zeichenfla\u0308che-1-600x150.png 600w, https:\/\/car-renting.me\/wp-content\/uploads\/2022\/10\/Automerkmale-kurz-4er-fuer-Website-Portfolio-Einzelseite_Mini-Cooper_Zeichenfla\u0308che-1.png 800w\" data-sizes=\"auto\" data-orig-sizes=\"(max-width: 800px) 100vw, 600px\" \/><\/span><\/div><div class=\"fusion-separator fusion-full-width-sep\" style=\"align-self: center;margin-left: auto;margin-right: auto;margin-top:20px;margin-bottom:40px;width:100%;\"><\/div><div class=\"fusion-text fusion-text-16\"><h2 style=\"text-align: center;\"><a href=\"https:\/\/car-renting.me\/en\/portfolio-items\/mini-cooper\/\"><span style=\"color: #333333;\">Mini Cooper<\/span><\/a><\/h2>\n<\/div><div class=\"fusion-separator\" style=\"align-self: center;margin-left: auto;margin-right: auto;margin-bottom:20px;width:100%;max-width:200px;\"><div class=\"fusion-separator-border sep-single sep-solid\" style=\"--awb-height:20px;--awb-amount:20px;--awb-sep-color:var(--awb-color4);border-color:var(--awb-color4);border-top-width:2px;\"><\/div><\/div><div class=\"fusion-text fusion-text-17\"><h3 style=\"text-align: center;\"><strong><span style=\"color: #00ccff;\">35\u20ac\/ day<\/span><\/strong><\/h3>\n<\/div><div class=\"fusion-text fusion-text-18\"><h4 style=\"text-align: center;\">Driving Mini Cooper is always an experience! The BMW engine shows consistency and power. Also a super car for the panoramic routes along the coast.<\/h4>\n<\/div><div class=\"fusion-separator\" style=\"align-self: flex-start;margin-right:auto;margin-bottom:40px;width:100%;max-width:200px;\"><\/div><div style=\"text-align:center;\"><a class=\"fusion-button button-flat fusion-button-default-size button-default fusion-button-default button-4 fusion-button-span-yes fusion-button-default-type\" target=\"_self\" href=\"https:\/\/car-renting.me\/en\/portfolio-items\/mini-cooper\/\"><span class=\"fusion-button-text awb-button__text awb-button__text--default\">Learn more<\/span><\/a><\/div><\/div><\/div><\/div><\/div><div class=\"fusion-fullwidth fullwidth-box fusion-builder-row-9 fusion-flex-container has-pattern-background has-mask-background nonhundred-percent-fullwidth non-hundred-percent-height-scrolling fusion-no-small-visibility\" style=\"--awb-border-radius-top-left:0px;--awb-border-radius-top-right:0px;--awb-border-radius-bottom-right:0px;--awb-border-radius-bottom-left:0px;--awb-flex-wrap:wrap;\" ><div class=\"fusion-builder-row fusion-row fusion-flex-align-items-stretch fusion-flex-content-wrap\" style=\"max-width:1393.6px;margin-left: calc(-4% \/ 2 );margin-right: calc(-4% \/ 2 );\"><div class=\"fusion-layout-column fusion_builder_column fusion-builder-column-22 fusion_builder_column_1_2 1_2 fusion-flex-column\" style=\"--awb-padding-top:50px;--awb-padding-right:20px;--awb-padding-bottom:50px;--awb-padding-left:20px;--awb-bg-color:var(--awb-color2);--awb-bg-color-hover:var(--awb-color2);--awb-bg-size:cover;--awb-width-large:50%;--awb-margin-top-large:0px;--awb-spacing-right-large:3.84%;--awb-margin-bottom-large:20px;--awb-spacing-left-large:3.84%;--awb-width-medium:50%;--awb-order-medium:0;--awb-spacing-right-medium:3.84%;--awb-spacing-left-medium:3.84%;--awb-width-small:100%;--awb-order-small:0;--awb-spacing-right-small:1.92%;--awb-spacing-left-small:1.92%;\"><div class=\"fusion-column-wrapper fusion-column-has-shadow fusion-flex-justify-content-flex-start fusion-content-layout-column\"><div class=\"fusion-image-element \" style=\"--awb-caption-title-font-family:var(--h2_typography-font-family);--awb-caption-title-font-weight:var(--h2_typography-font-weight);--awb-caption-title-font-style:var(--h2_typography-font-style);--awb-caption-title-size:var(--h2_typography-font-size);--awb-caption-title-transform:var(--h2_typography-text-transform);--awb-caption-title-line-height:var(--h2_typography-line-height);--awb-caption-title-letter-spacing:var(--h2_typography-letter-spacing);\"><span class=\" fusion-imageframe imageframe-none imageframe-9 hover-type-none\"><a class=\"fusion-no-lightbox\" href=\"https:\/\/car-renting.me\/en\/portfolio-items\/vm-beetle\/\" target=\"_self\" aria-label=\"DOCC_Autovermietung Montenegro &#8211; Rent a car Montenegro car renting montenegro_-05\"><img decoding=\"async\" width=\"1024\" height=\"683\" src=\"https:\/\/car-renting.me\/wp-content\/uploads\/2022\/10\/DOCC_Autovermietung-Montenegro-Rent-a-car-Montenegro-car-renting-montenegro_-05-1.jpg\" data-orig-src=\"https:\/\/car-renting.me\/wp-content\/uploads\/2022\/10\/DOCC_Autovermietung-Montenegro-Rent-a-car-Montenegro-car-renting-montenegro_-05-1.jpg\" alt class=\"lazyload img-responsive wp-image-3473\" srcset=\"data:image\/svg+xml,%3Csvg%20xmlns%3D%27http%3A%2F%2Fwww.w3.org%2F2000%2Fsvg%27%20width%3D%271024%27%20height%3D%27683%27%20viewBox%3D%270%200%201024%20683%27%3E%3Crect%20width%3D%271024%27%20height%3D%27683%27%20fill-opacity%3D%220%22%2F%3E%3C%2Fsvg%3E\" data-srcset=\"https:\/\/car-renting.me\/wp-content\/uploads\/2022\/10\/DOCC_Autovermietung-Montenegro-Rent-a-car-Montenegro-car-renting-montenegro_-05-1-200x133.jpg 200w, https:\/\/car-renting.me\/wp-content\/uploads\/2022\/10\/DOCC_Autovermietung-Montenegro-Rent-a-car-Montenegro-car-renting-montenegro_-05-1-400x267.jpg 400w, https:\/\/car-renting.me\/wp-content\/uploads\/2022\/10\/DOCC_Autovermietung-Montenegro-Rent-a-car-Montenegro-car-renting-montenegro_-05-1-600x400.jpg 600w, https:\/\/car-renting.me\/wp-content\/uploads\/2022\/10\/DOCC_Autovermietung-Montenegro-Rent-a-car-Montenegro-car-renting-montenegro_-05-1-800x534.jpg 800w, https:\/\/car-renting.me\/wp-content\/uploads\/2022\/10\/DOCC_Autovermietung-Montenegro-Rent-a-car-Montenegro-car-renting-montenegro_-05-1.jpg 1024w\" data-sizes=\"auto\" data-orig-sizes=\"(max-width: 800px) 100vw, 600px\" \/><\/a><\/span><\/div><div class=\"fusion-image-element \" style=\"--awb-caption-title-font-family:var(--h2_typography-font-family);--awb-caption-title-font-weight:var(--h2_typography-font-weight);--awb-caption-title-font-style:var(--h2_typography-font-style);--awb-caption-title-size:var(--h2_typography-font-size);--awb-caption-title-transform:var(--h2_typography-text-transform);--awb-caption-title-line-height:var(--h2_typography-line-height);--awb-caption-title-letter-spacing:var(--h2_typography-letter-spacing);\"><span class=\" fusion-imageframe imageframe-none imageframe-10 hover-type-none\"><img decoding=\"async\" width=\"800\" height=\"200\" title=\"Automerkmale kurz 4er fuer Website Portfolio Einzelseite_Mini VW Beetle_real\" src=\"https:\/\/car-renting.me\/wp-content\/uploads\/2022\/10\/Automerkmale-kurz-4er-fuer-Website-Portfolio-Einzelseite_Mini-VW-Beetle_real.png\" data-orig-src=\"https:\/\/car-renting.me\/wp-content\/uploads\/2022\/10\/Automerkmale-kurz-4er-fuer-Website-Portfolio-Einzelseite_Mini-VW-Beetle_real.png\" alt class=\"lazyload img-responsive wp-image-3890\" srcset=\"data:image\/svg+xml,%3Csvg%20xmlns%3D%27http%3A%2F%2Fwww.w3.org%2F2000%2Fsvg%27%20width%3D%27800%27%20height%3D%27200%27%20viewBox%3D%270%200%20800%20200%27%3E%3Crect%20width%3D%27800%27%20height%3D%27200%27%20fill-opacity%3D%220%22%2F%3E%3C%2Fsvg%3E\" data-srcset=\"https:\/\/car-renting.me\/wp-content\/uploads\/2022\/10\/Automerkmale-kurz-4er-fuer-Website-Portfolio-Einzelseite_Mini-VW-Beetle_real-200x50.png 200w, https:\/\/car-renting.me\/wp-content\/uploads\/2022\/10\/Automerkmale-kurz-4er-fuer-Website-Portfolio-Einzelseite_Mini-VW-Beetle_real-400x100.png 400w, https:\/\/car-renting.me\/wp-content\/uploads\/2022\/10\/Automerkmale-kurz-4er-fuer-Website-Portfolio-Einzelseite_Mini-VW-Beetle_real-600x150.png 600w, https:\/\/car-renting.me\/wp-content\/uploads\/2022\/10\/Automerkmale-kurz-4er-fuer-Website-Portfolio-Einzelseite_Mini-VW-Beetle_real.png 800w\" data-sizes=\"auto\" data-orig-sizes=\"(max-width: 800px) 100vw, 600px\" \/><\/span><\/div><div class=\"fusion-separator fusion-full-width-sep\" style=\"align-self: center;margin-left: auto;margin-right: auto;margin-bottom:40px;width:100%;\"><\/div><div class=\"fusion-builder-row fusion-builder-row-inner fusion-row fusion-flex-align-items-stretch fusion-flex-content-wrap\" style=\"width:104% !important;max-width:104% !important;margin-left: calc(-4% \/ 2 );margin-right: calc(-4% \/ 2 );\"><div class=\"fusion-layout-column fusion_builder_column_inner fusion-builder-nested-column-4 fusion_builder_column_inner_1_2 1_2 fusion-flex-column\" style=\"--awb-bg-size:cover;--awb-width-large:50%;--awb-margin-top-large:0px;--awb-spacing-right-large:3.84%;--awb-margin-bottom-large:20px;--awb-spacing-left-large:3.84%;--awb-width-medium:50%;--awb-order-medium:0;--awb-spacing-right-medium:3.84%;--awb-spacing-left-medium:3.84%;--awb-width-small:100%;--awb-order-small:0;--awb-spacing-right-small:1.92%;--awb-spacing-left-small:1.92%;\"><div class=\"fusion-column-wrapper fusion-column-has-shadow fusion-flex-justify-content-flex-start fusion-content-layout-column\"><div class=\"fusion-text fusion-text-19\"><h2><span style=\"color: #333333;\"><a style=\"color: #333333;\" href=\"https:\/\/car-renting.me\/en\/portfolio-items\/vm-beetle\/\">VW Beetle<\/a><\/span><\/h2>\n<\/div><\/div><\/div><div class=\"fusion-layout-column fusion_builder_column_inner fusion-builder-nested-column-5 fusion_builder_column_inner_1_2 1_2 fusion-flex-column\" style=\"--awb-bg-size:cover;--awb-width-large:50%;--awb-margin-top-large:0px;--awb-spacing-right-large:3.84%;--awb-margin-bottom-large:20px;--awb-spacing-left-large:3.84%;--awb-width-medium:50%;--awb-order-medium:0;--awb-spacing-right-medium:3.84%;--awb-spacing-left-medium:3.84%;--awb-width-small:100%;--awb-order-small:0;--awb-spacing-right-small:1.92%;--awb-spacing-left-small:1.92%;\"><div class=\"fusion-column-wrapper fusion-column-has-shadow fusion-flex-justify-content-flex-start fusion-content-layout-column\"><div class=\"fusion-text fusion-text-20\"><h2 style=\"text-align: right;\"><span style=\"color: #00ccff;\"><strong>40,- \u20ac\/ day<\/strong><\/span><\/h2>\n<\/div><\/div><\/div><\/div><div class=\"fusion-separator\" style=\"align-self: flex-start;margin-right:auto;width:100%;max-width:200px;\"><div class=\"fusion-separator-border sep-single sep-solid\" style=\"--awb-height:20px;--awb-amount:20px;--awb-sep-color:var(--awb-color4);border-color:var(--awb-color4);border-top-width:2px;\"><\/div><\/div><div class=\"fusion-text fusion-text-21\"><h4>The Beetle is a small dream car. Not too big, not too small. Nimble and agile. And as a cabriolet really the ideal car for the coast of Montenegro! Pure pleasure!<\/h4>\n<\/div><div style=\"text-align:center;\"><a class=\"fusion-button button-flat fusion-button-default-size button-default fusion-button-default button-5 fusion-button-span-yes fusion-button-default-type\" target=\"_self\" href=\"https:\/\/car-renting.me\/en\/portfolio-items\/vm-beetle\/\"><span class=\"fusion-button-text awb-button__text awb-button__text--default\">Learn more<\/span><\/a><\/div><\/div><\/div><div class=\"fusion-layout-column fusion_builder_column fusion-builder-column-23 fusion_builder_column_1_2 1_2 fusion-flex-column\" style=\"--awb-padding-top:50px;--awb-padding-right:20px;--awb-padding-bottom:50px;--awb-padding-left:20px;--awb-bg-color:var(--awb-color2);--awb-bg-color-hover:var(--awb-color2);--awb-bg-size:cover;--awb-width-large:50%;--awb-margin-top-large:0px;--awb-spacing-right-large:3.84%;--awb-margin-bottom-large:20px;--awb-spacing-left-large:3.84%;--awb-width-medium:50%;--awb-order-medium:0;--awb-spacing-right-medium:3.84%;--awb-spacing-left-medium:3.84%;--awb-width-small:100%;--awb-order-small:0;--awb-spacing-right-small:1.92%;--awb-spacing-left-small:1.92%;\"><div class=\"fusion-column-wrapper fusion-column-has-shadow fusion-flex-justify-content-flex-start fusion-content-layout-column\"><div class=\"fusion-image-element \" style=\"--awb-caption-title-font-family:var(--h2_typography-font-family);--awb-caption-title-font-weight:var(--h2_typography-font-weight);--awb-caption-title-font-style:var(--h2_typography-font-style);--awb-caption-title-size:var(--h2_typography-font-size);--awb-caption-title-transform:var(--h2_typography-text-transform);--awb-caption-title-line-height:var(--h2_typography-line-height);--awb-caption-title-letter-spacing:var(--h2_typography-letter-spacing);\"><span class=\" fusion-imageframe imageframe-none imageframe-11 hover-type-none\"><a class=\"fusion-no-lightbox\" href=\"https:\/\/car-renting.me\/en\/portfolio-items\/opel-antara\/\" target=\"_self\" aria-label=\"DOCC_Autovermietung Montenegro &#8211; Rent a car Montenegro car renting montenegro-16\"><img decoding=\"async\" width=\"1024\" height=\"683\" src=\"https:\/\/car-renting.me\/wp-content\/uploads\/2022\/10\/DOCC_Autovermietung-Montenegro-Rent-a-car-Montenegro-car-renting-montenegro-16.jpg\" data-orig-src=\"https:\/\/car-renting.me\/wp-content\/uploads\/2022\/10\/DOCC_Autovermietung-Montenegro-Rent-a-car-Montenegro-car-renting-montenegro-16.jpg\" alt class=\"lazyload img-responsive wp-image-2985\" srcset=\"data:image\/svg+xml,%3Csvg%20xmlns%3D%27http%3A%2F%2Fwww.w3.org%2F2000%2Fsvg%27%20width%3D%271024%27%20height%3D%27683%27%20viewBox%3D%270%200%201024%20683%27%3E%3Crect%20width%3D%271024%27%20height%3D%27683%27%20fill-opacity%3D%220%22%2F%3E%3C%2Fsvg%3E\" data-srcset=\"https:\/\/car-renting.me\/wp-content\/uploads\/2022\/10\/DOCC_Autovermietung-Montenegro-Rent-a-car-Montenegro-car-renting-montenegro-16-200x133.jpg 200w, https:\/\/car-renting.me\/wp-content\/uploads\/2022\/10\/DOCC_Autovermietung-Montenegro-Rent-a-car-Montenegro-car-renting-montenegro-16-400x267.jpg 400w, https:\/\/car-renting.me\/wp-content\/uploads\/2022\/10\/DOCC_Autovermietung-Montenegro-Rent-a-car-Montenegro-car-renting-montenegro-16-600x400.jpg 600w, https:\/\/car-renting.me\/wp-content\/uploads\/2022\/10\/DOCC_Autovermietung-Montenegro-Rent-a-car-Montenegro-car-renting-montenegro-16-800x534.jpg 800w, https:\/\/car-renting.me\/wp-content\/uploads\/2022\/10\/DOCC_Autovermietung-Montenegro-Rent-a-car-Montenegro-car-renting-montenegro-16.jpg 1024w\" data-sizes=\"auto\" data-orig-sizes=\"(max-width: 800px) 100vw, 600px\" \/><\/a><\/span><\/div><div class=\"fusion-image-element \" style=\"--awb-caption-title-font-family:var(--h2_typography-font-family);--awb-caption-title-font-weight:var(--h2_typography-font-weight);--awb-caption-title-font-style:var(--h2_typography-font-style);--awb-caption-title-size:var(--h2_typography-font-size);--awb-caption-title-transform:var(--h2_typography-text-transform);--awb-caption-title-line-height:var(--h2_typography-line-height);--awb-caption-title-letter-spacing:var(--h2_typography-letter-spacing);\"><span class=\" fusion-imageframe imageframe-none imageframe-12 hover-type-none\"><img decoding=\"async\" width=\"800\" height=\"200\" title=\"Automerkmale kurz 4er fuer Website Portfolio Einzelseite_Opel Antara_real\" src=\"https:\/\/car-renting.me\/wp-content\/uploads\/2022\/10\/Automerkmale-kurz-4er-fuer-Website-Portfolio-Einzelseite_Opel-Antara_real.png\" data-orig-src=\"https:\/\/car-renting.me\/wp-content\/uploads\/2022\/10\/Automerkmale-kurz-4er-fuer-Website-Portfolio-Einzelseite_Opel-Antara_real.png\" alt class=\"lazyload img-responsive wp-image-3883\" srcset=\"data:image\/svg+xml,%3Csvg%20xmlns%3D%27http%3A%2F%2Fwww.w3.org%2F2000%2Fsvg%27%20width%3D%27800%27%20height%3D%27200%27%20viewBox%3D%270%200%20800%20200%27%3E%3Crect%20width%3D%27800%27%20height%3D%27200%27%20fill-opacity%3D%220%22%2F%3E%3C%2Fsvg%3E\" data-srcset=\"https:\/\/car-renting.me\/wp-content\/uploads\/2022\/10\/Automerkmale-kurz-4er-fuer-Website-Portfolio-Einzelseite_Opel-Antara_real-200x50.png 200w, https:\/\/car-renting.me\/wp-content\/uploads\/2022\/10\/Automerkmale-kurz-4er-fuer-Website-Portfolio-Einzelseite_Opel-Antara_real-400x100.png 400w, https:\/\/car-renting.me\/wp-content\/uploads\/2022\/10\/Automerkmale-kurz-4er-fuer-Website-Portfolio-Einzelseite_Opel-Antara_real-600x150.png 600w, https:\/\/car-renting.me\/wp-content\/uploads\/2022\/10\/Automerkmale-kurz-4er-fuer-Website-Portfolio-Einzelseite_Opel-Antara_real.png 800w\" data-sizes=\"auto\" data-orig-sizes=\"(max-width: 800px) 100vw, 600px\" \/><\/span><\/div><div class=\"fusion-separator fusion-full-width-sep\" style=\"align-self: center;margin-left: auto;margin-right: auto;margin-bottom:40px;width:100%;\"><\/div><div class=\"fusion-builder-row fusion-builder-row-inner fusion-row fusion-flex-align-items-stretch fusion-flex-content-wrap\" style=\"width:104% !important;max-width:104% !important;margin-left: calc(-4% \/ 2 );margin-right: calc(-4% \/ 2 );\"><div class=\"fusion-layout-column fusion_builder_column_inner fusion-builder-nested-column-6 fusion_builder_column_inner_1_2 1_2 fusion-flex-column\" style=\"--awb-bg-size:cover;--awb-width-large:50%;--awb-margin-top-large:0px;--awb-spacing-right-large:3.84%;--awb-margin-bottom-large:20px;--awb-spacing-left-large:3.84%;--awb-width-medium:50%;--awb-order-medium:0;--awb-spacing-right-medium:3.84%;--awb-spacing-left-medium:3.84%;--awb-width-small:100%;--awb-order-small:0;--awb-spacing-right-small:1.92%;--awb-spacing-left-small:1.92%;\"><div class=\"fusion-column-wrapper fusion-column-has-shadow fusion-flex-justify-content-flex-start fusion-content-layout-column\"><div class=\"fusion-text fusion-text-22\"><h2><span style=\"color: #333333;\"><a style=\"color: #333333;\" href=\"https:\/\/car-renting.me\/en\/portfolio-items\/opel-antara\/\">Opel Antara<\/a><\/span><\/h2>\n<\/div><\/div><\/div><div class=\"fusion-layout-column fusion_builder_column_inner fusion-builder-nested-column-7 fusion_builder_column_inner_1_2 1_2 fusion-flex-column\" style=\"--awb-bg-size:cover;--awb-width-large:50%;--awb-margin-top-large:0px;--awb-spacing-right-large:3.84%;--awb-margin-bottom-large:20px;--awb-spacing-left-large:3.84%;--awb-width-medium:50%;--awb-order-medium:0;--awb-spacing-right-medium:3.84%;--awb-spacing-left-medium:3.84%;--awb-width-small:100%;--awb-order-small:0;--awb-spacing-right-small:1.92%;--awb-spacing-left-small:1.92%;\"><div class=\"fusion-column-wrapper fusion-column-has-shadow fusion-flex-justify-content-flex-start fusion-content-layout-column\"><div class=\"fusion-text fusion-text-23\"><h2 style=\"text-align: right;\"><span style=\"color: #00ccff;\"><strong>55,- \u20ac\/ day<\/strong><\/span><\/h2>\n<\/div><\/div><\/div><\/div><div class=\"fusion-separator\" style=\"align-self: flex-start;margin-right:auto;width:100%;max-width:200px;\"><div class=\"fusion-separator-border sep-single sep-solid\" style=\"--awb-height:20px;--awb-amount:20px;--awb-sep-color:var(--awb-color4);border-color:var(--awb-color4);border-top-width:2px;\"><\/div><\/div><div class=\"fusion-text fusion-text-24\"><h4>The Opel Antara is an off-roader that is just the right size. You can travel the whole country with him relaxed &#8211; he will take you anywhere, without any problems.<\/h4>\n<\/div><div style=\"text-align:center;\"><a class=\"fusion-button button-flat fusion-button-default-size button-default fusion-button-default button-6 fusion-button-span-yes fusion-button-default-type\" target=\"_self\" href=\"https:\/\/car-renting.me\/en\/portfolio-items\/opel-antara\/\"><span class=\"fusion-button-text awb-button__text awb-button__text--default\">Learn more<\/span><\/a><\/div><\/div><\/div><\/div><\/div><div class=\"fusion-fullwidth fullwidth-box fusion-builder-row-10 fusion-flex-container has-pattern-background has-mask-background nonhundred-percent-fullwidth non-hundred-percent-height-scrolling fusion-no-medium-visibility fusion-no-large-visibility\" style=\"--awb-border-radius-top-left:0px;--awb-border-radius-top-right:0px;--awb-border-radius-bottom-right:0px;--awb-border-radius-bottom-left:0px;--awb-flex-wrap:wrap;\" ><div class=\"fusion-builder-row fusion-row fusion-flex-align-items-stretch fusion-flex-content-wrap\" style=\"max-width:1393.6px;margin-left: calc(-4% \/ 2 );margin-right: calc(-4% \/ 2 );\"><div class=\"fusion-layout-column fusion_builder_column fusion-builder-column-24 fusion_builder_column_1_2 1_2 fusion-flex-column\" style=\"--awb-padding-top:50px;--awb-padding-right:20px;--awb-padding-bottom:50px;--awb-padding-left:20px;--awb-bg-color:var(--awb-color2);--awb-bg-color-hover:var(--awb-color2);--awb-bg-size:cover;--awb-width-large:50%;--awb-margin-top-large:0px;--awb-spacing-right-large:3.84%;--awb-margin-bottom-large:20px;--awb-spacing-left-large:3.84%;--awb-width-medium:50%;--awb-order-medium:0;--awb-spacing-right-medium:3.84%;--awb-spacing-left-medium:3.84%;--awb-width-small:100%;--awb-order-small:0;--awb-spacing-right-small:1.92%;--awb-spacing-left-small:1.92%;\"><div class=\"fusion-column-wrapper fusion-column-has-shadow fusion-flex-justify-content-flex-start fusion-content-layout-column\"><div class=\"fusion-image-element \" style=\"--awb-caption-title-font-family:var(--h2_typography-font-family);--awb-caption-title-font-weight:var(--h2_typography-font-weight);--awb-caption-title-font-style:var(--h2_typography-font-style);--awb-caption-title-size:var(--h2_typography-font-size);--awb-caption-title-transform:var(--h2_typography-text-transform);--awb-caption-title-line-height:var(--h2_typography-line-height);--awb-caption-title-letter-spacing:var(--h2_typography-letter-spacing);\"><span class=\" fusion-imageframe imageframe-none imageframe-13 hover-type-none\"><a class=\"fusion-no-lightbox\" href=\"https:\/\/car-renting.me\/en\/portfolio-items\/vm-beetle\/\" target=\"_self\" aria-label=\"DOCC_Autovermietung Montenegro &#8211; Rent a car Montenegro car renting montenegro_-05\"><img decoding=\"async\" width=\"1024\" height=\"683\" src=\"https:\/\/car-renting.me\/wp-content\/uploads\/2022\/10\/DOCC_Autovermietung-Montenegro-Rent-a-car-Montenegro-car-renting-montenegro_-05-1.jpg\" data-orig-src=\"https:\/\/car-renting.me\/wp-content\/uploads\/2022\/10\/DOCC_Autovermietung-Montenegro-Rent-a-car-Montenegro-car-renting-montenegro_-05-1.jpg\" alt class=\"lazyload img-responsive wp-image-3473\" srcset=\"data:image\/svg+xml,%3Csvg%20xmlns%3D%27http%3A%2F%2Fwww.w3.org%2F2000%2Fsvg%27%20width%3D%271024%27%20height%3D%27683%27%20viewBox%3D%270%200%201024%20683%27%3E%3Crect%20width%3D%271024%27%20height%3D%27683%27%20fill-opacity%3D%220%22%2F%3E%3C%2Fsvg%3E\" data-srcset=\"https:\/\/car-renting.me\/wp-content\/uploads\/2022\/10\/DOCC_Autovermietung-Montenegro-Rent-a-car-Montenegro-car-renting-montenegro_-05-1-200x133.jpg 200w, https:\/\/car-renting.me\/wp-content\/uploads\/2022\/10\/DOCC_Autovermietung-Montenegro-Rent-a-car-Montenegro-car-renting-montenegro_-05-1-400x267.jpg 400w, https:\/\/car-renting.me\/wp-content\/uploads\/2022\/10\/DOCC_Autovermietung-Montenegro-Rent-a-car-Montenegro-car-renting-montenegro_-05-1-600x400.jpg 600w, https:\/\/car-renting.me\/wp-content\/uploads\/2022\/10\/DOCC_Autovermietung-Montenegro-Rent-a-car-Montenegro-car-renting-montenegro_-05-1-800x534.jpg 800w, https:\/\/car-renting.me\/wp-content\/uploads\/2022\/10\/DOCC_Autovermietung-Montenegro-Rent-a-car-Montenegro-car-renting-montenegro_-05-1.jpg 1024w\" data-sizes=\"auto\" data-orig-sizes=\"(max-width: 800px) 100vw, 600px\" \/><\/a><\/span><\/div><div class=\"fusion-image-element \" style=\"--awb-caption-title-font-family:var(--h2_typography-font-family);--awb-caption-title-font-weight:var(--h2_typography-font-weight);--awb-caption-title-font-style:var(--h2_typography-font-style);--awb-caption-title-size:var(--h2_typography-font-size);--awb-caption-title-transform:var(--h2_typography-text-transform);--awb-caption-title-line-height:var(--h2_typography-line-height);--awb-caption-title-letter-spacing:var(--h2_typography-letter-spacing);\"><span class=\" fusion-imageframe imageframe-none imageframe-14 hover-type-none\"><img decoding=\"async\" width=\"800\" height=\"200\" title=\"Automerkmale kurz 4er fuer Website Portfolio Einzelseite_Mini VW Beetle_real\" src=\"https:\/\/car-renting.me\/wp-content\/uploads\/2022\/10\/Automerkmale-kurz-4er-fuer-Website-Portfolio-Einzelseite_Mini-VW-Beetle_real.png\" data-orig-src=\"https:\/\/car-renting.me\/wp-content\/uploads\/2022\/10\/Automerkmale-kurz-4er-fuer-Website-Portfolio-Einzelseite_Mini-VW-Beetle_real.png\" alt class=\"lazyload img-responsive wp-image-3890\" srcset=\"data:image\/svg+xml,%3Csvg%20xmlns%3D%27http%3A%2F%2Fwww.w3.org%2F2000%2Fsvg%27%20width%3D%27800%27%20height%3D%27200%27%20viewBox%3D%270%200%20800%20200%27%3E%3Crect%20width%3D%27800%27%20height%3D%27200%27%20fill-opacity%3D%220%22%2F%3E%3C%2Fsvg%3E\" data-srcset=\"https:\/\/car-renting.me\/wp-content\/uploads\/2022\/10\/Automerkmale-kurz-4er-fuer-Website-Portfolio-Einzelseite_Mini-VW-Beetle_real-200x50.png 200w, https:\/\/car-renting.me\/wp-content\/uploads\/2022\/10\/Automerkmale-kurz-4er-fuer-Website-Portfolio-Einzelseite_Mini-VW-Beetle_real-400x100.png 400w, https:\/\/car-renting.me\/wp-content\/uploads\/2022\/10\/Automerkmale-kurz-4er-fuer-Website-Portfolio-Einzelseite_Mini-VW-Beetle_real-600x150.png 600w, https:\/\/car-renting.me\/wp-content\/uploads\/2022\/10\/Automerkmale-kurz-4er-fuer-Website-Portfolio-Einzelseite_Mini-VW-Beetle_real.png 800w\" data-sizes=\"auto\" data-orig-sizes=\"(max-width: 800px) 100vw, 600px\" \/><\/span><\/div><div class=\"fusion-separator fusion-full-width-sep\" style=\"align-self: center;margin-left: auto;margin-right: auto;margin-top:20px;margin-bottom:40px;width:100%;\"><\/div><div class=\"fusion-text fusion-text-25\"><h2 style=\"text-align: center;\"><a href=\"https:\/\/car-renting.me\/en\/portfolio-items\/vm-beetle\/\"><span style=\"color: #333333;\">VW Beetle<\/span><\/a><\/h2>\n<\/div><div class=\"fusion-separator\" style=\"align-self: center;margin-left: auto;margin-right: auto;margin-bottom:20px;width:100%;max-width:200px;\"><div class=\"fusion-separator-border sep-single sep-solid\" style=\"--awb-height:20px;--awb-amount:20px;--awb-sep-color:var(--awb-color4);border-color:var(--awb-color4);border-top-width:2px;\"><\/div><\/div><div class=\"fusion-text fusion-text-26\"><h3 style=\"text-align: center;\"><strong><span style=\"color: #00ccff;\">40\u20ac\/ day<\/span><\/strong><\/h3>\n<\/div><div class=\"fusion-text fusion-text-27\"><h4 style=\"text-align: center;\">The Beetle is a small dream car. Not too big, not too small. Nimble and agile. And as a cabriolet really the ideal car for the coast of Montenegro! Pure pleasure!<\/h4>\n<\/div><div class=\"fusion-separator\" style=\"align-self: flex-start;margin-right:auto;margin-bottom:40px;width:100%;max-width:200px;\"><\/div><div style=\"text-align:center;\"><a class=\"fusion-button button-flat fusion-button-default-size button-default fusion-button-default button-7 fusion-button-span-yes fusion-button-default-type\" target=\"_self\" href=\"https:\/\/car-renting.me\/en\/portfolio-items\/vm-beetle\/\"><span class=\"fusion-button-text awb-button__text awb-button__text--default\">Learn more<\/span><\/a><\/div><\/div><\/div><div class=\"fusion-layout-column fusion_builder_column fusion-builder-column-25 fusion_builder_column_1_2 1_2 fusion-flex-column\" style=\"--awb-padding-top:50px;--awb-padding-right:20px;--awb-padding-bottom:50px;--awb-padding-left:20px;--awb-bg-color:var(--awb-color2);--awb-bg-color-hover:var(--awb-color2);--awb-bg-size:cover;--awb-width-large:50%;--awb-margin-top-large:0px;--awb-spacing-right-large:3.84%;--awb-margin-bottom-large:20px;--awb-spacing-left-large:3.84%;--awb-width-medium:50%;--awb-order-medium:0;--awb-spacing-right-medium:3.84%;--awb-spacing-left-medium:3.84%;--awb-width-small:100%;--awb-order-small:0;--awb-spacing-right-small:1.92%;--awb-spacing-left-small:1.92%;\"><div class=\"fusion-column-wrapper fusion-column-has-shadow fusion-flex-justify-content-flex-start fusion-content-layout-column\"><div class=\"fusion-image-element \" style=\"--awb-caption-title-font-family:var(--h2_typography-font-family);--awb-caption-title-font-weight:var(--h2_typography-font-weight);--awb-caption-title-font-style:var(--h2_typography-font-style);--awb-caption-title-size:var(--h2_typography-font-size);--awb-caption-title-transform:var(--h2_typography-text-transform);--awb-caption-title-line-height:var(--h2_typography-line-height);--awb-caption-title-letter-spacing:var(--h2_typography-letter-spacing);\"><span class=\" fusion-imageframe imageframe-none imageframe-15 hover-type-none\"><a class=\"fusion-no-lightbox\" href=\"https:\/\/car-renting.me\/en\/portfolio-items\/opel-antara\/\" target=\"_self\" aria-label=\"DOCC_Autovermietung Montenegro &#8211; Rent a car Montenegro car renting montenegro-16\"><img decoding=\"async\" width=\"1024\" height=\"683\" src=\"https:\/\/car-renting.me\/wp-content\/uploads\/2022\/10\/DOCC_Autovermietung-Montenegro-Rent-a-car-Montenegro-car-renting-montenegro-16.jpg\" data-orig-src=\"https:\/\/car-renting.me\/wp-content\/uploads\/2022\/10\/DOCC_Autovermietung-Montenegro-Rent-a-car-Montenegro-car-renting-montenegro-16.jpg\" alt class=\"lazyload img-responsive wp-image-2985\" srcset=\"data:image\/svg+xml,%3Csvg%20xmlns%3D%27http%3A%2F%2Fwww.w3.org%2F2000%2Fsvg%27%20width%3D%271024%27%20height%3D%27683%27%20viewBox%3D%270%200%201024%20683%27%3E%3Crect%20width%3D%271024%27%20height%3D%27683%27%20fill-opacity%3D%220%22%2F%3E%3C%2Fsvg%3E\" data-srcset=\"https:\/\/car-renting.me\/wp-content\/uploads\/2022\/10\/DOCC_Autovermietung-Montenegro-Rent-a-car-Montenegro-car-renting-montenegro-16-200x133.jpg 200w, https:\/\/car-renting.me\/wp-content\/uploads\/2022\/10\/DOCC_Autovermietung-Montenegro-Rent-a-car-Montenegro-car-renting-montenegro-16-400x267.jpg 400w, https:\/\/car-renting.me\/wp-content\/uploads\/2022\/10\/DOCC_Autovermietung-Montenegro-Rent-a-car-Montenegro-car-renting-montenegro-16-600x400.jpg 600w, https:\/\/car-renting.me\/wp-content\/uploads\/2022\/10\/DOCC_Autovermietung-Montenegro-Rent-a-car-Montenegro-car-renting-montenegro-16-800x534.jpg 800w, https:\/\/car-renting.me\/wp-content\/uploads\/2022\/10\/DOCC_Autovermietung-Montenegro-Rent-a-car-Montenegro-car-renting-montenegro-16.jpg 1024w\" data-sizes=\"auto\" data-orig-sizes=\"(max-width: 800px) 100vw, 600px\" \/><\/a><\/span><\/div><div class=\"fusion-image-element \" style=\"--awb-caption-title-font-family:var(--h2_typography-font-family);--awb-caption-title-font-weight:var(--h2_typography-font-weight);--awb-caption-title-font-style:var(--h2_typography-font-style);--awb-caption-title-size:var(--h2_typography-font-size);--awb-caption-title-transform:var(--h2_typography-text-transform);--awb-caption-title-line-height:var(--h2_typography-line-height);--awb-caption-title-letter-spacing:var(--h2_typography-letter-spacing);\"><span class=\" fusion-imageframe imageframe-none imageframe-16 hover-type-none\"><img decoding=\"async\" width=\"800\" height=\"200\" title=\"Automerkmale kurz 4er fuer Website Portfolio Einzelseite_Opel Antara_real\" src=\"https:\/\/car-renting.me\/wp-content\/uploads\/2022\/10\/Automerkmale-kurz-4er-fuer-Website-Portfolio-Einzelseite_Opel-Antara_real.png\" data-orig-src=\"https:\/\/car-renting.me\/wp-content\/uploads\/2022\/10\/Automerkmale-kurz-4er-fuer-Website-Portfolio-Einzelseite_Opel-Antara_real.png\" alt class=\"lazyload img-responsive wp-image-3883\" srcset=\"data:image\/svg+xml,%3Csvg%20xmlns%3D%27http%3A%2F%2Fwww.w3.org%2F2000%2Fsvg%27%20width%3D%27800%27%20height%3D%27200%27%20viewBox%3D%270%200%20800%20200%27%3E%3Crect%20width%3D%27800%27%20height%3D%27200%27%20fill-opacity%3D%220%22%2F%3E%3C%2Fsvg%3E\" data-srcset=\"https:\/\/car-renting.me\/wp-content\/uploads\/2022\/10\/Automerkmale-kurz-4er-fuer-Website-Portfolio-Einzelseite_Opel-Antara_real-200x50.png 200w, https:\/\/car-renting.me\/wp-content\/uploads\/2022\/10\/Automerkmale-kurz-4er-fuer-Website-Portfolio-Einzelseite_Opel-Antara_real-400x100.png 400w, https:\/\/car-renting.me\/wp-content\/uploads\/2022\/10\/Automerkmale-kurz-4er-fuer-Website-Portfolio-Einzelseite_Opel-Antara_real-600x150.png 600w, https:\/\/car-renting.me\/wp-content\/uploads\/2022\/10\/Automerkmale-kurz-4er-fuer-Website-Portfolio-Einzelseite_Opel-Antara_real.png 800w\" data-sizes=\"auto\" data-orig-sizes=\"(max-width: 800px) 100vw, 600px\" \/><\/span><\/div><div class=\"fusion-separator fusion-full-width-sep\" style=\"align-self: center;margin-left: auto;margin-right: auto;margin-top:20px;margin-bottom:40px;width:100%;\"><\/div><div class=\"fusion-text fusion-text-28\"><h2 style=\"text-align: center;\"><a href=\"https:\/\/car-renting.me\/en\/portfolio-items\/opel-antara\/\"><span style=\"color: #333333;\">Opel Antara<\/span><\/a><\/h2>\n<\/div><div class=\"fusion-separator\" style=\"align-self: center;margin-left: auto;margin-right: auto;margin-bottom:20px;width:100%;max-width:200px;\"><div class=\"fusion-separator-border sep-single sep-solid\" style=\"--awb-height:20px;--awb-amount:20px;--awb-sep-color:var(--awb-color4);border-color:var(--awb-color4);border-top-width:2px;\"><\/div><\/div><div class=\"fusion-text fusion-text-29\"><h3 style=\"text-align: center;\"><strong><span style=\"color: #00ccff;\">55\u20ac\/ day<\/span><\/strong><\/h3>\n<\/div><div class=\"fusion-text fusion-text-30\"><h4 style=\"text-align: center;\">The Opel Antara is an off-roader that is just the right size. You can travel the whole country with him relaxed &#8211; he will take you anywhere, without any problems.<\/h4>\n<\/div><div class=\"fusion-separator\" style=\"align-self: flex-start;margin-right:auto;margin-bottom:40px;width:100%;max-width:200px;\"><\/div><div style=\"text-align:center;\"><a class=\"fusion-button button-flat fusion-button-default-size button-default fusion-button-default button-8 fusion-button-span-yes fusion-button-default-type\" target=\"_self\" href=\"https:\/\/car-renting.me\/en\/portfolio-items\/opel-antara\/\"><span class=\"fusion-button-text awb-button__text awb-button__text--default\">Learn more<\/span><\/a><\/div><\/div><\/div><\/div><\/div><div class=\"fusion-fullwidth fullwidth-box fusion-builder-row-11 fusion-flex-container has-pattern-background has-mask-background nonhundred-percent-fullwidth non-hundred-percent-height-scrolling fusion-no-small-visibility\" style=\"--awb-border-radius-top-left:0px;--awb-border-radius-top-right:0px;--awb-border-radius-bottom-right:0px;--awb-border-radius-bottom-left:0px;--awb-padding-bottom:100px;--awb-flex-wrap:wrap;\" ><div class=\"fusion-builder-row fusion-row fusion-flex-align-items-stretch fusion-flex-content-wrap\" style=\"max-width:1393.6px;margin-left: calc(-4% \/ 2 );margin-right: calc(-4% \/ 2 );\"><div class=\"fusion-layout-column fusion_builder_column fusion-builder-column-26 fusion_builder_column_1_2 1_2 fusion-flex-column\" style=\"--awb-padding-top:50px;--awb-padding-right:20px;--awb-padding-bottom:50px;--awb-padding-left:20px;--awb-bg-color:var(--awb-color2);--awb-bg-color-hover:var(--awb-color2);--awb-bg-size:cover;--awb-width-large:50%;--awb-margin-top-large:0px;--awb-spacing-right-large:3.84%;--awb-margin-bottom-large:20px;--awb-spacing-left-large:3.84%;--awb-width-medium:50%;--awb-order-medium:0;--awb-spacing-right-medium:3.84%;--awb-spacing-left-medium:3.84%;--awb-width-small:100%;--awb-order-small:0;--awb-spacing-right-small:1.92%;--awb-spacing-left-small:1.92%;\"><div class=\"fusion-column-wrapper fusion-column-has-shadow fusion-flex-justify-content-flex-start fusion-content-layout-column\"><div class=\"fusion-image-element \" style=\"--awb-caption-title-font-family:var(--h2_typography-font-family);--awb-caption-title-font-weight:var(--h2_typography-font-weight);--awb-caption-title-font-style:var(--h2_typography-font-style);--awb-caption-title-size:var(--h2_typography-font-size);--awb-caption-title-transform:var(--h2_typography-text-transform);--awb-caption-title-line-height:var(--h2_typography-line-height);--awb-caption-title-letter-spacing:var(--h2_typography-letter-spacing);\"><span class=\" fusion-imageframe imageframe-none imageframe-17 hover-type-none\"><a class=\"fusion-no-lightbox\" href=\"https:\/\/car-renting.me\/en\/portfolio-items\/bmw-x5\/\" target=\"_self\" aria-label=\"DOCC_Autovermietung Montenegro &#8211; Rent a car Montenegro car renting montenegro-05\"><img decoding=\"async\" width=\"1024\" height=\"683\" src=\"https:\/\/car-renting.me\/wp-content\/uploads\/2022\/10\/DOCC_Autovermietung-Montenegro-Rent-a-car-Montenegro-car-renting-montenegro-05.jpg\" data-orig-src=\"https:\/\/car-renting.me\/wp-content\/uploads\/2022\/10\/DOCC_Autovermietung-Montenegro-Rent-a-car-Montenegro-car-renting-montenegro-05.jpg\" alt class=\"lazyload img-responsive wp-image-3040\" srcset=\"data:image\/svg+xml,%3Csvg%20xmlns%3D%27http%3A%2F%2Fwww.w3.org%2F2000%2Fsvg%27%20width%3D%271024%27%20height%3D%27683%27%20viewBox%3D%270%200%201024%20683%27%3E%3Crect%20width%3D%271024%27%20height%3D%27683%27%20fill-opacity%3D%220%22%2F%3E%3C%2Fsvg%3E\" data-srcset=\"https:\/\/car-renting.me\/wp-content\/uploads\/2022\/10\/DOCC_Autovermietung-Montenegro-Rent-a-car-Montenegro-car-renting-montenegro-05-200x133.jpg 200w, https:\/\/car-renting.me\/wp-content\/uploads\/2022\/10\/DOCC_Autovermietung-Montenegro-Rent-a-car-Montenegro-car-renting-montenegro-05-400x267.jpg 400w, https:\/\/car-renting.me\/wp-content\/uploads\/2022\/10\/DOCC_Autovermietung-Montenegro-Rent-a-car-Montenegro-car-renting-montenegro-05-600x400.jpg 600w, https:\/\/car-renting.me\/wp-content\/uploads\/2022\/10\/DOCC_Autovermietung-Montenegro-Rent-a-car-Montenegro-car-renting-montenegro-05-800x534.jpg 800w, https:\/\/car-renting.me\/wp-content\/uploads\/2022\/10\/DOCC_Autovermietung-Montenegro-Rent-a-car-Montenegro-car-renting-montenegro-05.jpg 1024w\" data-sizes=\"auto\" data-orig-sizes=\"(max-width: 800px) 100vw, 600px\" \/><\/a><\/span><\/div><div class=\"fusion-image-element \" style=\"--awb-caption-title-font-family:var(--h2_typography-font-family);--awb-caption-title-font-weight:var(--h2_typography-font-weight);--awb-caption-title-font-style:var(--h2_typography-font-style);--awb-caption-title-size:var(--h2_typography-font-size);--awb-caption-title-transform:var(--h2_typography-text-transform);--awb-caption-title-line-height:var(--h2_typography-line-height);--awb-caption-title-letter-spacing:var(--h2_typography-letter-spacing);\"><span class=\" fusion-imageframe imageframe-none imageframe-18 hover-type-none\"><img decoding=\"async\" width=\"800\" height=\"200\" title=\"Automerkmale kurz 4er fuer Website Portfolio Einzelseite_BMWX5_real\" src=\"https:\/\/car-renting.me\/wp-content\/uploads\/2022\/09\/Automerkmale-kurz-4er-fuer-Website-Portfolio-Einzelseite_BMWX5_real.png\" data-orig-src=\"https:\/\/car-renting.me\/wp-content\/uploads\/2022\/09\/Automerkmale-kurz-4er-fuer-Website-Portfolio-Einzelseite_BMWX5_real.png\" alt class=\"lazyload img-responsive wp-image-3876\" srcset=\"data:image\/svg+xml,%3Csvg%20xmlns%3D%27http%3A%2F%2Fwww.w3.org%2F2000%2Fsvg%27%20width%3D%27800%27%20height%3D%27200%27%20viewBox%3D%270%200%20800%20200%27%3E%3Crect%20width%3D%27800%27%20height%3D%27200%27%20fill-opacity%3D%220%22%2F%3E%3C%2Fsvg%3E\" data-srcset=\"https:\/\/car-renting.me\/wp-content\/uploads\/2022\/09\/Automerkmale-kurz-4er-fuer-Website-Portfolio-Einzelseite_BMWX5_real-200x50.png 200w, https:\/\/car-renting.me\/wp-content\/uploads\/2022\/09\/Automerkmale-kurz-4er-fuer-Website-Portfolio-Einzelseite_BMWX5_real-400x100.png 400w, https:\/\/car-renting.me\/wp-content\/uploads\/2022\/09\/Automerkmale-kurz-4er-fuer-Website-Portfolio-Einzelseite_BMWX5_real-600x150.png 600w, https:\/\/car-renting.me\/wp-content\/uploads\/2022\/09\/Automerkmale-kurz-4er-fuer-Website-Portfolio-Einzelseite_BMWX5_real.png 800w\" data-sizes=\"auto\" data-orig-sizes=\"(max-width: 800px) 100vw, 600px\" \/><\/span><\/div><div class=\"fusion-separator fusion-full-width-sep\" style=\"align-self: center;margin-left: auto;margin-right: auto;margin-bottom:40px;width:100%;\"><\/div><div class=\"fusion-builder-row fusion-builder-row-inner fusion-row fusion-flex-align-items-stretch fusion-flex-content-wrap\" style=\"width:104% !important;max-width:104% !important;margin-left: calc(-4% \/ 2 );margin-right: calc(-4% \/ 2 );\"><div class=\"fusion-layout-column fusion_builder_column_inner fusion-builder-nested-column-8 fusion_builder_column_inner_1_2 1_2 fusion-flex-column\" style=\"--awb-bg-size:cover;--awb-width-large:50%;--awb-margin-top-large:0px;--awb-spacing-right-large:3.84%;--awb-margin-bottom-large:20px;--awb-spacing-left-large:3.84%;--awb-width-medium:50%;--awb-order-medium:0;--awb-spacing-right-medium:3.84%;--awb-spacing-left-medium:3.84%;--awb-width-small:100%;--awb-order-small:0;--awb-spacing-right-small:1.92%;--awb-spacing-left-small:1.92%;\"><div class=\"fusion-column-wrapper fusion-column-has-shadow fusion-flex-justify-content-flex-start fusion-content-layout-column\"><div class=\"fusion-text fusion-text-31\"><h2><span style=\"color: #333333;\"><a style=\"color: #333333;\" href=\"https:\/\/car-renting.me\/en\/portfolio-items\/bmw-x5\/\">BMW X5<\/a><\/span><\/h2>\n<\/div><\/div><\/div><div class=\"fusion-layout-column fusion_builder_column_inner fusion-builder-nested-column-9 fusion_builder_column_inner_1_2 1_2 fusion-flex-column\" style=\"--awb-bg-size:cover;--awb-width-large:50%;--awb-margin-top-large:0px;--awb-spacing-right-large:3.84%;--awb-margin-bottom-large:20px;--awb-spacing-left-large:3.84%;--awb-width-medium:50%;--awb-order-medium:0;--awb-spacing-right-medium:3.84%;--awb-spacing-left-medium:3.84%;--awb-width-small:100%;--awb-order-small:0;--awb-spacing-right-small:1.92%;--awb-spacing-left-small:1.92%;\"><div class=\"fusion-column-wrapper fusion-column-has-shadow fusion-flex-justify-content-flex-start fusion-content-layout-column\"><div class=\"fusion-text fusion-text-32\"><h2 style=\"text-align: right;\"><span style=\"color: #00ccff;\"><strong>55,- \u20ac\/ day<\/strong><\/span><\/h2>\n<\/div><\/div><\/div><\/div><div class=\"fusion-separator\" style=\"align-self: flex-start;margin-right:auto;width:100%;max-width:200px;\"><div class=\"fusion-separator-border sep-single sep-solid\" style=\"--awb-height:20px;--awb-amount:20px;--awb-sep-color:var(--awb-color4);border-color:var(--awb-color4);border-top-width:2px;\"><\/div><\/div><div class=\"fusion-text fusion-text-33\"><h4>With the BMW X5 you can drive in the mountains or in the city &#8211; it does everything and carries you safely through any event. A robust car with super engine!<\/h4>\n<\/div><div style=\"text-align:center;\"><a class=\"fusion-button button-flat fusion-button-default-size button-default fusion-button-default button-9 fusion-button-span-yes fusion-button-default-type\" target=\"_self\" href=\"https:\/\/car-renting.me\/en\/portfolio-items\/bmw-x5\/\"><span class=\"fusion-button-text awb-button__text awb-button__text--default\">Learn more<\/span><\/a><\/div><\/div><\/div><div class=\"fusion-layout-column fusion_builder_column fusion-builder-column-27 fusion_builder_column_1_2 1_2 fusion-flex-column\" style=\"--awb-padding-top:50px;--awb-padding-right:20px;--awb-padding-bottom:50px;--awb-padding-left:20px;--awb-bg-color:var(--awb-color2);--awb-bg-color-hover:var(--awb-color2);--awb-bg-size:cover;--awb-width-large:50%;--awb-margin-top-large:0px;--awb-spacing-right-large:3.84%;--awb-margin-bottom-large:20px;--awb-spacing-left-large:3.84%;--awb-width-medium:50%;--awb-order-medium:0;--awb-spacing-right-medium:3.84%;--awb-spacing-left-medium:3.84%;--awb-width-small:100%;--awb-order-small:0;--awb-spacing-right-small:1.92%;--awb-spacing-left-small:1.92%;\"><div class=\"fusion-column-wrapper fusion-column-has-shadow fusion-flex-justify-content-flex-start fusion-content-layout-column\"><div class=\"fusion-image-element \" style=\"--awb-caption-title-font-family:var(--h2_typography-font-family);--awb-caption-title-font-weight:var(--h2_typography-font-weight);--awb-caption-title-font-style:var(--h2_typography-font-style);--awb-caption-title-size:var(--h2_typography-font-size);--awb-caption-title-transform:var(--h2_typography-text-transform);--awb-caption-title-line-height:var(--h2_typography-line-height);--awb-caption-title-letter-spacing:var(--h2_typography-letter-spacing);\"><span class=\" fusion-imageframe imageframe-none imageframe-19 hover-type-none\"><a class=\"fusion-no-lightbox\" href=\"https:\/\/car-renting.me\/en\/portfolio-items\/porsche-cayenne\/\" target=\"_self\" aria-label=\"DOCC_Autovermietung Montenegro &#8211; Rent a car Montenegro car renting montenegro-01\"><img decoding=\"async\" width=\"1024\" height=\"683\" src=\"https:\/\/car-renting.me\/wp-content\/uploads\/2022\/10\/DOCC_Autovermietung-Montenegro-Rent-a-car-Montenegro-car-renting-montenegro-01.jpg\" data-orig-src=\"https:\/\/car-renting.me\/wp-content\/uploads\/2022\/10\/DOCC_Autovermietung-Montenegro-Rent-a-car-Montenegro-car-renting-montenegro-01.jpg\" alt class=\"lazyload img-responsive wp-image-3060\" srcset=\"data:image\/svg+xml,%3Csvg%20xmlns%3D%27http%3A%2F%2Fwww.w3.org%2F2000%2Fsvg%27%20width%3D%271024%27%20height%3D%27683%27%20viewBox%3D%270%200%201024%20683%27%3E%3Crect%20width%3D%271024%27%20height%3D%27683%27%20fill-opacity%3D%220%22%2F%3E%3C%2Fsvg%3E\" data-srcset=\"https:\/\/car-renting.me\/wp-content\/uploads\/2022\/10\/DOCC_Autovermietung-Montenegro-Rent-a-car-Montenegro-car-renting-montenegro-01-200x133.jpg 200w, https:\/\/car-renting.me\/wp-content\/uploads\/2022\/10\/DOCC_Autovermietung-Montenegro-Rent-a-car-Montenegro-car-renting-montenegro-01-400x267.jpg 400w, https:\/\/car-renting.me\/wp-content\/uploads\/2022\/10\/DOCC_Autovermietung-Montenegro-Rent-a-car-Montenegro-car-renting-montenegro-01-600x400.jpg 600w, https:\/\/car-renting.me\/wp-content\/uploads\/2022\/10\/DOCC_Autovermietung-Montenegro-Rent-a-car-Montenegro-car-renting-montenegro-01-800x534.jpg 800w, https:\/\/car-renting.me\/wp-content\/uploads\/2022\/10\/DOCC_Autovermietung-Montenegro-Rent-a-car-Montenegro-car-renting-montenegro-01.jpg 1024w\" data-sizes=\"auto\" data-orig-sizes=\"(max-width: 800px) 100vw, 600px\" \/><\/a><\/span><\/div><div class=\"fusion-image-element \" style=\"--awb-caption-title-font-family:var(--h2_typography-font-family);--awb-caption-title-font-weight:var(--h2_typography-font-weight);--awb-caption-title-font-style:var(--h2_typography-font-style);--awb-caption-title-size:var(--h2_typography-font-size);--awb-caption-title-transform:var(--h2_typography-text-transform);--awb-caption-title-line-height:var(--h2_typography-line-height);--awb-caption-title-letter-spacing:var(--h2_typography-letter-spacing);\"><span class=\" fusion-imageframe imageframe-none imageframe-20 hover-type-none\"><img decoding=\"async\" width=\"800\" height=\"200\" title=\"Automerkmale kurz 4er fuer Website Portfolio Einzelseite_Porsche Cayenne_Zeichenfla\u0308che 1\" src=\"https:\/\/car-renting.me\/wp-content\/uploads\/2022\/10\/Automerkmale-kurz-4er-fuer-Website-Portfolio-Einzelseite_Porsche-Cayenne_Zeichenfla\u0308che-1.png\" data-orig-src=\"https:\/\/car-renting.me\/wp-content\/uploads\/2022\/10\/Automerkmale-kurz-4er-fuer-Website-Portfolio-Einzelseite_Porsche-Cayenne_Zeichenfla\u0308che-1.png\" alt class=\"lazyload img-responsive wp-image-3756\" srcset=\"data:image\/svg+xml,%3Csvg%20xmlns%3D%27http%3A%2F%2Fwww.w3.org%2F2000%2Fsvg%27%20width%3D%27800%27%20height%3D%27200%27%20viewBox%3D%270%200%20800%20200%27%3E%3Crect%20width%3D%27800%27%20height%3D%27200%27%20fill-opacity%3D%220%22%2F%3E%3C%2Fsvg%3E\" data-srcset=\"https:\/\/car-renting.me\/wp-content\/uploads\/2022\/10\/Automerkmale-kurz-4er-fuer-Website-Portfolio-Einzelseite_Porsche-Cayenne_Zeichenfla\u0308che-1-200x50.png 200w, https:\/\/car-renting.me\/wp-content\/uploads\/2022\/10\/Automerkmale-kurz-4er-fuer-Website-Portfolio-Einzelseite_Porsche-Cayenne_Zeichenfla\u0308che-1-400x100.png 400w, https:\/\/car-renting.me\/wp-content\/uploads\/2022\/10\/Automerkmale-kurz-4er-fuer-Website-Portfolio-Einzelseite_Porsche-Cayenne_Zeichenfla\u0308che-1-600x150.png 600w, https:\/\/car-renting.me\/wp-content\/uploads\/2022\/10\/Automerkmale-kurz-4er-fuer-Website-Portfolio-Einzelseite_Porsche-Cayenne_Zeichenfla\u0308che-1.png 800w\" data-sizes=\"auto\" data-orig-sizes=\"(max-width: 800px) 100vw, 600px\" \/><\/span><\/div><div class=\"fusion-separator fusion-full-width-sep\" style=\"align-self: center;margin-left: auto;margin-right: auto;margin-bottom:40px;width:100%;\"><\/div><div class=\"fusion-builder-row fusion-builder-row-inner fusion-row fusion-flex-align-items-stretch fusion-flex-content-wrap\" style=\"width:104% !important;max-width:104% !important;margin-left: calc(-4% \/ 2 );margin-right: calc(-4% \/ 2 );\"><div class=\"fusion-layout-column fusion_builder_column_inner fusion-builder-nested-column-10 fusion_builder_column_inner_1_2 1_2 fusion-flex-column\" style=\"--awb-bg-size:cover;--awb-width-large:50%;--awb-margin-top-large:0px;--awb-spacing-right-large:3.84%;--awb-margin-bottom-large:20px;--awb-spacing-left-large:3.84%;--awb-width-medium:50%;--awb-order-medium:0;--awb-spacing-right-medium:3.84%;--awb-spacing-left-medium:3.84%;--awb-width-small:100%;--awb-order-small:0;--awb-spacing-right-small:1.92%;--awb-spacing-left-small:1.92%;\"><div class=\"fusion-column-wrapper fusion-column-has-shadow fusion-flex-justify-content-flex-start fusion-content-layout-column\"><div class=\"fusion-text fusion-text-34\"><h2><span style=\"color: #333333;\"><a style=\"color: #333333;\" href=\"https:\/\/car-renting.me\/en\/portfolio-items\/porsche-cayenne\/\">Porsche Cayenne<\/a><\/span><\/h2>\n<\/div><\/div><\/div><div class=\"fusion-layout-column fusion_builder_column_inner fusion-builder-nested-column-11 fusion_builder_column_inner_1_2 1_2 fusion-flex-column\" style=\"--awb-bg-size:cover;--awb-width-large:50%;--awb-margin-top-large:0px;--awb-spacing-right-large:3.84%;--awb-margin-bottom-large:20px;--awb-spacing-left-large:3.84%;--awb-width-medium:50%;--awb-order-medium:0;--awb-spacing-right-medium:3.84%;--awb-spacing-left-medium:3.84%;--awb-width-small:100%;--awb-order-small:0;--awb-spacing-right-small:1.92%;--awb-spacing-left-small:1.92%;\"><div class=\"fusion-column-wrapper fusion-column-has-shadow fusion-flex-justify-content-flex-start fusion-content-layout-column\"><div class=\"fusion-text fusion-text-35\"><h2 style=\"text-align: right;\"><span style=\"color: #00ccff;\"><strong>100,- \u20ac\/ day<\/strong><\/span><\/h2>\n<\/div><\/div><\/div><\/div><div class=\"fusion-separator\" style=\"align-self: flex-start;margin-right:auto;width:100%;max-width:200px;\"><div class=\"fusion-separator-border sep-single sep-solid\" style=\"--awb-height:20px;--awb-amount:20px;--awb-sep-color:var(--awb-color4);border-color:var(--awb-color4);border-top-width:2px;\"><\/div><\/div><div class=\"fusion-text fusion-text-36\"><h4>The Porsche Cayenne offers everything &#8211; safety, comfort, elegance and driving pleasure! The non-plus-ultra package you could say! Suitable for all terrains and areas! More is hardly possible.<\/h4>\n<\/div><div style=\"text-align:center;\"><a class=\"fusion-button button-flat fusion-button-default-size button-default fusion-button-default button-10 fusion-button-span-yes fusion-button-default-type\" target=\"_self\" href=\"https:\/\/car-renting.me\/en\/portfolio-items\/porsche-cayenne\/\"><span class=\"fusion-button-text awb-button__text awb-button__text--default\">Learn more<\/span><\/a><\/div><\/div><\/div><\/div><\/div><div class=\"fusion-fullwidth fullwidth-box fusion-builder-row-12 fusion-flex-container has-pattern-background has-mask-background nonhundred-percent-fullwidth non-hundred-percent-height-scrolling fusion-no-medium-visibility fusion-no-large-visibility\" style=\"--awb-border-radius-top-left:0px;--awb-border-radius-top-right:0px;--awb-border-radius-bottom-right:0px;--awb-border-radius-bottom-left:0px;--awb-padding-bottom:100px;--awb-flex-wrap:wrap;\" ><div class=\"fusion-builder-row fusion-row fusion-flex-align-items-stretch fusion-flex-content-wrap\" style=\"max-width:1393.6px;margin-left: calc(-4% \/ 2 );margin-right: calc(-4% \/ 2 );\"><div class=\"fusion-layout-column fusion_builder_column fusion-builder-column-28 fusion_builder_column_1_2 1_2 fusion-flex-column\" style=\"--awb-padding-top:50px;--awb-padding-right:20px;--awb-padding-bottom:50px;--awb-padding-left:20px;--awb-bg-color:var(--awb-color2);--awb-bg-color-hover:var(--awb-color2);--awb-bg-size:cover;--awb-width-large:50%;--awb-margin-top-large:0px;--awb-spacing-right-large:3.84%;--awb-margin-bottom-large:20px;--awb-spacing-left-large:3.84%;--awb-width-medium:50%;--awb-order-medium:0;--awb-spacing-right-medium:3.84%;--awb-spacing-left-medium:3.84%;--awb-width-small:100%;--awb-order-small:0;--awb-spacing-right-small:1.92%;--awb-spacing-left-small:1.92%;\"><div class=\"fusion-column-wrapper fusion-column-has-shadow fusion-flex-justify-content-flex-start fusion-content-layout-column\"><div class=\"fusion-image-element \" style=\"--awb-caption-title-font-family:var(--h2_typography-font-family);--awb-caption-title-font-weight:var(--h2_typography-font-weight);--awb-caption-title-font-style:var(--h2_typography-font-style);--awb-caption-title-size:var(--h2_typography-font-size);--awb-caption-title-transform:var(--h2_typography-text-transform);--awb-caption-title-line-height:var(--h2_typography-line-height);--awb-caption-title-letter-spacing:var(--h2_typography-letter-spacing);\"><span class=\" fusion-imageframe imageframe-none imageframe-21 hover-type-none\"><a class=\"fusion-no-lightbox\" href=\"https:\/\/car-renting.me\/en\/portfolio-items\/bmw-x5\/\" target=\"_self\" aria-label=\"DOCC_Autovermietung Montenegro &#8211; Rent a car Montenegro car renting montenegro-05\"><img decoding=\"async\" width=\"1024\" height=\"683\" src=\"https:\/\/car-renting.me\/wp-content\/uploads\/2022\/10\/DOCC_Autovermietung-Montenegro-Rent-a-car-Montenegro-car-renting-montenegro-05.jpg\" data-orig-src=\"https:\/\/car-renting.me\/wp-content\/uploads\/2022\/10\/DOCC_Autovermietung-Montenegro-Rent-a-car-Montenegro-car-renting-montenegro-05.jpg\" alt class=\"lazyload img-responsive wp-image-3040\" srcset=\"data:image\/svg+xml,%3Csvg%20xmlns%3D%27http%3A%2F%2Fwww.w3.org%2F2000%2Fsvg%27%20width%3D%271024%27%20height%3D%27683%27%20viewBox%3D%270%200%201024%20683%27%3E%3Crect%20width%3D%271024%27%20height%3D%27683%27%20fill-opacity%3D%220%22%2F%3E%3C%2Fsvg%3E\" data-srcset=\"https:\/\/car-renting.me\/wp-content\/uploads\/2022\/10\/DOCC_Autovermietung-Montenegro-Rent-a-car-Montenegro-car-renting-montenegro-05-200x133.jpg 200w, https:\/\/car-renting.me\/wp-content\/uploads\/2022\/10\/DOCC_Autovermietung-Montenegro-Rent-a-car-Montenegro-car-renting-montenegro-05-400x267.jpg 400w, https:\/\/car-renting.me\/wp-content\/uploads\/2022\/10\/DOCC_Autovermietung-Montenegro-Rent-a-car-Montenegro-car-renting-montenegro-05-600x400.jpg 600w, https:\/\/car-renting.me\/wp-content\/uploads\/2022\/10\/DOCC_Autovermietung-Montenegro-Rent-a-car-Montenegro-car-renting-montenegro-05-800x534.jpg 800w, https:\/\/car-renting.me\/wp-content\/uploads\/2022\/10\/DOCC_Autovermietung-Montenegro-Rent-a-car-Montenegro-car-renting-montenegro-05.jpg 1024w\" data-sizes=\"auto\" data-orig-sizes=\"(max-width: 800px) 100vw, 600px\" \/><\/a><\/span><\/div><div class=\"fusion-image-element \" style=\"--awb-caption-title-font-family:var(--h2_typography-font-family);--awb-caption-title-font-weight:var(--h2_typography-font-weight);--awb-caption-title-font-style:var(--h2_typography-font-style);--awb-caption-title-size:var(--h2_typography-font-size);--awb-caption-title-transform:var(--h2_typography-text-transform);--awb-caption-title-line-height:var(--h2_typography-line-height);--awb-caption-title-letter-spacing:var(--h2_typography-letter-spacing);\"><span class=\" fusion-imageframe imageframe-none imageframe-22 hover-type-none\"><img decoding=\"async\" width=\"800\" height=\"200\" title=\"Automerkmale kurz 4er fuer Website Portfolio Einzelseite_BMWX5_real\" src=\"https:\/\/car-renting.me\/wp-content\/uploads\/2022\/09\/Automerkmale-kurz-4er-fuer-Website-Portfolio-Einzelseite_BMWX5_real.png\" data-orig-src=\"https:\/\/car-renting.me\/wp-content\/uploads\/2022\/09\/Automerkmale-kurz-4er-fuer-Website-Portfolio-Einzelseite_BMWX5_real.png\" alt class=\"lazyload img-responsive wp-image-3876\" srcset=\"data:image\/svg+xml,%3Csvg%20xmlns%3D%27http%3A%2F%2Fwww.w3.org%2F2000%2Fsvg%27%20width%3D%27800%27%20height%3D%27200%27%20viewBox%3D%270%200%20800%20200%27%3E%3Crect%20width%3D%27800%27%20height%3D%27200%27%20fill-opacity%3D%220%22%2F%3E%3C%2Fsvg%3E\" data-srcset=\"https:\/\/car-renting.me\/wp-content\/uploads\/2022\/09\/Automerkmale-kurz-4er-fuer-Website-Portfolio-Einzelseite_BMWX5_real-200x50.png 200w, https:\/\/car-renting.me\/wp-content\/uploads\/2022\/09\/Automerkmale-kurz-4er-fuer-Website-Portfolio-Einzelseite_BMWX5_real-400x100.png 400w, https:\/\/car-renting.me\/wp-content\/uploads\/2022\/09\/Automerkmale-kurz-4er-fuer-Website-Portfolio-Einzelseite_BMWX5_real-600x150.png 600w, https:\/\/car-renting.me\/wp-content\/uploads\/2022\/09\/Automerkmale-kurz-4er-fuer-Website-Portfolio-Einzelseite_BMWX5_real.png 800w\" data-sizes=\"auto\" data-orig-sizes=\"(max-width: 800px) 100vw, 600px\" \/><\/span><\/div><div class=\"fusion-separator fusion-full-width-sep\" style=\"align-self: center;margin-left: auto;margin-right: auto;margin-top:20px;margin-bottom:40px;width:100%;\"><\/div><div class=\"fusion-text fusion-text-37\"><h2 style=\"text-align: center;\"><a href=\"https:\/\/car-renting.me\/en\/portfolio-items\/bmw-x5\/\"><span style=\"color: #333333;\">BMW X5<\/span><\/a><\/h2>\n<\/div><div class=\"fusion-separator\" style=\"align-self: center;margin-left: auto;margin-right: auto;margin-bottom:20px;width:100%;max-width:200px;\"><div class=\"fusion-separator-border sep-single sep-solid\" style=\"--awb-height:20px;--awb-amount:20px;--awb-sep-color:var(--awb-color4);border-color:var(--awb-color4);border-top-width:2px;\"><\/div><\/div><div class=\"fusion-text fusion-text-38\"><h3 style=\"text-align: center;\"><strong><span style=\"color: #00ccff;\">55\u20ac\/ day<\/span><\/strong><\/h3>\n<\/div><div class=\"fusion-text fusion-text-39\"><h4 style=\"text-align: center;\">With the BMW X5 you can drive in the mountains or in the city &#8211; it does everything and carries you safely through any event. A robust car with super engine!<\/h4>\n<\/div><div class=\"fusion-separator\" style=\"align-self: flex-start;margin-right:auto;margin-bottom:40px;width:100%;max-width:200px;\"><\/div><div style=\"text-align:center;\"><a class=\"fusion-button button-flat fusion-button-default-size button-default fusion-button-default button-11 fusion-button-span-yes fusion-button-default-type\" target=\"_self\" href=\"https:\/\/car-renting.me\/en\/portfolio-items\/bmw-x5\/\"><span class=\"fusion-button-text awb-button__text awb-button__text--default\">Learn more<\/span><\/a><\/div><\/div><\/div><div class=\"fusion-layout-column fusion_builder_column fusion-builder-column-29 fusion_builder_column_1_2 1_2 fusion-flex-column\" style=\"--awb-padding-top:50px;--awb-padding-right:20px;--awb-padding-bottom:50px;--awb-padding-left:20px;--awb-bg-color:var(--awb-color2);--awb-bg-color-hover:var(--awb-color2);--awb-bg-size:cover;--awb-width-large:50%;--awb-margin-top-large:0px;--awb-spacing-right-large:3.84%;--awb-margin-bottom-large:20px;--awb-spacing-left-large:3.84%;--awb-width-medium:50%;--awb-order-medium:0;--awb-spacing-right-medium:3.84%;--awb-spacing-left-medium:3.84%;--awb-width-small:100%;--awb-order-small:0;--awb-spacing-right-small:1.92%;--awb-spacing-left-small:1.92%;\"><div class=\"fusion-column-wrapper fusion-column-has-shadow fusion-flex-justify-content-flex-start fusion-content-layout-column\"><div class=\"fusion-image-element \" style=\"--awb-caption-title-font-family:var(--h2_typography-font-family);--awb-caption-title-font-weight:var(--h2_typography-font-weight);--awb-caption-title-font-style:var(--h2_typography-font-style);--awb-caption-title-size:var(--h2_typography-font-size);--awb-caption-title-transform:var(--h2_typography-text-transform);--awb-caption-title-line-height:var(--h2_typography-line-height);--awb-caption-title-letter-spacing:var(--h2_typography-letter-spacing);\"><span class=\" fusion-imageframe imageframe-none imageframe-23 hover-type-none\"><a class=\"fusion-no-lightbox\" href=\"https:\/\/car-renting.me\/en\/portfolio-items\/porsche-cayenne\/\" target=\"_self\" aria-label=\"DOCC_Autovermietung Montenegro &#8211; Rent a car Montenegro car renting montenegro-01\"><img decoding=\"async\" width=\"1024\" height=\"683\" src=\"https:\/\/car-renting.me\/wp-content\/uploads\/2022\/10\/DOCC_Autovermietung-Montenegro-Rent-a-car-Montenegro-car-renting-montenegro-01.jpg\" data-orig-src=\"https:\/\/car-renting.me\/wp-content\/uploads\/2022\/10\/DOCC_Autovermietung-Montenegro-Rent-a-car-Montenegro-car-renting-montenegro-01.jpg\" alt class=\"lazyload img-responsive wp-image-3060\" srcset=\"data:image\/svg+xml,%3Csvg%20xmlns%3D%27http%3A%2F%2Fwww.w3.org%2F2000%2Fsvg%27%20width%3D%271024%27%20height%3D%27683%27%20viewBox%3D%270%200%201024%20683%27%3E%3Crect%20width%3D%271024%27%20height%3D%27683%27%20fill-opacity%3D%220%22%2F%3E%3C%2Fsvg%3E\" data-srcset=\"https:\/\/car-renting.me\/wp-content\/uploads\/2022\/10\/DOCC_Autovermietung-Montenegro-Rent-a-car-Montenegro-car-renting-montenegro-01-200x133.jpg 200w, https:\/\/car-renting.me\/wp-content\/uploads\/2022\/10\/DOCC_Autovermietung-Montenegro-Rent-a-car-Montenegro-car-renting-montenegro-01-400x267.jpg 400w, https:\/\/car-renting.me\/wp-content\/uploads\/2022\/10\/DOCC_Autovermietung-Montenegro-Rent-a-car-Montenegro-car-renting-montenegro-01-600x400.jpg 600w, https:\/\/car-renting.me\/wp-content\/uploads\/2022\/10\/DOCC_Autovermietung-Montenegro-Rent-a-car-Montenegro-car-renting-montenegro-01-800x534.jpg 800w, https:\/\/car-renting.me\/wp-content\/uploads\/2022\/10\/DOCC_Autovermietung-Montenegro-Rent-a-car-Montenegro-car-renting-montenegro-01.jpg 1024w\" data-sizes=\"auto\" data-orig-sizes=\"(max-width: 800px) 100vw, 600px\" \/><\/a><\/span><\/div><div class=\"fusion-image-element \" style=\"--awb-caption-title-font-family:var(--h2_typography-font-family);--awb-caption-title-font-weight:var(--h2_typography-font-weight);--awb-caption-title-font-style:var(--h2_typography-font-style);--awb-caption-title-size:var(--h2_typography-font-size);--awb-caption-title-transform:var(--h2_typography-text-transform);--awb-caption-title-line-height:var(--h2_typography-line-height);--awb-caption-title-letter-spacing:var(--h2_typography-letter-spacing);\"><span class=\" fusion-imageframe imageframe-none imageframe-24 hover-type-none\"><img decoding=\"async\" width=\"800\" height=\"200\" title=\"Automerkmale kurz 4er fuer Website Portfolio Einzelseite_Porsche Cayenne_Zeichenfla\u0308che 1\" src=\"https:\/\/car-renting.me\/wp-content\/uploads\/2022\/10\/Automerkmale-kurz-4er-fuer-Website-Portfolio-Einzelseite_Porsche-Cayenne_Zeichenfla\u0308che-1.png\" data-orig-src=\"https:\/\/car-renting.me\/wp-content\/uploads\/2022\/10\/Automerkmale-kurz-4er-fuer-Website-Portfolio-Einzelseite_Porsche-Cayenne_Zeichenfla\u0308che-1.png\" alt class=\"lazyload img-responsive wp-image-3756\" srcset=\"data:image\/svg+xml,%3Csvg%20xmlns%3D%27http%3A%2F%2Fwww.w3.org%2F2000%2Fsvg%27%20width%3D%27800%27%20height%3D%27200%27%20viewBox%3D%270%200%20800%20200%27%3E%3Crect%20width%3D%27800%27%20height%3D%27200%27%20fill-opacity%3D%220%22%2F%3E%3C%2Fsvg%3E\" data-srcset=\"https:\/\/car-renting.me\/wp-content\/uploads\/2022\/10\/Automerkmale-kurz-4er-fuer-Website-Portfolio-Einzelseite_Porsche-Cayenne_Zeichenfla\u0308che-1-200x50.png 200w, https:\/\/car-renting.me\/wp-content\/uploads\/2022\/10\/Automerkmale-kurz-4er-fuer-Website-Portfolio-Einzelseite_Porsche-Cayenne_Zeichenfla\u0308che-1-400x100.png 400w, https:\/\/car-renting.me\/wp-content\/uploads\/2022\/10\/Automerkmale-kurz-4er-fuer-Website-Portfolio-Einzelseite_Porsche-Cayenne_Zeichenfla\u0308che-1-600x150.png 600w, https:\/\/car-renting.me\/wp-content\/uploads\/2022\/10\/Automerkmale-kurz-4er-fuer-Website-Portfolio-Einzelseite_Porsche-Cayenne_Zeichenfla\u0308che-1.png 800w\" data-sizes=\"auto\" data-orig-sizes=\"(max-width: 800px) 100vw, 600px\" \/><\/span><\/div><div class=\"fusion-separator fusion-full-width-sep\" style=\"align-self: center;margin-left: auto;margin-right: auto;margin-top:20px;margin-bottom:40px;width:100%;\"><\/div><div class=\"fusion-text fusion-text-40\"><h2 style=\"text-align: center;\"><span style=\"color: #333333;\"><a style=\"color: #333333;\" href=\"https:\/\/car-renting.me\/en\/portfolio-items\/porsche-cayenne\/\">Porsche Cayenne<\/a><\/span><\/h2>\n<\/div><div class=\"fusion-separator\" style=\"align-self: center;margin-left: auto;margin-right: auto;margin-bottom:20px;width:100%;max-width:200px;\"><div class=\"fusion-separator-border sep-single sep-solid\" style=\"--awb-height:20px;--awb-amount:20px;--awb-sep-color:var(--awb-color4);border-color:var(--awb-color4);border-top-width:2px;\"><\/div><\/div><div class=\"fusion-text fusion-text-41\"><h3 style=\"text-align: center;\"><strong><span style=\"color: #00ccff;\">100\u20ac\/ day<\/span><\/strong><\/h3>\n<\/div><div class=\"fusion-text fusion-text-42\"><h4 style=\"text-align: center;\">The Porsche Cayenne offers everything &#8211; safety, comfort, elegance and driving pleasure! The non-plus-ultra package you could say! Suitable for all terrains and areas! More is hardly possible.<\/h4>\n<\/div><div class=\"fusion-separator\" style=\"align-self: flex-start;margin-right:auto;margin-bottom:40px;width:100%;max-width:200px;\"><\/div><div style=\"text-align:center;\"><a class=\"fusion-button button-flat fusion-button-default-size button-default fusion-button-default button-12 fusion-button-span-yes fusion-button-default-type\" target=\"_self\" href=\"https:\/\/car-renting.me\/en\/portfolio-items\/porsche-cayenne\/\"><span class=\"fusion-button-text awb-button__text awb-button__text--default\">Learn more<\/span><\/a><\/div><\/div><\/div><\/div><\/div><div class=\"fusion-fullwidth fullwidth-box fusion-builder-row-13 fusion-flex-container has-pattern-background has-mask-background hundred-percent-fullwidth non-hundred-percent-height-scrolling fusion-no-small-visibility\" style=\"--awb-border-radius-top-left:0px;--awb-border-radius-top-right:0px;--awb-border-radius-bottom-right:0px;--awb-border-radius-bottom-left:0px;--awb-padding-top:50px;--awb-padding-right:100px;--awb-padding-bottom:50px;--awb-padding-left:100px;--awb-margin-top:-20px;--awb-background-color:var(--awb-color3);--awb-flex-wrap:wrap;\" ><div class=\"fusion-builder-row fusion-row fusion-flex-align-items-flex-start fusion-flex-content-wrap\" style=\"width:104% !important;max-width:104% !important;margin-left: calc(-4% \/ 2 );margin-right: calc(-4% \/ 2 );\"><div class=\"fusion-layout-column fusion_builder_column fusion-builder-column-30 fusion_builder_column_1_2 1_2 fusion-flex-column\" style=\"--awb-bg-size:cover;--awb-width-large:50%;--awb-margin-top-large:0px;--awb-spacing-right-large:3.84%;--awb-margin-bottom-large:20px;--awb-spacing-left-large:3.84%;--awb-width-medium:50%;--awb-order-medium:0;--awb-spacing-right-medium:3.84%;--awb-spacing-left-medium:3.84%;--awb-width-small:100%;--awb-order-small:0;--awb-spacing-right-small:1.92%;--awb-spacing-left-small:1.92%;\"><div class=\"fusion-column-wrapper fusion-column-has-shadow fusion-flex-justify-content-flex-start fusion-content-layout-column\"><div class=\"fusion-text fusion-text-43\"><h1>Interested?<\/h1>\n<\/div><div class=\"fusion-text fusion-text-44\"><h3>You want to rent a car? No problem &#8211; just fill out the form or contact us directly by phone.<\/h3>\n<\/div><div class=\"fusion-separator fusion-full-width-sep\" style=\"align-self: center;margin-left: auto;margin-right: auto;margin-bottom:40px;width:100%;\"><\/div><div class=\"fusion-builder-row fusion-builder-row-inner fusion-row fusion-flex-align-items-flex-start fusion-flex-content-wrap\" style=\"width:104% !important;max-width:104% !important;margin-left: calc(-4% \/ 2 );margin-right: calc(-4% \/ 2 );\"><div class=\"fusion-layout-column fusion_builder_column_inner fusion-builder-nested-column-12 fusion_builder_column_inner_1_3 1_3 fusion-flex-column\" style=\"--awb-bg-size:cover;--awb-width-large:33.333333333333%;--awb-margin-top-large:0px;--awb-spacing-right-large:5.76%;--awb-margin-bottom-large:20px;--awb-spacing-left-large:5.76%;--awb-width-medium:33.333333333333%;--awb-order-medium:0;--awb-spacing-right-medium:5.76%;--awb-spacing-left-medium:5.76%;--awb-width-small:100%;--awb-order-small:0;--awb-spacing-right-small:1.92%;--awb-spacing-left-small:1.92%;\"><div class=\"fusion-column-wrapper fusion-column-has-shadow fusion-flex-justify-content-flex-start fusion-content-layout-column\"><i class=\"fb-icon-element-1 fb-icon-element fontawesome-icon fa-phone fas circle-yes\" style=\"--awb-circlecolor:var(--awb-color4);--awb-circlebordercolor:var(--awb-color4);--awb-circlebordersize:1px;--awb-font-size:34.32px;--awb-width:68.64px;--awb-height:68.64px;--awb-line-height:66.64px;--awb-margin-top:0;--awb-margin-right:0;--awb-margin-bottom:0;--awb-margin-left:19.5px;--awb-align-self:flex-end;\"><\/i><\/div><\/div><div class=\"fusion-layout-column fusion_builder_column_inner fusion-builder-nested-column-13 fusion_builder_column_inner_2_3 2_3 fusion-flex-column\" style=\"--awb-bg-size:cover;--awb-width-large:66.666666666667%;--awb-margin-top-large:0px;--awb-spacing-right-large:2.88%;--awb-margin-bottom-large:20px;--awb-spacing-left-large:2.88%;--awb-width-medium:66.666666666667%;--awb-order-medium:0;--awb-spacing-right-medium:2.88%;--awb-spacing-left-medium:2.88%;--awb-width-small:100%;--awb-order-small:0;--awb-spacing-right-small:1.92%;--awb-spacing-left-small:1.92%;\"><div class=\"fusion-column-wrapper fusion-column-has-shadow fusion-flex-justify-content-flex-start fusion-content-layout-column\"><div class=\"fusion-text fusion-text-45\"><h2><a href=\"tel:%20+38269279201\"><span style=\"color: #2cb8db;\"><strong>+382 (0)69 &#8211; 279 201<\/strong><\/span><\/a><\/h2>\n<\/div><\/div><\/div><\/div><\/div><\/div><div class=\"fusion-layout-column fusion_builder_column fusion-builder-column-31 fusion_builder_column_1_2 1_2 fusion-flex-column\" style=\"--awb-bg-size:cover;--awb-width-large:50%;--awb-margin-top-large:0px;--awb-spacing-right-large:3.84%;--awb-margin-bottom-large:20px;--awb-spacing-left-large:3.84%;--awb-width-medium:50%;--awb-order-medium:0;--awb-spacing-right-medium:3.84%;--awb-spacing-left-medium:3.84%;--awb-width-small:100%;--awb-order-small:0;--awb-spacing-right-small:1.92%;--awb-spacing-left-small:1.92%;\"><div class=\"fusion-column-wrapper fusion-column-has-shadow fusion-flex-justify-content-flex-start fusion-content-layout-column\"><div class=\"fusion-form fusion-form-builder fusion-form-form-wrapper fusion-form-2343\" style=\"--awb-tooltip-text-color:#ffffff;--awb-tooltip-background-color:#333333;\" data-form-id=\"2343\" data-config=\"{&quot;form_id&quot;:2343,&quot;form_post_id&quot;:2343,&quot;post_id&quot;:3922,&quot;form_type&quot;:&quot;ajax&quot;,&quot;confirmation_type&quot;:&quot;message&quot;,&quot;redirect_url&quot;:&quot;&quot;,&quot;field_labels&quot;:{&quot;vorname&quot;:&quot;Vorname&quot;,&quot;email&quot;:&quot;Email&quot;,&quot;wunschtermin_von&quot;:&quot;Wunschtermin von...&quot;,&quot;nachname&quot;:&quot;Nachname&quot;,&quot;telefonnummer&quot;:&quot;Telefonnummer&quot;,&quot;wunschtermin_bis&quot;:&quot;Wunschtermin bis...&quot;,&quot;automodell&quot;:&quot;Automodell&quot;,&quot;anmerkungen&quot;:&quot;Anmerkungen&quot;},&quot;field_logics&quot;:{&quot;vorname&quot;:&quot;&quot;,&quot;email&quot;:&quot;&quot;,&quot;wunschtermin_von&quot;:&quot;&quot;,&quot;nachname&quot;:&quot;&quot;,&quot;telefonnummer&quot;:&quot;&quot;,&quot;wunschtermin_bis&quot;:&quot;&quot;,&quot;automodell&quot;:&quot;&quot;,&quot;anmerkungen&quot;:&quot;&quot;,&quot;notice_1&quot;:&quot;&quot;},&quot;field_types&quot;:{&quot;vorname&quot;:&quot;text&quot;,&quot;email&quot;:&quot;email&quot;,&quot;wunschtermin_von&quot;:&quot;date&quot;,&quot;nachname&quot;:&quot;text&quot;,&quot;telefonnummer&quot;:&quot;text&quot;,&quot;wunschtermin_bis&quot;:&quot;date&quot;,&quot;automodell&quot;:&quot;select&quot;,&quot;anmerkungen&quot;:&quot;text&quot;,&quot;notice_1&quot;:&quot;notice&quot;,&quot;submit_1&quot;:&quot;submit&quot;},&quot;nonce_method&quot;:&quot;ajax&quot;}\"><form action=\"https:\/\/car-renting.me\/en\/our-cars\/\" method=\"post\" class=\"fusion-form fusion-form-2343\"><div class=\"fusion-fullwidth fullwidth-box fusion-builder-row-13-1 fusion-flex-container has-pattern-background has-mask-background nonhundred-percent-fullwidth non-hundred-percent-height-scrolling\" style=\"--awb-border-radius-top-left:0px;--awb-border-radius-top-right:0px;--awb-border-radius-bottom-right:0px;--awb-border-radius-bottom-left:0px;--awb-flex-wrap:wrap;\" ><div class=\"fusion-builder-row fusion-row fusion-flex-align-items-flex-start fusion-flex-content-wrap\" style=\"width:104% !important;max-width:104% !important;margin-left: calc(-4% \/ 2 );margin-right: calc(-4% \/ 2 );\"><div class=\"fusion-layout-column fusion_builder_column fusion-builder-column-32 fusion_builder_column_1_2 1_2 fusion-flex-column\" style=\"--awb-bg-size:cover;--awb-width-large:50%;--awb-margin-top-large:0px;--awb-spacing-right-large:3.84%;--awb-margin-bottom-large:20px;--awb-spacing-left-large:3.84%;--awb-width-medium:50%;--awb-order-medium:0;--awb-spacing-right-medium:3.84%;--awb-spacing-left-medium:3.84%;--awb-width-small:100%;--awb-order-small:0;--awb-spacing-right-small:1.92%;--awb-spacing-left-small:1.92%;\"><div class=\"fusion-column-wrapper fusion-column-has-shadow fusion-flex-justify-content-flex-start fusion-content-layout-column\"><div class=\"fusion-form-field fusion-form-text-field fusion-form-label-above\" style=\"\" data-form-id=\"2343\"><div class=\"fusion-form-label-wrapper\"><label for=\"vorname\">Vorname <abbr class=\"fusion-form-element-required\" title=\"required\">*<\/abbr><\/label><\/div><input type=\"text\" autocomplete=\"off\" name=\"vorname\" id=\"vorname\" value=\"\"  class=\"fusion-form-input\" required=\"true\" aria-required=\"true\" data-holds-private-data=\"false\" minlength=\"0\"\/><\/div><div class=\"fusion-form-field fusion-form-email-field fusion-form-label-above\" style=\"\" data-form-id=\"2343\"><div class=\"fusion-form-label-wrapper\"><label for=\"email\">Email<\/label><\/div><input type=\"email\" autocomplete=\"off\" name=\"email\" id=\"email\" value=\"\"  class=\"fusion-form-input\" data-holds-private-data=\"false\"\/><\/div><div class=\"fusion-form-field fusion-form-date-field fusion-form-label-above\" style=\"\" data-form-id=\"2343\"><label for=\"wunschtermin_von\">Wunschtermin von... <abbr class=\"fusion-form-element-required\" title=\"required\">*<\/abbr><\/label><input autocomplete=\"off\" type=\"date\" data-first-day=\"1\"  data-format=\"\" tabindex=\"\" id=\"wunschtermin_von\" name=\"wunschtermin_von\" data-type=\"custom\" value=\"\" data-holds-private-data=\"false\" class=\"fusion-form-input\" required=\"true\" aria-required=\"true\"autocomplete=\"no\"\/><\/div><\/div><\/div><div class=\"fusion-layout-column fusion_builder_column fusion-builder-column-33 fusion_builder_column_1_2 1_2 fusion-flex-column\" style=\"--awb-bg-size:cover;--awb-width-large:50%;--awb-margin-top-large:0px;--awb-spacing-right-large:3.84%;--awb-margin-bottom-large:20px;--awb-spacing-left-large:3.84%;--awb-width-medium:50%;--awb-order-medium:0;--awb-spacing-right-medium:3.84%;--awb-spacing-left-medium:3.84%;--awb-width-small:100%;--awb-order-small:0;--awb-spacing-right-small:1.92%;--awb-spacing-left-small:1.92%;\"><div class=\"fusion-column-wrapper fusion-column-has-shadow fusion-flex-justify-content-flex-start fusion-content-layout-column\"><div class=\"fusion-form-field fusion-form-text-field fusion-form-label-above\" style=\"\" data-form-id=\"2343\"><div class=\"fusion-form-label-wrapper\"><label for=\"nachname\">Nachname <abbr class=\"fusion-form-element-required\" title=\"required\">*<\/abbr><\/label><\/div><input type=\"text\" autocomplete=\"off\" name=\"nachname\" id=\"nachname\" value=\"\"  class=\"fusion-form-input\" required=\"true\" aria-required=\"true\" data-holds-private-data=\"false\" minlength=\"0\"\/><\/div><div class=\"fusion-form-field fusion-form-text-field fusion-form-label-above\" style=\"\" data-form-id=\"2343\"><div class=\"fusion-form-label-wrapper\"><label for=\"telefonnummer\">Telefonnummer <abbr class=\"fusion-form-element-required\" title=\"required\">*<\/abbr><\/label><\/div><input type=\"text\" autocomplete=\"off\" name=\"telefonnummer\" id=\"telefonnummer\" value=\"\"  class=\"fusion-form-input\" required=\"true\" aria-required=\"true\" data-holds-private-data=\"false\" minlength=\"0\"\/><\/div><div class=\"fusion-form-field fusion-form-date-field fusion-form-label-above\" style=\"\" data-form-id=\"2343\"><label for=\"wunschtermin_bis\">Wunschtermin bis... <abbr class=\"fusion-form-element-required\" title=\"required\">*<\/abbr><\/label><input autocomplete=\"off\" type=\"date\" data-first-day=\"1\"  data-format=\"\" tabindex=\"\" id=\"wunschtermin_bis\" name=\"wunschtermin_bis\" data-type=\"custom\" value=\"\" data-holds-private-data=\"false\" class=\"fusion-form-input\" required=\"true\" aria-required=\"true\"autocomplete=\"no\"\/><\/div><\/div><\/div><div class=\"fusion-layout-column fusion_builder_column fusion-builder-column-34 fusion_builder_column_1_1 1_1 fusion-flex-column\" style=\"--awb-bg-size:cover;--awb-width-large:100%;--awb-margin-top-large:0px;--awb-spacing-right-large:1.92%;--awb-margin-bottom-large:20px;--awb-spacing-left-large:1.92%;--awb-width-medium:100%;--awb-order-medium:0;--awb-spacing-right-medium:1.92%;--awb-spacing-left-medium:1.92%;--awb-width-small:100%;--awb-order-small:0;--awb-spacing-right-small:1.92%;--awb-spacing-left-small:1.92%;\"><div class=\"fusion-column-wrapper fusion-column-has-shadow fusion-flex-justify-content-flex-start fusion-content-layout-column\"><div class=\"fusion-form-field fusion-form-select-field fusion-form-label-above\" style=\"\" data-form-id=\"2343\"><label for=\"automodell\">Automodell<\/label><div class=\"fusion-select-wrapper\"><select autocomplete=\"off\" tabindex=\"\" id=\"automodell\" name=\"automodell\" class=\"fusion-form-input\" data-holds-private-data=\"false\"><option value=\"\" disabled selected>Bitte w\u00e4hlen Sie ein Modell...<\/option><option value=\"BMW X5 schwarz\" >BMW X5 schwarz<\/option><option value=\"Opel Antara wei\u00df\" >Opel Antara wei\u00df<\/option><option value=\"VW Beetle gr\u00fcn\" >VW Beetle gr\u00fcn<\/option><option value=\"Porsche Cayenne grau\" >Porsche Cayenne grau<\/option><option value=\"Mini Cooper rot\" >Mini Cooper rot<\/option><option value=\"VW Caddy maxi braun\" >VW Caddy maxi braun<\/option><\/select><div class=\"select-arrow\"><svg width=\"12\" height=\"8\" viewBox=\"0 0 12 8\" fill=\"none\" xmlns=\"http:\/\/www.w3.org\/2000\/svg\"> <path d=\"M1.5 1.75L6 6.25L10.5 1.75\" stroke=\"#6D6D6D\" stroke-width=\"2\" stroke-linecap=\"round\" stroke-linejoin=\"round\"\/> <\/svg><\/div><\/div><\/div><div class=\"fusion-form-field fusion-form-text-field fusion-form-label-above\" style=\"\" data-form-id=\"2343\"><div class=\"fusion-form-label-wrapper\"><label for=\"anmerkungen\">Anmerkungen<\/label><\/div><input type=\"text\" autocomplete=\"off\" name=\"anmerkungen\" id=\"anmerkungen\" value=\"\"  class=\"fusion-form-input\" data-holds-private-data=\"false\" minlength=\"0\"\/><\/div><div class=\"form-submission-notices data-notice_1\" id=\"fusion-notices-1\"><div class=\"fusion-alert alert success alert-success fusion-alert-center fusion-form-response fusion-form-response-success awb-alert-native-link-color alert-dismissable awb-alert-close-boxed\" role=\"alert\"><div class=\"fusion-alert-content-wrapper\"><span class=\"alert-icon\"><i class=\"awb-icon-check-circle\" aria-hidden=\"true\"><\/i><\/span><span class=\"fusion-alert-content\">Danke f\u00fcr Ihre Nachricht! Wir haben sie erhalten und melden uns schnellst m\u00f6glich zur\u00fcck!<\/span><\/div><button type=\"button\" class=\"close toggle-alert\" data-dismiss=\"alert\" aria-label=\"Close\">&times;<\/button><\/div><div class=\"fusion-alert alert error alert-danger fusion-alert-center fusion-form-response fusion-form-response-error awb-alert-native-link-color alert-dismissable awb-alert-close-boxed\" role=\"alert\"><div class=\"fusion-alert-content-wrapper\"><span class=\"alert-icon\"><i class=\"awb-icon-exclamation-triangle\" aria-hidden=\"true\"><\/i><\/span><span class=\"fusion-alert-content\">Es ist ein Fehler passiert beim Senden der Nachricht. Bitte probieren Sie es erneut.<\/span><\/div><button type=\"button\" class=\"close toggle-alert\" data-dismiss=\"alert\" aria-label=\"Close\">&times;<\/button><\/div><\/div><div class=\"fusion-form-field fusion-form-submit-field fusion-form-label-above\" style=\"\" data-form-id=\"2343\"><div ><button type=\"submit\" class=\"fusion-button button-flat button-xlarge button-blue fusion-button-blue button-13 fusion-button-span-yes  form-form-submit button-default\" data-form-number=\"2343\" tabindex=\"\"><span class=\"fusion-button-text awb-button__text awb-button__text--default\">Senden<\/span><\/button><\/div><\/div><\/div><\/div><\/div><\/div><input type=\"hidden\" name=\"fusion_privacy_store_ip_ua\" value=\"false\"><input type=\"hidden\" name=\"fusion_privacy_expiration_interval\" value=\"48\"><input type=\"hidden\" name=\"privacy_expiration_action\" value=\"anonymize\"><\/form><\/div><\/div><\/div><\/div><\/div><div class=\"fusion-fullwidth fullwidth-box fusion-builder-row-14 fusion-flex-container has-pattern-background has-mask-background hundred-percent-fullwidth non-hundred-percent-height-scrolling fusion-no-medium-visibility fusion-no-large-visibility\" style=\"--awb-border-radius-top-left:0px;--awb-border-radius-top-right:0px;--awb-border-radius-bottom-right:0px;--awb-border-radius-bottom-left:0px;--awb-padding-top:50px;--awb-padding-bottom:50px;--awb-margin-top:-20px;--awb-background-color:var(--awb-color3);--awb-flex-wrap:wrap;\" ><div class=\"fusion-builder-row fusion-row fusion-flex-align-items-flex-start fusion-flex-content-wrap\" style=\"width:104% !important;max-width:104% !important;margin-left: calc(-4% \/ 2 );margin-right: calc(-4% \/ 2 );\"><div class=\"fusion-layout-column fusion_builder_column fusion-builder-column-35 fusion_builder_column_1_2 1_2 fusion-flex-column\" style=\"--awb-bg-size:cover;--awb-width-large:50%;--awb-margin-top-large:0px;--awb-spacing-right-large:3.84%;--awb-margin-bottom-large:20px;--awb-spacing-left-large:3.84%;--awb-width-medium:50%;--awb-order-medium:0;--awb-spacing-right-medium:3.84%;--awb-spacing-left-medium:3.84%;--awb-width-small:100%;--awb-order-small:0;--awb-spacing-right-small:1.92%;--awb-spacing-left-small:1.92%;\"><div class=\"fusion-column-wrapper fusion-column-has-shadow fusion-flex-justify-content-flex-start fusion-content-layout-column\"><div class=\"fusion-text fusion-text-46\"><h1 style=\"text-align: center;\">Interested?<\/h1>\n<\/div><div class=\"fusion-text fusion-text-47\"><h3 style=\"text-align: center;\">You want to rent a car? No problem &#8211; just fill out the form or contact us directly by phone.<\/h3>\n<\/div><div class=\"fusion-separator fusion-full-width-sep\" style=\"align-self: center;margin-left: auto;margin-right: auto;margin-bottom:40px;width:100%;\"><\/div><i class=\"fb-icon-element-2 fb-icon-element fontawesome-icon fa-phone fas circle-yes\" style=\"--awb-circlecolor:var(--awb-color4);--awb-circlebordercolor:var(--awb-color4);--awb-circlebordersize:1px;--awb-font-size:28.16px;--awb-width:56.32px;--awb-height:56.32px;--awb-line-height:54.32px;--awb-margin-top:0;--awb-margin-right:0;--awb-margin-bottom:0;--awb-margin-left:0;--awb-align-self:center;\"><\/i><div class=\"fusion-text fusion-text-48\"><h3 style=\"text-align: center;\"><a href=\"tel:%20+38269279201\"><span style=\"color: #2cb8db;\"><strong>+382 (0)69 &#8211; 279 201<\/strong><\/span><\/a><\/h3>\n<\/div><\/div><\/div><div class=\"fusion-layout-column fusion_builder_column fusion-builder-column-36 fusion_builder_column_1_2 1_2 fusion-flex-column\" style=\"--awb-bg-size:cover;--awb-width-large:50%;--awb-margin-top-large:0px;--awb-spacing-right-large:3.84%;--awb-margin-bottom-large:20px;--awb-spacing-left-large:3.84%;--awb-width-medium:50%;--awb-order-medium:0;--awb-spacing-right-medium:3.84%;--awb-spacing-left-medium:3.84%;--awb-width-small:100%;--awb-order-small:0;--awb-spacing-right-small:1.92%;--awb-spacing-left-small:1.92%;\"><div class=\"fusion-column-wrapper fusion-column-has-shadow fusion-flex-justify-content-flex-start fusion-content-layout-column\"><div class=\"fusion-form fusion-form-builder fusion-form-form-wrapper fusion-form-3940\" style=\"--awb-tooltip-text-color:#ffffff;--awb-tooltip-background-color:#333333;\" data-form-id=\"3940\" data-config=\"{&quot;form_id&quot;:3940,&quot;form_post_id&quot;:3940,&quot;post_id&quot;:3922,&quot;form_type&quot;:&quot;ajax&quot;,&quot;confirmation_type&quot;:&quot;message&quot;,&quot;redirect_url&quot;:&quot;&quot;,&quot;field_labels&quot;:{&quot;first_name&quot;:&quot;First name&quot;,&quot;last_name&quot;:&quot;Last name&quot;,&quot;email&quot;:&quot;Email&quot;,&quot;telephone_number&quot;:&quot;Telephone number&quot;,&quot;desired_date_from&quot;:&quot;Desired date from...&quot;,&quot;desired_date_until&quot;:&quot;Desired date until...&quot;,&quot;car_model&quot;:&quot;Car model&quot;,&quot;notes&quot;:&quot;Notes&quot;},&quot;field_logics&quot;:{&quot;first_name&quot;:&quot;&quot;,&quot;last_name&quot;:&quot;&quot;,&quot;email&quot;:&quot;&quot;,&quot;telephone_number&quot;:&quot;&quot;,&quot;desired_date_from&quot;:&quot;&quot;,&quot;desired_date_until&quot;:&quot;&quot;,&quot;car_model&quot;:&quot;&quot;,&quot;notes&quot;:&quot;&quot;,&quot;notice_2&quot;:&quot;&quot;},&quot;field_types&quot;:{&quot;first_name&quot;:&quot;text&quot;,&quot;last_name&quot;:&quot;text&quot;,&quot;email&quot;:&quot;email&quot;,&quot;telephone_number&quot;:&quot;text&quot;,&quot;desired_date_from&quot;:&quot;date&quot;,&quot;desired_date_until&quot;:&quot;date&quot;,&quot;car_model&quot;:&quot;select&quot;,&quot;notes&quot;:&quot;text&quot;,&quot;notice_2&quot;:&quot;notice&quot;,&quot;submit_2&quot;:&quot;submit&quot;},&quot;nonce_method&quot;:&quot;ajax&quot;}\"><form action=\"https:\/\/car-renting.me\/en\/our-cars\/\" method=\"post\" class=\"fusion-form fusion-form-3940\"><div class=\"fusion-fullwidth fullwidth-box fusion-builder-row-14-1 fusion-flex-container has-pattern-background has-mask-background nonhundred-percent-fullwidth non-hundred-percent-height-scrolling\" style=\"--awb-border-radius-top-left:0px;--awb-border-radius-top-right:0px;--awb-border-radius-bottom-right:0px;--awb-border-radius-bottom-left:0px;--awb-flex-wrap:wrap;\" ><div class=\"fusion-builder-row fusion-row fusion-flex-align-items-flex-start fusion-flex-content-wrap\" style=\"width:104% !important;max-width:104% !important;margin-left: calc(-4% \/ 2 );margin-right: calc(-4% \/ 2 );\"><div class=\"fusion-layout-column fusion_builder_column fusion-builder-column-37 fusion_builder_column_1_1 1_1 fusion-flex-column\" style=\"--awb-bg-size:cover;--awb-width-large:100%;--awb-margin-top-large:0px;--awb-spacing-right-large:1.92%;--awb-margin-bottom-large:20px;--awb-spacing-left-large:1.92%;--awb-width-medium:100%;--awb-order-medium:0;--awb-spacing-right-medium:1.92%;--awb-spacing-left-medium:1.92%;--awb-width-small:100%;--awb-order-small:0;--awb-spacing-right-small:1.92%;--awb-spacing-left-small:1.92%;\"><div class=\"fusion-column-wrapper fusion-column-has-shadow fusion-flex-justify-content-flex-start fusion-content-layout-column\"><div class=\"fusion-form-field fusion-form-text-field fusion-form-label-above\" style=\"\" data-form-id=\"3940\"><div class=\"fusion-form-label-wrapper\"><label for=\"first_name\">First name <abbr class=\"fusion-form-element-required\" title=\"required\">*<\/abbr><\/label><\/div><input type=\"text\" autocomplete=\"off\" name=\"first_name\" id=\"first_name\" value=\"\"  class=\"fusion-form-input\" required=\"true\" aria-required=\"true\" data-holds-private-data=\"false\" minlength=\"0\"\/><\/div><div class=\"fusion-form-field fusion-form-text-field fusion-form-label-above\" style=\"\" data-form-id=\"3940\"><div class=\"fusion-form-label-wrapper\"><label for=\"last_name\">Last name <abbr class=\"fusion-form-element-required\" title=\"required\">*<\/abbr><\/label><\/div><input type=\"text\" autocomplete=\"off\" name=\"last_name\" id=\"last_name\" value=\"\"  class=\"fusion-form-input\" required=\"true\" aria-required=\"true\" data-holds-private-data=\"false\" minlength=\"0\"\/><\/div><div class=\"fusion-form-field fusion-form-email-field fusion-form-label-above\" style=\"\" data-form-id=\"3940\"><div class=\"fusion-form-label-wrapper\"><label for=\"email\">Email<\/label><\/div><input type=\"email\" autocomplete=\"off\" name=\"email\" id=\"email\" value=\"\"  class=\"fusion-form-input\" data-holds-private-data=\"false\"\/><\/div><div class=\"fusion-form-field fusion-form-text-field fusion-form-label-above\" style=\"\" data-form-id=\"3940\"><div class=\"fusion-form-label-wrapper\"><label for=\"telephone_number\">Telephone number <abbr class=\"fusion-form-element-required\" title=\"required\">*<\/abbr><\/label><\/div><input type=\"text\" autocomplete=\"off\" name=\"telephone_number\" id=\"telephone_number\" value=\"\"  class=\"fusion-form-input\" required=\"true\" aria-required=\"true\" data-holds-private-data=\"false\" minlength=\"0\"\/><\/div><div class=\"fusion-form-field fusion-form-date-field fusion-form-label-above\" style=\"\" data-form-id=\"3940\"><label for=\"desired_date_from\">Desired date from...<\/label><input autocomplete=\"off\" type=\"date\" data-first-day=\"1\"  data-format=\"\" tabindex=\"\" id=\"desired_date_from\" name=\"desired_date_from\" data-type=\"custom\" value=\"\" data-holds-private-data=\"false\" class=\"fusion-form-input\"autocomplete=\"no\"\/><\/div><div class=\"fusion-form-field fusion-form-date-field fusion-form-label-above\" style=\"\" data-form-id=\"3940\"><label for=\"desired_date_until\">Desired date until... <abbr class=\"fusion-form-element-required\" title=\"required\">*<\/abbr><\/label><input autocomplete=\"off\" type=\"date\" data-first-day=\"1\"  data-format=\"\" tabindex=\"\" id=\"desired_date_until\" name=\"desired_date_until\" data-type=\"custom\" value=\"\" data-holds-private-data=\"false\" class=\"fusion-form-input\" required=\"true\" aria-required=\"true\"autocomplete=\"no\"\/><\/div><\/div><\/div><\/div><\/div><div class=\"fusion-fullwidth fullwidth-box fusion-builder-row-14-2 fusion-flex-container has-pattern-background has-mask-background nonhundred-percent-fullwidth non-hundred-percent-height-scrolling\" style=\"--awb-border-radius-top-left:0px;--awb-border-radius-top-right:0px;--awb-border-radius-bottom-right:0px;--awb-border-radius-bottom-left:0px;--awb-flex-wrap:wrap;\" ><div class=\"fusion-builder-row fusion-row fusion-flex-align-items-flex-start fusion-flex-content-wrap\" style=\"width:104% !important;max-width:104% !important;margin-left: calc(-4% \/ 2 );margin-right: calc(-4% \/ 2 );\"><div class=\"fusion-layout-column fusion_builder_column fusion-builder-column-38 fusion_builder_column_1_1 1_1 fusion-flex-column\" style=\"--awb-bg-size:cover;--awb-width-large:100%;--awb-margin-top-large:0px;--awb-spacing-right-large:1.92%;--awb-margin-bottom-large:20px;--awb-spacing-left-large:1.92%;--awb-width-medium:100%;--awb-order-medium:0;--awb-spacing-right-medium:1.92%;--awb-spacing-left-medium:1.92%;--awb-width-small:100%;--awb-order-small:0;--awb-spacing-right-small:1.92%;--awb-spacing-left-small:1.92%;\"><div class=\"fusion-column-wrapper fusion-column-has-shadow fusion-flex-justify-content-flex-start fusion-content-layout-column\"><div class=\"fusion-form-field fusion-form-select-field fusion-form-label-above\" style=\"\" data-form-id=\"3940\"><label for=\"car_model\">Car model <abbr class=\"fusion-form-element-required\" title=\"required\">*<\/abbr><\/label><div class=\"fusion-select-wrapper\"><select autocomplete=\"off\" tabindex=\"\" id=\"car_model\" name=\"car_model\" class=\"fusion-form-input\" required=\"true\" aria-required=\"true\" data-holds-private-data=\"false\"><option value=\"\" disabled selected>Please select a car model...<\/option><option value=\"Fiat 500C\" >Fiat 500C<\/option><option value=\"Mini Cooper\" >Mini Cooper<\/option><option value=\"VW Beetle\" >VW Beetle<\/option><option value=\"Opel Antara\" >Opel Antara<\/option><option value=\"BMW X5\" >BMW X5<\/option><option value=\"Porsche Cayenne\" >Porsche Cayenne<\/option><\/select><div class=\"select-arrow\"><svg width=\"12\" height=\"8\" viewBox=\"0 0 12 8\" fill=\"none\" xmlns=\"http:\/\/www.w3.org\/2000\/svg\"> <path d=\"M1.5 1.75L6 6.25L10.5 1.75\" stroke=\"#6D6D6D\" stroke-width=\"2\" stroke-linecap=\"round\" stroke-linejoin=\"round\"\/> <\/svg><\/div><\/div><\/div><div class=\"fusion-form-field fusion-form-text-field fusion-form-label-above\" style=\"\" data-form-id=\"3940\"><div class=\"fusion-form-label-wrapper\"><label for=\"notes\">Notes<\/label><\/div><input type=\"text\" autocomplete=\"off\" name=\"notes\" id=\"notes\" value=\"\"  class=\"fusion-form-input\" data-holds-private-data=\"false\" minlength=\"0\"\/><\/div><div class=\"form-submission-notices data-notice_2\" id=\"fusion-notices-2\"><div class=\"fusion-alert alert success alert-success fusion-alert-center fusion-form-response fusion-form-response-success awb-alert-native-link-color alert-dismissable awb-alert-close-boxed\" role=\"alert\"><div class=\"fusion-alert-content-wrapper\"><span class=\"alert-icon\"><i class=\"awb-icon-check-circle\" aria-hidden=\"true\"><\/i><\/span><span class=\"fusion-alert-content\">Thank you for your message. It has been sent.<\/span><\/div><button type=\"button\" class=\"close toggle-alert\" data-dismiss=\"alert\" aria-label=\"Close\">&times;<\/button><\/div><div class=\"fusion-alert alert error alert-danger fusion-alert-center fusion-form-response fusion-form-response-error awb-alert-native-link-color alert-dismissable awb-alert-close-boxed\" role=\"alert\"><div class=\"fusion-alert-content-wrapper\"><span class=\"alert-icon\"><i class=\"awb-icon-exclamation-triangle\" aria-hidden=\"true\"><\/i><\/span><span class=\"fusion-alert-content\">There was an error trying to send your message. Please try again later.<\/span><\/div><button type=\"button\" class=\"close toggle-alert\" data-dismiss=\"alert\" aria-label=\"Close\">&times;<\/button><\/div><\/div><div class=\"fusion-form-field fusion-form-submit-field fusion-form-label-above\" style=\"\" data-form-id=\"3940\"><div ><button type=\"submit\" class=\"fusion-button button-flat button-xlarge button-blue fusion-button-blue button-14 fusion-button-span-yes  form-form-submit button-default\" data-form-number=\"3940\" tabindex=\"\"><span class=\"fusion-button-text awb-button__text awb-button__text--default\">Submit<\/span><\/button><\/div><\/div><\/div><\/div><\/div><\/div><input type=\"hidden\" name=\"fusion_privacy_store_ip_ua\" value=\"false\"><input type=\"hidden\" name=\"fusion_privacy_expiration_interval\" value=\"48\"><input type=\"hidden\" name=\"privacy_expiration_action\" value=\"anonymize\"><\/form><\/div><\/div><\/div><\/div><\/div><\/p>\n","protected":false},"excerpt":{"rendered":"","protected":false},"author":2,"featured_media":0,"parent":0,"menu_order":0,"comment_status":"closed","ping_status":"closed","template":"100-width.php","meta":{"footnotes":""},"class_list":["post-3922","page","type-page","status-publish","hentry"],"yoast_head":"<!-- This site is optimized with the Yoast SEO plugin v25.4 - https:\/\/yoast.com\/wordpress\/plugins\/seo\/ -->\n<title>Our cars - Car Renting Montenegro<\/title>\n<meta name=\"robots\" content=\"index, follow, max-snippet:-1, max-image-preview:large, max-video-preview:-1\" \/>\n<link rel=\"canonical\" href=\"https:\/\/car-renting.me\/en\/our-cars\/\" \/>\n<meta property=\"og:locale\" content=\"en_US\" \/>\n<meta property=\"og:type\" content=\"article\" \/>\n<meta property=\"og:title\" content=\"Our cars - Car Renting Montenegro\" \/>\n<meta property=\"og:url\" content=\"https:\/\/car-renting.me\/en\/our-cars\/\" \/>\n<meta property=\"og:site_name\" content=\"Car Renting Montenegro\" \/>\n<meta property=\"article:modified_time\" content=\"2022-11-03T22:47:35+00:00\" \/>\n<meta name=\"twitter:card\" content=\"summary_large_image\" \/>\n<meta name=\"twitter:label1\" content=\"Est. reading time\" \/>\n\t<meta name=\"twitter:data1\" content=\"79 minutes\" \/>\n<script type=\"application\/ld+json\" class=\"yoast-schema-graph\">{\"@context\":\"https:\/\/schema.org\",\"@graph\":[{\"@type\":\"WebPage\",\"@id\":\"https:\/\/car-renting.me\/en\/our-cars\/\",\"url\":\"https:\/\/car-renting.me\/en\/our-cars\/\",\"name\":\"Our cars - Car Renting Montenegro\",\"isPartOf\":{\"@id\":\"https:\/\/car-renting.me\/en\/#website\"},\"datePublished\":\"2022-10-24T14:20:10+00:00\",\"dateModified\":\"2022-11-03T22:47:35+00:00\",\"breadcrumb\":{\"@id\":\"https:\/\/car-renting.me\/en\/our-cars\/#breadcrumb\"},\"inLanguage\":\"en-US\",\"potentialAction\":[{\"@type\":\"ReadAction\",\"target\":[\"https:\/\/car-renting.me\/en\/our-cars\/\"]}]},{\"@type\":\"BreadcrumbList\",\"@id\":\"https:\/\/car-renting.me\/en\/our-cars\/#breadcrumb\",\"itemListElement\":[{\"@type\":\"ListItem\",\"position\":1,\"name\":\"Startseite\",\"item\":\"https:\/\/car-renting.me\/en\/\"},{\"@type\":\"ListItem\",\"position\":2,\"name\":\"Our cars\"}]},{\"@type\":\"WebSite\",\"@id\":\"https:\/\/car-renting.me\/en\/#website\",\"url\":\"https:\/\/car-renting.me\/en\/\",\"name\":\"Car Renting Montenegro\",\"description\":\"Rent a car Montenegro\",\"potentialAction\":[{\"@type\":\"SearchAction\",\"target\":{\"@type\":\"EntryPoint\",\"urlTemplate\":\"https:\/\/car-renting.me\/en\/?s={search_term_string}\"},\"query-input\":{\"@type\":\"PropertyValueSpecification\",\"valueRequired\":true,\"valueName\":\"search_term_string\"}}],\"inLanguage\":\"en-US\"}]}<\/script>\n<!-- \/ Yoast SEO plugin. -->","yoast_head_json":{"title":"Our cars - Car Renting Montenegro","robots":{"index":"index","follow":"follow","max-snippet":"max-snippet:-1","max-image-preview":"max-image-preview:large","max-video-preview":"max-video-preview:-1"},"canonical":"https:\/\/car-renting.me\/en\/our-cars\/","og_locale":"en_US","og_type":"article","og_title":"Our cars - Car Renting Montenegro","og_url":"https:\/\/car-renting.me\/en\/our-cars\/","og_site_name":"Car Renting Montenegro","article_modified_time":"2022-11-03T22:47:35+00:00","twitter_card":"summary_large_image","twitter_misc":{"Est. reading time":"79 minutes"},"schema":{"@context":"https:\/\/schema.org","@graph":[{"@type":"WebPage","@id":"https:\/\/car-renting.me\/en\/our-cars\/","url":"https:\/\/car-renting.me\/en\/our-cars\/","name":"Our cars - Car Renting Montenegro","isPartOf":{"@id":"https:\/\/car-renting.me\/en\/#website"},"datePublished":"2022-10-24T14:20:10+00:00","dateModified":"2022-11-03T22:47:35+00:00","breadcrumb":{"@id":"https:\/\/car-renting.me\/en\/our-cars\/#breadcrumb"},"inLanguage":"en-US","potentialAction":[{"@type":"ReadAction","target":["https:\/\/car-renting.me\/en\/our-cars\/"]}]},{"@type":"BreadcrumbList","@id":"https:\/\/car-renting.me\/en\/our-cars\/#breadcrumb","itemListElement":[{"@type":"ListItem","position":1,"name":"Startseite","item":"https:\/\/car-renting.me\/en\/"},{"@type":"ListItem","position":2,"name":"Our cars"}]},{"@type":"WebSite","@id":"https:\/\/car-renting.me\/en\/#website","url":"https:\/\/car-renting.me\/en\/","name":"Car Renting Montenegro","description":"Rent a car Montenegro","potentialAction":[{"@type":"SearchAction","target":{"@type":"EntryPoint","urlTemplate":"https:\/\/car-renting.me\/en\/?s={search_term_string}"},"query-input":{"@type":"PropertyValueSpecification","valueRequired":true,"valueName":"search_term_string"}}],"inLanguage":"en-US"}]}},"jetpack_sharing_enabled":true,"_links":{"self":[{"href":"https:\/\/car-renting.me\/en\/wp-json\/wp\/v2\/pages\/3922","targetHints":{"allow":["GET"]}}],"collection":[{"href":"https:\/\/car-renting.me\/en\/wp-json\/wp\/v2\/pages"}],"about":[{"href":"https:\/\/car-renting.me\/en\/wp-json\/wp\/v2\/types\/page"}],"author":[{"embeddable":true,"href":"https:\/\/car-renting.me\/en\/wp-json\/wp\/v2\/users\/2"}],"replies":[{"embeddable":true,"href":"https:\/\/car-renting.me\/en\/wp-json\/wp\/v2\/comments?post=3922"}],"version-history":[{"count":4,"href":"https:\/\/car-renting.me\/en\/wp-json\/wp\/v2\/pages\/3922\/revisions"}],"predecessor-version":[{"id":3960,"href":"https:\/\/car-renting.me\/en\/wp-json\/wp\/v2\/pages\/3922\/revisions\/3960"}],"wp:attachment":[{"href":"https:\/\/car-renting.me\/en\/wp-json\/wp\/v2\/media?parent=3922"}],"curies":[{"name":"wp","href":"https:\/\/api.w.org\/{rel}","templated":true}]}}